{"id":3203,"date":"2020-09-28T16:44:18","date_gmt":"2020-09-28T14:44:18","guid":{"rendered":"https:\/\/mregio.de\/politica-de-privacidade\/"},"modified":"2024-11-14T11:17:05","modified_gmt":"2024-11-14T10:17:05","slug":"politica-de-privacidade","status":"publish","type":"page","link":"https:\/\/mregio.de\/pt-br\/legal\/politica-de-privacidade\/","title":{"rendered":"Pol\u00edtica de privacidade"},"content":{"rendered":"\n<h2 class=\"wp-block-heading\">1. Resumo da prote\u00e7\u00e3o de dados<\/h2>\n\n<h3 class=\"wp-block-heading\">Informa\u00e7\u00f5es gerais<\/h3>\n\n<p>As informa\u00e7\u00f5es a seguir fornecem uma vis\u00e3o geral simples do que acontece com seus dados pessoais quando voc\u00ea visita este site. Dados pessoais s\u00e3o quaisquer dados que possam ser usados para identific\u00e1-lo pessoalmente. Informa\u00e7\u00f5es detalhadas sobre o assunto de prote\u00e7\u00e3o de dados podem ser encontradas em nossa pol\u00edtica de privacidade listada abaixo deste texto.<\/p>\n\n<h3 class=\"wp-block-heading\">Quem \u00e9 respons\u00e1vel pela coleta de dados neste site?<\/h3>\n\n<p>O processamento de dados neste site \u00e9 realizado pelo operador do site. Seus detalhes de contato podem ser encontrados na se\u00e7\u00e3o &#8220;Nota sobre o \u00f3rg\u00e3o respons\u00e1vel&#8221; nesta pol\u00edtica de privacidade.<\/p>\n\n<h3 class=\"wp-block-heading\">Como recolhemos os seus dados?<\/h3>\n\n<p>Por um lado, os seus dados s\u00e3o recolhidos quando nos fornece. Podem ser, por exemplo, dados inseridos em um formul\u00e1rio de contato.<br\/>Outros dados s\u00e3o coletados automaticamente ou com o seu consentimento quando voc\u00ea visita o site por nossos sistemas de TI. Trata-se principalmente de dados t\u00e9cnicos (por exemplo, navegador de internet, sistema operacional ou tempo de acesso \u00e0 p\u00e1gina). Esses dados s\u00e3o coletados automaticamente assim que voc\u00ea entra neste site.<\/p>\n\n<h3 class=\"wp-block-heading\">Para que usamos seus dados?<\/h3>\n\n<p>Usamos as informa\u00e7\u00f5es pessoais que coletamos para atender \u00e0s suas solicita\u00e7\u00f5es de servi\u00e7os, melhorar nossos servi\u00e7os e entrar em contato com voc\u00ea.<\/p>\n\n<p>Ao nos fornecer seu endere\u00e7o de e-mail, voc\u00ea concorda que podemos usar o endere\u00e7o de e-mail para fornecer comunica\u00e7\u00f5es relacionadas \u00e0 nossa Plataforma e Servi\u00e7os, incluindo quaisquer avisos exigidos por lei, em vez de avisos por correio. Voc\u00ea tamb\u00e9m concorda que podemos enviar notifica\u00e7\u00f5es sobre a atividade em nossa Plataforma para o endere\u00e7o de e-mail que voc\u00ea forneceu, de acordo com todas as configura\u00e7\u00f5es de privacidade aplic\u00e1veis. Podemos usar seu endere\u00e7o de e-mail para enviar outras mensagens, como boletins informativos, altera\u00e7\u00f5es em nossos recursos ou outras informa\u00e7\u00f5es. Se voc\u00ea n\u00e3o quiser receber mensagens de email opcionais, poder\u00e1 alterar suas prefer\u00eancias para n\u00e3o receb\u00ea-las.<\/p>\n\n<p>Nossas configura\u00e7\u00f5es tamb\u00e9m podem permitir que voc\u00ea ajuste suas prefer\u00eancias de comunica\u00e7\u00e3o. Se voc\u00ea n\u00e3o deseja receber e-mails promocionais de n\u00f3s, voc\u00ea pode cancelar a inscri\u00e7\u00e3o seguindo as instru\u00e7\u00f5es nesses e-mails para cancelar a assinatura. Se optar por n\u00e3o participar, continuar\u00e1 a receber e-mails n\u00e3o promocionais da nossa parte sobre a sua conta e os nossos Servi\u00e7os.<\/p>\n\n<p>Ap\u00f3s a rescis\u00e3o ou desativa\u00e7\u00e3o de seus Servi\u00e7os, podemos reter (mas n\u00e3o somos obrigados a) reter suas informa\u00e7\u00f5es para fins de arquivamento. Apenas divulgaremos as suas informa\u00e7\u00f5es pessoais conforme descrito nesta Pol\u00edtica de Privacidade.<\/p>\n\n<p>Reservamo-nos o direito, a nosso exclusivo crit\u00e9rio e por qualquer motivo, de remover qualquer conte\u00fado ou mensagens se acreditarmos ser necess\u00e1rio para: (a) cumprir a lei, cumprir o processo legal que nos foi instaurado ou investigar, prevenir ou tomar medidas em rela\u00e7\u00e3o a atividades ilegais suspeitas ou reais; (b) para fazer cumprir esta Pol\u00edtica, para tomar precau\u00e7\u00f5es contra responsabilidade, para investigar e defender contra reivindica\u00e7\u00f5es ou alega\u00e7\u00f5es de terceiros, para ajudar as ag\u00eancias governamentais de aplica\u00e7\u00e3o da lei ou para proteger a seguran\u00e7a ou integridade da nossa Plataforma; ou (c) para exercer ou proteger os direitos, propriedade ou seguran\u00e7a pessoal da Plataforma, de nossos usu\u00e1rios ou de terceiros.<\/p>\n\n<p>Para enviar outras mensagens que nos ajudem a fornecer nossos servi\u00e7os no Site;<\/p>\n\n<p>N\u00e3o mostramos a nenhum usu\u00e1rio onde o outro usu\u00e1rio mora.<\/p>\n\n<p>N\u00e3o compartilhamos seu endere\u00e7o de e-mail com outros usu\u00e1rios;<\/p>\n\n<p>Ao desativar sua conta, voc\u00ea pode excluir permanentemente todos os dados para que voc\u00ea ou n\u00f3s n\u00e3o tenhamos mais acesso a eles.<\/p>\n\n<p>Prestadores de servi\u00e7os terceirizados: contratamos outras empresas e indiv\u00edduos para executar tarefas em nosso nome. Exemplos incluem fornecer suporte de marketing, fornecer resultados de pesquisa e links (incluindo listagens e links pagos), processar pagamentos com cart\u00e3o de cr\u00e9dito e fornecer atendimento ao cliente. Em conex\u00e3o com a execu\u00e7\u00e3o de tarefas em nosso nome, podemos compartilhar informa\u00e7\u00f5es de identifica\u00e7\u00e3o pessoal com essas empresas e indiv\u00edduos na medida necess\u00e1ria para desempenhar suas fun\u00e7\u00f5es. No entanto, n\u00e3o permitimos que essas empresas e indiv\u00edduos usem informa\u00e7\u00f5es de identifica\u00e7\u00e3o pessoal para qualquer outra finalidade. Al\u00e9m disso, podemos compartilhar informa\u00e7\u00f5es n\u00e3o pessoais com anunciantes e outros terceiros para que eles possam us\u00e1-las para fins de marketing para n\u00f3s, para si mesmos ou para outros. Se voc\u00ea n\u00e3o estiver interessado em receber publicidade direcionada ou outras informa\u00e7\u00f5es ou materiais de marketing como resultado de tais esfor\u00e7os, voc\u00ea pode ajustar as configura\u00e7\u00f5es em seus dispositivos m\u00f3veis para evitar o uso de suas informa\u00e7\u00f5es n\u00e3o pessoalmente identific\u00e1veis dessa maneira.<\/p>\n\n<p>Promo\u00e7\u00f5es internas: Ocasionalmente, podemos combinar informa\u00e7\u00f5es que recebemos por meio de nossos Servi\u00e7os com registros externos para melhorar nossa capacidade de comercializar nossos servi\u00e7os que possam ser de seu interesse. Se voc\u00ea se inscreveu para receber nossos e-mails e prefere n\u00e3o receber informa\u00e7\u00f5es de marketing em conex\u00e3o com nossos Servi\u00e7os, siga as instru\u00e7\u00f5es de &#8220;cancelar inscri\u00e7\u00e3o&#8221; inclu\u00eddas em qualquer e-mail de marketing que voc\u00ea receber em conex\u00e3o com nossos Servi\u00e7os, ou siga as instru\u00e7\u00f5es em nosso formul\u00e1rio de cancelamento de inscri\u00e7\u00e3o por e-mail, conforme descrito abaixo em &#8220;Solicita\u00e7\u00f5es de cancelamento de assinatura&#8221;.<\/p>\n\n<p>Transfer\u00eancias de Neg\u00f3cios: No decorrer do desenvolvimento de nossos neg\u00f3cios, podemos vender uma ou mais de nossas empresas, subsidi\u00e1rias ou unidades de neg\u00f3cios. Em tais transa\u00e7\u00f5es, os dados pessoais s\u00e3o geralmente um dos bens transferidos para o fundo do com\u00e9rcio. Nesse caso, esta Pol\u00edtica de Privacidade pode ser modificada conforme descrito abaixo, ou a coleta e o uso de suas informa\u00e7\u00f5es pessoais podem ser regidos por uma Pol\u00edtica de Privacidade diferente.<\/p>\n\n<p>Protegendo Nossos Servi\u00e7os e Outros: Reservamo-nos o direito de divulgar informa\u00e7\u00f5es pessoais a terceiros n\u00e3o afiliados se acreditarmos que a divulga\u00e7\u00e3o \u00e9 apropriada para cumprir a lei, fazer cumprir ou aplicar nossos Termos de Servi\u00e7o e outros acordos, ou proteger os direitos, propriedade ou seguran\u00e7a de n\u00f3s, nossos usu\u00e1rios ou outros. Isso inclui a troca de informa\u00e7\u00f5es com outros terceiros n\u00e3o afiliados em conex\u00e3o com a prote\u00e7\u00e3o contra fraudes e a redu\u00e7\u00e3o do risco de cr\u00e9dito.<\/p>\n\n<p>Com o seu consentimento: Al\u00e9m dos casos acima, voc\u00ea ser\u00e1 notificado e ter\u00e1 a oportunidade de reter seu consentimento se as informa\u00e7\u00f5es pessoais sobre voc\u00ea forem compartilhadas com terceiros n\u00e3o afiliados.<\/p>\n\n<p>Podemos transferir os Dados do Usu\u00e1rio atrav\u00e9s das v\u00e1rias plataformas da Empresa.<\/p>\n\n<h3 class=\"wp-block-heading\">Compartilhamos seus dados?<\/h3>\n\n<p>Como regra geral, n\u00e3o vendemos ou alugamos informa\u00e7\u00f5es sobre voc\u00ea ou divulgamos informa\u00e7\u00f5es sobre voc\u00ea de maneira inconsistente com esta Pol\u00edtica de Privacidade, exceto conforme exigido por lei ou regulamenta\u00e7\u00e3o governamental. Cooperamos com a aplica\u00e7\u00e3o da lei, bem como com outros terceiros, para fazer cumprir as leis, como as relacionadas a direitos de propriedade intelectual, fraude e outros direitos pessoais.<\/p>\n\n<p>N\u00e3o compartilharemos as informa\u00e7\u00f5es pessoais que coletamos sobre voc\u00ea com terceiros para seus pr\u00f3prios fins de marketing sem o seu consentimento. Celebr\u00e1mos contratos com terceiros que os pro\u00edbem de partilhar os seus dados pessoais.<\/p>\n\n<p>Coletamos estat\u00edsticas sobre o tr\u00e1fego do site, vendas e outras informa\u00e7\u00f5es comerciais que compartilhamos com terceiros para melhorar os servi\u00e7os que oferecemos. Tamb\u00e9m usamos informa\u00e7\u00f5es demogr\u00e1ficas para personalizar o site e compartilhamos essas informa\u00e7\u00f5es com terceiros para que eles possam entender melhor nossa base de clientes e tend\u00eancias gerais de consumo.<\/p>\n\n<p>Se voc\u00ea n\u00e3o concorda com nossa Pol\u00edtica de Privacidade, Termos de Servi\u00e7o ou qualquer outra pol\u00edtica em nossa Plataforma, pare de usar nosso Servi\u00e7o; Seu uso continuado do Servi\u00e7o significa que voc\u00ea reconhece e aceita nossa Pol\u00edtica de Privacidade e Termos de Uso.<\/p>\n\n<p>PODEMOS (E VOC\u00ca NOS AUTORIZA A FAZ\u00ca-LO) DIVULGAR QUALQUER INFORMA\u00c7\u00c3O SOBRE VOC\u00ca \u00c0S AUTORIDADES POLICIAIS, OUTROS FUNCION\u00c1RIOS DO GOVERNO, PROCESSOS LEGAIS OU OUTROS TERCEIROS SE CONSIDERARMOS NECESS\u00c1RIO OU APROPRIADO, A NOSSO EXCLUSIVO CRIT\u00c9RIO, EM CONEX\u00c3O COM UMA INVESTIGA\u00c7\u00c3O DE FRAUDE, VIOLA\u00c7\u00c3O DE PROPRIEDADE INTELECTUAL OU OUTRA ATIVIDADE QUE SEJA ILEGAL OU POSSA EXPOR A N\u00d3S OU A ELES A RESPONSABILIDADE.<\/p>\n\n<h3 class=\"wp-block-heading\">Que direitos tem em rela\u00e7\u00e3o aos seus dados?<\/h3>\n\n<p>Todos os titulares de dados t\u00eam o direito, concedido pelo legislador europeu, de obter informa\u00e7\u00f5es do respons\u00e1vel pelo tratamento a qualquer momento, gratuitamente, sobre os dados armazenados sobre ele ou ela e uma c\u00f3pia dessas informa\u00e7\u00f5es. Al\u00e9m disso, as diretivas e regulamentos europeus concedem ao titular dos dados acesso \u00e0s seguintes informa\u00e7\u00f5es:<\/p>\n\n<ol class=\"wp-block-list\">\n<li>as finalidades do tratamento;<\/li>\n\n\n\n<li>As categorias de dados pessoais em causa;<\/li>\n\n\n\n<li>Os destinat\u00e1rios ou categorias de destinat\u00e1rios a quem os dados pessoais foram ou ser\u00e3o comunicados, em especial os destinat\u00e1rios em pa\u00edses terceiros ou organiza\u00e7\u00f5es internacionais;<\/li>\n\n\n\n<li>se poss\u00edvel, o per\u00edodo previsto para o armazenamento dos dados pessoais ou, se tal n\u00e3o for poss\u00edvel, os crit\u00e9rios utilizados para determinar esse per\u00edodo;<\/li>\n\n\n\n<li>A exist\u00eancia do direito de obter do respons\u00e1vel pelo tratamento a retifica\u00e7\u00e3o ou o apagamento dos dados pessoais ou a restri\u00e7\u00e3o do tratamento de dados pessoais relativos ao titular dos dados ou de se opor a esse tratamento;<\/li>\n\n\n\n<li>a exist\u00eancia do direito de apresentar uma queixa a uma autoridade de controlo;<\/li>\n\n\n\n<li>no caso de os dados pessoais n\u00e3o terem sido recolhidos junto do titular dos dados, todas as informa\u00e7\u00f5es dispon\u00edveis sobre a origem dos dados;<\/li>\n\n\n\n<li>a exist\u00eancia de um processo de tomada de decis\u00e3o automatizado, incluindo a defini\u00e7\u00e3o de perfis, em conformidade com o artigo 22.\u00ba, n.\u00bas 1 e 4, do RGPD e, pelo menos nestes casos, informa\u00e7\u00f5es significativas sobre a l\u00f3gica subjacente, bem como sobre o significado e as prov\u00e1veis consequ\u00eancias desse tratamento para o titular dos dados.<\/li>\n<\/ol>\n\n<p>Al\u00e9m disso, o titular dos dados tem o direito de obter informa\u00e7\u00f5es sobre se os dados pessoais est\u00e3o a ser transferidos para um pa\u00eds terceiro ou para uma organiza\u00e7\u00e3o internacional. Se for esse o caso, o titular dos dados tem o direito de ser informado das garantias adequadas em rela\u00e7\u00e3o \u00e0 transfer\u00eancia. Se um titular de dados desejar fazer uso desse direito de acesso, ele ou ela pode entrar em contato com um funcion\u00e1rio do controlador a qualquer momento.<\/p>\n\n<h4 class=\"wp-block-heading\">Direito de retifica\u00e7\u00e3o<\/h4>\n\n<p>Todos os titulares de dados t\u00eam o direito, concedido pelo legislador europeu, de obter do respons\u00e1vel pelo tratamento, sem demora injustificada, a retifica\u00e7\u00e3o de dados pessoais inexatos que lhe digam respeito. O titular dos dados tem o direito, tendo em conta as finalidades do tratamento, de solicitar o preenchimento de dados pessoais incompletos, incluindo atrav\u00e9s de uma declara\u00e7\u00e3o complementar. Se um titular de dados desejar exercer esse direito de retifica\u00e7\u00e3o, ele ou ela pode entrar em contato com um funcion\u00e1rio do controlador a qualquer momento.<\/p>\n\n<h4 class=\"wp-block-heading\">Direito ao apagamento (direito ao esquecimento)<\/h4>\n\n<p>Todos os titulares de dados t\u00eam o direito, concedido pelo legislador europeu, de obter do respons\u00e1vel pelo tratamento o apagamento dos dados pessoais que lhe digam respeito sem demora injustificada, e o respons\u00e1vel pelo tratamento \u00e9 obrigado a apagar os dados pessoais sem demora injustificada, desde que se aplique um dos seguintes motivos e o tratamento n\u00e3o seja necess\u00e1rio:<\/p>\n\n<ol class=\"wp-block-list\">\n<li>Os dados pessoais n\u00e3o s\u00e3o mais necess\u00e1rios em rela\u00e7\u00e3o \u00e0s finalidades para as quais foram coletados ou processados de outra forma.<\/li>\n\n\n\n<li>O titular dos dados retira o seu consentimento no qual se baseia o tratamento nos termos do artigo 6.\u00ba, n.\u00ba 1, al\u00ednea a), do RGPD ou do artigo 9.\u00ba, n.\u00ba 2, al\u00ednea a), do RGPD e n\u00e3o existe outro fundamento legal para o tratamento.<\/li>\n\n\n\n<li>O titular dos dados se op\u00f5e ao processamento de acordo com o Artigo 21(1) do GDPR e n\u00e3o h\u00e1 motivos leg\u00edtimos imperiosos para o processamento, ou o titular dos dados se op\u00f5e ao processamento nos termos do Artigo 21(2) do GDPR.<\/li>\n\n\n\n<li>Os dados pessoais foram tratados ilegalmente.<\/li>\n\n\n\n<li>Os dados pessoais devem ser apagados para dar cumprimento a uma obriga\u00e7\u00e3o legal nos termos do direito da Uni\u00e3o ou do direito dos Estados-Membros a que o respons\u00e1vel pelo tratamento est\u00e1 sujeito.<\/li>\n\n\n\n<li>Os dados pessoais foram recolhidos no \u00e2mbito da presta\u00e7\u00e3o de servi\u00e7os da sociedade da informa\u00e7\u00e3o nos termos do artigo 8.\u00ba, n.\u00ba 1, do RGPD.<\/li>\n\n\n\n<li>Se um dos motivos acima se aplicar e um titular de dados desejar solicitar a exclus\u00e3o de dados pessoais armazenados por n\u00f3s, ele ou ela pode entrar em contato com um funcion\u00e1rio do controlador a qualquer momento. Um funcion\u00e1rio providenciar\u00e1 para que a solicita\u00e7\u00e3o de exclus\u00e3o seja atendida imediatamente.<\/li>\n\n\n\n<li>Caso o respons\u00e1vel pelo tratamento tenha tornado p\u00fablicos os dados pessoais e seja obrigado a apag\u00e1-los nos termos do artigo 17.o, n.o 1, deve, tendo em conta a tecnologia dispon\u00edvel e os custos de execu\u00e7\u00e3o, tomar as medidas adequadas, incluindo medidas t\u00e9cnicas, para informar os outros respons\u00e1veis pelo tratamento de dados que tratam os dados pessoais de que o titular dos dados foi informado por esses outros respons\u00e1veis pelo tratamento. O Controlador solicitou a exclus\u00e3o de todos os links para esses dados pessoais ou de c\u00f3pias ou replica\u00e7\u00f5es desses dados, na medida em que o processamento n\u00e3o seja necess\u00e1rio. O empregado providenciar\u00e1 as provid\u00eancias necess\u00e1rias caso a caso.<\/li>\n<\/ol>\n\n<h4 class=\"wp-block-heading\">Direito \u00e0 restri\u00e7\u00e3o do processamento<\/h4>\n\n<p>Todos os titulares de dados t\u00eam o direito, concedido pelo legislador europeu, de obter do respons\u00e1vel pelo tratamento a restri\u00e7\u00e3o do tratamento se se aplicar um dos seguintes casos:<\/p>\n\n<ol class=\"wp-block-list\">\n<li>A exatid\u00e3o dos dados pessoais \u00e9 contestada pelo titular dos dados, por um per\u00edodo de tempo que permite ao controlador verificar a exatid\u00e3o dos dados pessoais. O tratamento \u00e9 il\u00edcito e o titular dos dados op\u00f5e-se ao apagamento dos dados pessoais e solicita a restri\u00e7\u00e3o da sua utiliza\u00e7\u00e3o. O controlador n\u00e3o precisa mais dos dados pessoais para os fins do processamento, mas o titular dos dados precisa deles para o estabelecimento, exerc\u00edcio ou defesa de reivindica\u00e7\u00f5es legais. O titular dos dados op\u00f4s-se ao tratamento nos termos do artigo 21.\u00ba, n.\u00ba 1, do RGPD, enquanto se aguarda a verifica\u00e7\u00e3o de se os motivos leg\u00edtimos do respons\u00e1vel pelo tratamento s\u00e3o superiores aos do titular dos dados. Se uma das condi\u00e7\u00f5es acima for atendida e um titular de dados desejar solicitar a restri\u00e7\u00e3o de dados pessoais armazenados por n\u00f3s, ele ou ela pode entrar em contato com um funcion\u00e1rio do controlador a qualquer momento. Nosso funcion\u00e1rio providenciar\u00e1 a restri\u00e7\u00e3o do processamento. Direito \u00e0 portabilidade de dados:\n<ol class=\"wp-block-list\">\n<li>Todos os titulares de dados t\u00eam o direito, concedido pelo legislador europeu, de receber dados pessoais que lhe digam respeito, que tenham sido fornecidos a um respons\u00e1vel pelo tratamento, num formato estruturado, de uso corrente e leg\u00edvel por m\u00e1quina. Tem o direito de transmitir esses dados a outro respons\u00e1vel pelo tratamento, sem que o respons\u00e1vel pelo tratamento a quem os dados pessoais foram fornecidos seja impedido de o fazer, desde que o tratamento se baseie no consentimento nos termos do artigo 6.\u00ba, n.\u00ba 1, al\u00ednea a), do Regulamento Geral sobre a Prote\u00e7\u00e3o de Dados ou do artigo 9.\u00ba, n.\u00ba 2, al\u00ednea a), do Regulamento Geral sobre a Prote\u00e7\u00e3o de Dados,  ou se baseie num contrato nos termos do artigo 6.\u00ba, n.\u00ba 1, al\u00ednea b), do RGPD e o tratamento seja efetuado por meios automatizados, desde que o tratamento n\u00e3o seja necess\u00e1rio para o desempenho de uma tarefa realizada no interesse p\u00fablico ou no exerc\u00edcio da autoridade p\u00fablica investida pelo respons\u00e1vel pelo tratamento.<\/li>\n\n\n\n<li>Al\u00e9m disso, ao exercer o seu direito \u00e0 portabilidade de dados nos termos do artigo 20.\u00ba, n.\u00ba 1, do RGPD, o titular dos dados tem o direito de transferir dados pessoais diretamente de um respons\u00e1vel pelo tratamento para outro, desde que tal seja tecnicamente vi\u00e1vel e n\u00e3o afete negativamente os direitos e liberdades de outras pessoas.<\/li>\n\n\n\n<li>Para exercer o direito \u00e0 portabilidade de dados, o titular dos dados pode entrar em contato com um de nossos funcion\u00e1rios a qualquer momento.<\/li>\n<\/ol>\n<\/li>\n<\/ol>\n\n<h4 class=\"wp-block-heading\">Direito de oposi\u00e7\u00e3o<\/h4>\n\n<p>Cada titular de dados tem o direito, concedido pelo legislador europeu, de se opor, a qualquer momento, por motivos relacionados com a sua situa\u00e7\u00e3o particular, ao tratamento de dados pessoais que lhe diga respeito que seja efetuado com base no artigo 6.\u00ba, n.\u00ba 1, al\u00edneas e) ou f), do RGPD. O mesmo se aplica \u00e0 defini\u00e7\u00e3o de perfis com base nestas disposi\u00e7\u00f5es. Em caso de obje\u00e7\u00e3o, n\u00e3o processaremos mais os dados pessoais, a menos que possamos demonstrar motivos leg\u00edtimos convincentes para o processamento que se sobreponham aos interesses, direitos e liberdades do titular dos dados, ou o processamento sirva para reivindicar, exercer ou defender reivindica\u00e7\u00f5es legais. Se processarmos dados pessoais para fins de marketing direto, o titular dos dados tem o direito de se opor a qualquer momento ao processamento de dados pessoais que lhe digam respeito para fins de tal publicidade. O mesmo se aplica \u00e0 defini\u00e7\u00e3o de perfis, na medida em que esteja relacionada com esse marketing direto. Se o titular dos dados se opuser ao nosso processamento para fins de marketing direto, deixaremos de processar os dados pessoais para esses fins. Al\u00e9m disso, o titular dos dados tem o direito de se opor, por motivos relacionados \u00e0 sua situa\u00e7\u00e3o particular, ao processamento de dados pessoais que lhe digam respeito que seja realizado por n\u00f3s para fins de pesquisa cient\u00edfica ou hist\u00f3rica ou para fins estat\u00edsticos, de acordo com o Artigo 89(1) do GDPR, a menos que tal processamento seja necess\u00e1rio para o desempenho de uma tarefa realizada no interesse p\u00fablico.<\/p>\n\n<p>Para exercer o direito de oposi\u00e7\u00e3o, o titular dos dados pode entrar em contato com qualquer funcion\u00e1rio de nossa empresa. Al\u00e9m disso, no contexto da utiliza\u00e7\u00e3o dos servi\u00e7os da sociedade da informa\u00e7\u00e3o e n\u00e3o obstante a Directiva 2002\/58\/CE, o titular dos dados \u00e9 livre de exercer o seu direito de oposi\u00e7\u00e3o atrav\u00e9s de procedimentos automatizados que utilizem especifica\u00e7\u00f5es t\u00e9cnicas.<\/p>\n\n<h4 class=\"wp-block-heading\">Tomada de decis\u00e3o individual automatizada, incluindo cria\u00e7\u00e3o de perfis:<\/h4>\n\n<p>Qualquer pessoa em causa tem o direito, concedido pelo legislador europeu, de n\u00e3o ser objeto de uma decis\u00e3o baseada exclusivamente no tratamento automatizado, incluindo a defini\u00e7\u00e3o de perfis, que produza efeitos jur\u00eddicos que lhe digam respeito ou que o afete de forma significativa de forma semelhante, desde que a decis\u00e3o (1) n\u00e3o seja necess\u00e1ria para a celebra\u00e7\u00e3o ou execu\u00e7\u00e3o de um contrato entre o titular dos dados e o respons\u00e1vel pelo tratamento, ou (2) n\u00e3o seja permitido pelo direito da Uni\u00e3o ou do Estado-Membro a que o respons\u00e1vel pelo tratamento esteja sujeito, ou seja necess\u00e1rio para a execu\u00e7\u00e3o de um contrato entre o titular dos dados e o respons\u00e1vel pelo tratamento, ou (2) n\u00e3o pelo direito da Uni\u00e3o ou do Estado-Membro a que o respons\u00e1vel pelo tratamento est\u00e1 sujeito, que prev\u00ea medidas adequadas para salvaguardar os direitos, liberdades e interesses leg\u00edtimos dos titulares dos dados. ou (3) n\u00e3o se baseie no consentimento expl\u00edcito do titular dos dados. Se a decis\u00e3o (1) for necess\u00e1ria para a celebra\u00e7\u00e3o ou execu\u00e7\u00e3o de um contrato entre o titular dos dados e o respons\u00e1vel pelo tratamento, ou (2) for tomada com o consentimento expl\u00edcito do titular dos dados, tomaremos medidas razo\u00e1veis para salvaguardar os direitos, liberdades e interesses leg\u00edtimos do titular dos dados, incluindo, pelo menos, o direito de obter a interven\u00e7\u00e3o de uma pessoa por parte do respons\u00e1vel pelo tratamento,  expressar seu pr\u00f3prio ponto de vista e contestar a decis\u00e3o.<\/p>\n\n<p>Se o titular dos dados desejar reivindicar direitos em rela\u00e7\u00e3o a decis\u00f5es individuais automatizadas, ele ou ela pode entrar em contato com um de nossos funcion\u00e1rios a qualquer momento.<\/p>\n\n<h4 class=\"wp-block-heading\">Direito de retirar o consentimento ao abrigo da lei de prote\u00e7\u00e3o de dados<\/h4>\n\n<p>Todos os titulares de dados t\u00eam o direito, concedido pelo legislador europeu, de retirar o seu consentimento para o tratamento dos seus dados pessoais a qualquer momento.<\/p>\n\n<p>Se o titular dos dados desejar exercer seu direito de retirar o consentimento, ele ou ela pode entrar em contato com um de nossos funcion\u00e1rios a qualquer momento.<\/p>\n\n<h4 class=\"wp-block-heading\">Direito de solicitar acesso<\/h4>\n\n<p>Voc\u00ea tamb\u00e9m tem o direito de acessar as informa\u00e7\u00f5es que mantemos sobre voc\u00ea. Teremos todo o gosto em fornecer-lhe informa\u00e7\u00f5es sobre os seus dados pessoais que armazenamos ou processamos. A fim de proteger suas informa\u00e7\u00f5es pessoais, seguimos os procedimentos estabelecidos para armazenamento e compartilhamento, o que significa que exigimos prova de identidade de voc\u00ea antes de compartilhar essas informa\u00e7\u00f5es. Voc\u00ea pode exercer esse direito a qualquer momento entrando em contato conosco usando os detalhes de contato acima.<\/p>\n\n<h3 class=\"wp-block-heading\">Ferramentas anal\u00edticas e de terceiros<\/h3>\n\n<p>Quando visita este website, o seu comportamento de navega\u00e7\u00e3o pode ser avaliado estatisticamente. Isso \u00e9 feito principalmente com os chamados programas de an\u00e1lise.<br\/>Informa\u00e7\u00f5es detalhadas sobre esses programas de an\u00e1lise podem ser encontradas na seguinte pol\u00edtica de privacidade.<\/p>\n\n<h2 class=\"wp-block-heading\">2. Redes de Hospedagem e Distribui\u00e7\u00e3o de Conte\u00fado (CDN)<\/h2>\n\n<h3 class=\"wp-block-heading\">Hospedagem Externa<\/h3>\n\n<p>Este site \u00e9 hospedado por um provedor de servi\u00e7os externo. Os dados pessoais coletados neste site s\u00e3o armazenados nos servidores do hoster. Isso pode incluir, mas n\u00e3o se limita a, endere\u00e7os IP, solicita\u00e7\u00f5es de contato, metadados e dados de comunica\u00e7\u00e3o, dados de contrato, dados de contato, nomes, acessos ao site e outros dados gerados por meio de um site.<br\/>O hoster \u00e9 usado com a finalidade de cumprir o contrato com nossos clientes potenciais e existentes (Art. 6 \u00a7 1 lit. b GDPR) e no interesse de um fornecimento seguro, r\u00e1pido e eficiente de nossa oferta on-line por um provedor profissional (Art. 6 \u00a7 1 lit. f GDPR).<br\/>Nosso host processar\u00e1 seus dados apenas na medida necess\u00e1ria para cumprir suas obriga\u00e7\u00f5es de desempenho e seguir nossas instru\u00e7\u00f5es em rela\u00e7\u00e3o a esses dados.<br\/>Usamos o seguinte hoster:<\/p>\n\n<p>IONOS SE<br\/>Elgendorfer Str. 57<br\/>D -56410 Montabaur<\/p>\n\n<h3 class=\"wp-block-heading\">Celebra\u00e7\u00e3o de um contrato para o processamento de encomendas<\/h3>\n\n<p>A fim de garantir o processamento em conformidade com a prote\u00e7\u00e3o de dados, celebramos um contrato para processamento de pedidos com nosso hoster.<\/p>\n\n<h2 class=\"wp-block-heading\">3. Informa\u00e7\u00f5es gerais e informa\u00e7\u00f5es obrigat\u00f3rias<\/h2>\n\n<h3 class=\"wp-block-heading\">Privacidade<\/h3>\n\n<p>Os operadores desses sites levam a prote\u00e7\u00e3o de seus dados pessoais muito a s\u00e9rio. Tratamos seus dados pessoais de forma confidencial e de acordo com os regulamentos legais de prote\u00e7\u00e3o de dados e esta pol\u00edtica de privacidade.<br\/>Quando voc\u00ea usa este site, v\u00e1rios dados pessoais s\u00e3o coletados.<br\/>Dados pessoais s\u00e3o dados que podem ser usados para identific\u00e1-lo pessoalmente. Esta pol\u00edtica de privacidade explica quais dados coletamos e para que os usamos. Tamb\u00e9m explica como e com que finalidade isso \u00e9 feito.<br\/>Gostar\u00edamos de salientar que a transmiss\u00e3o de dados na Internet (por exemplo, ao se comunicar por e-mail) pode ter falhas de seguran\u00e7a. N\u00e3o \u00e9 poss\u00edvel proteger completamente os dados do acesso de terceiros.<\/p>\n\n<h3 class=\"wp-block-heading\">Nota sobre o \u00f3rg\u00e3o respons\u00e1vel<\/h3>\n\n<p>O respons\u00e1vel pelo tratamento de dados neste site \u00e9:<br\/>edv &amp; cad group<br\/>Buchbichl 38<br\/>D-83737 Irschenberg<br\/>Telefone: <a href=\"tel:00498025995969\">+49 (0) 8025 \/ 99 59 69<\/a><br\/>E-mail: <a href=\"mailto:info@edv-cad.de\">info@edv-cad.de<\/a><br\/>O controlador \u00e9 a pessoa f\u00edsica ou jur\u00eddica que, sozinha ou em conjunto com outras, decide sobre as finalidades e os meios de processamento de dados pessoais (por exemplo, nomes, endere\u00e7os de e-mail, etc.).<\/p>\n\n<h3 class=\"wp-block-heading\">Per\u00edodo de armazenamento<\/h3>\n\n<p>A menos que um per\u00edodo de armazenamento mais espec\u00edfico seja especificado nesta pol\u00edtica de privacidade, seus dados pessoais permanecer\u00e3o conosco at\u00e9 a finalidade para a qual o processamento de dados deixe de se aplicar. Se voc\u00ea fizer uma solicita\u00e7\u00e3o leg\u00edtima de exclus\u00e3o ou revogar o consentimento para o processamento de dados, seus dados ser\u00e3o exclu\u00eddos, a menos que tenhamos outros motivos legalmente permitidos para armazenar seus dados pessoais (por exemplo, per\u00edodos de reten\u00e7\u00e3o sob a lei fiscal ou comercial); neste \u00faltimo caso, a elimina\u00e7\u00e3o ter\u00e1 lugar depois de estas raz\u00f5es terem deixado de existir.<\/p>\n\n<h3 class=\"wp-block-heading\">Nota sobre a transfer\u00eancia de dados para os EUA<\/h3>\n\n<p>Entre outras coisas, ferramentas de empresas sediadas nos EUA est\u00e3o integradas ao nosso site. Quando essas ferramentas est\u00e3o ativas, suas informa\u00e7\u00f5es pessoais podem ser compartilhadas com os servidores das respectivas empresas nos EUA. Gostar\u00edamos de salientar que os EUA n\u00e3o s\u00e3o um pa\u00eds terceiro seguro na acep\u00e7\u00e3o da legisla\u00e7\u00e3o da UE em mat\u00e9ria de protec\u00e7\u00e3o de dados. As empresas dos EUA s\u00e3o obrigadas a entregar dados pessoais \u00e0s autoridades de seguran\u00e7a sem que voc\u00ea, como titular dos dados, possa tomar medidas legais contra eles.<br\/>Portanto, n\u00e3o se pode excluir que as autoridades dos EUA (por exemplo, servi\u00e7os de intelig\u00eancia) processem, avaliem e armazenem permanentemente seus dados em servidores dos EUA para fins de vigil\u00e2ncia. N\u00e3o temos controle sobre essas atividades de processamento.<\/p>\n\n<h3 class=\"wp-block-heading\">Revoga\u00e7\u00e3o do seu consentimento para o processamento de dados<\/h3>\n\n<p>Muitas opera\u00e7\u00f5es de processamento de dados s\u00f3 s\u00e3o poss\u00edveis com o seu consentimento expl\u00edcito. Voc\u00ea pode revogar seu consentimento a qualquer momento. A licitude do tratamento de dados efetuado at\u00e9 \u00e0 revoga\u00e7\u00e3o n\u00e3o \u00e9 afetada pela revoga\u00e7\u00e3o.<\/p>\n\n<h3 class=\"wp-block-heading\">Direito de se opor \u00e0 coleta de dados em casos especiais, bem como ao marketing direto (Art. 21 GDPR)<\/h3>\n\n<p>SE O TRATAMENTO DE DADOS FOR EFETUADO COM BASE NO ART. 6.\u00ba, N.\u00ba PAR. 1 LIT. E OU F GDPR, VOC\u00ca TEM O DIREITO DE SE OPOR A QUALQUER MOMENTO AO PROCESSAMENTO DE SEUS DADOS PESSOAIS POR MOTIVOS RELACIONADOS \u00c0 SUA SITUA\u00c7\u00c3O PARTICULAR; O MESMO SE APLICA \u00c0 DEFINI\u00c7\u00c3O DE PERFIS COM BASE NESTAS DISPOSI\u00c7\u00d5ES. A RESPECTIVA BASE LEGAL NA QUAL O PROCESSAMENTO SE BASEIA PODE SER ENCONTRADA NESTA POL\u00cdTICA DE PRIVACIDADE. SE VOC\u00ca SE OPUSER, N\u00c3O PROCESSAREMOS MAIS SEUS DADOS PESSOAIS EM QUEST\u00c3O, SER\u00c1<br\/>A MENOS QUE POSSAMOS PROVAR MOTIVOS LEG\u00cdTIMOS CONVINCENTES PARA O PROCESSAMENTO QUE SUPEREM SEUS INTERESSES, DIREITOS E LIBERDADES, OU O PROCESSAMENTO SIRVA PARA AFIRMAR, EXERCER OU DEFENDER REIVINDICA\u00c7\u00d5ES LEGAIS (OBJE\u00c7\u00c3O DE ACORDO COM O ART. 21, \u00a7 1 GDPR).<br\/>SE SEUS DADOS PESSOAIS FOREM PROCESSADOS PARA FINS DE MARKETING DIRETO, VOC\u00ca TEM O DIREITO DE SE OPOR A QUALQUER MOMENTO AO PROCESSAMENTO DE DADOS PESSOAIS QUE LHE DIGAM RESPEITO PARA FINS DE TAL MARKETING; ISSO TAMB\u00c9M SE APLICA \u00c0 CRIA\u00c7\u00c3O DE PERFIS, NA MEDIDA EM QUE ESTEJA RELACIONADA A ESSA PUBLICIDADE DIRETA. SE VOC\u00ca SE OPOR, SEUS DADOS PESSOAIS N\u00c3O SER\u00c3O MAIS USADOS PARA FINS DE MARKETING DIRETO (OBJE\u00c7\u00c3O DE ACORDO COM O ART. 21, PAR\u00c1GRAFO 2 DO RGPD).<\/p>\n\n<h3 class=\"wp-block-heading\">Direito de apresentar uma queixa \u00e0 autoridade de controlo competente<\/h3>\n\n<p>Em caso de viola\u00e7\u00e3o do RGPD, os titulares dos dados t\u00eam o direito de apresentar uma reclama\u00e7\u00e3o junto de uma autoridade de controlo, em particular no Estado-Membro da sua resid\u00eancia habitual, local de trabalho ou local da alegada infra\u00e7\u00e3o. O direito de recurso existe sem preju\u00edzo de outras vias de recurso administrativas ou judiciais.<br\/>Direito \u00e0 portabilidade de dados Voc\u00ea tem o direito de ter os dados que processamos automaticamente com base em seu consentimento ou em execu\u00e7\u00e3o de um contrato entregues a voc\u00ea ou a terceiros em um formato comum e leg\u00edvel por m\u00e1quina. Se voc\u00ea solicitar a transfer\u00eancia direta dos dados para outro controlador, isso s\u00f3 ser\u00e1 feito na medida em que for tecnicamente vi\u00e1vel.<\/p>\n\n<h3 class=\"wp-block-heading\">Criptografia SSL ou TLS<\/h3>\n\n<p>Por raz\u00f5es de seguran\u00e7a e para proteger a transmiss\u00e3o de conte\u00fado confidencial, como pedidos ou consultas que voc\u00ea nos envia como operador do site, este site usa criptografia SSL ou TLS. Voc\u00ea pode reconhecer uma conex\u00e3o criptografada pelo fato de que a barra de endere\u00e7o do navegador muda de &#8220;http:\/\/&#8221; para &#8220;https:\/\/&#8221; e pelo s\u00edmbolo de cadeado na linha do navegador.<br\/>Se a criptografia SSL ou TLS estiver ativada, os dados que voc\u00ea nos transmite n\u00e3o podem ser lidos por terceiros.<\/p>\n\n<h3 class=\"wp-block-heading\">Informa\u00e7\u00e3o, elimina\u00e7\u00e3o e correc\u00e7\u00e3o<\/h3>\n\n<p>No \u00e2mbito das disposi\u00e7\u00f5es legais aplic\u00e1veis, voc\u00ea tem o direito de informa\u00e7\u00f5es gratuitas sobre seus dados pessoais armazenados, sua origem e destinat\u00e1rios e a finalidade do processamento de dados a qualquer momento e, se necess\u00e1rio, um direito de corre\u00e7\u00e3o ou exclus\u00e3o desses dados. Voc\u00ea pode entrar em contato conosco a qualquer momento se tiver mais d\u00favidas sobre dados pessoais.<\/p>\n\n<h3 class=\"wp-block-heading\">Direito \u00e0 restri\u00e7\u00e3o do processamento<\/h3>\n\n<p>Voc\u00ea tem o direito de solicitar a restri\u00e7\u00e3o do processamento de seus dados pessoais.<br\/>Voc\u00ea pode entrar em contato conosco a qualquer momento para isso. O direito \u00e0 restri\u00e7\u00e3o do tratamento existe nos seguintes casos:<\/p>\n\n<ul class=\"wp-block-list\">\n<li>Se voc\u00ea contestar a precis\u00e3o de seus dados pessoais mantidos por n\u00f3s, geralmente precisamos de tempo para verificar isso. Durante a dura\u00e7\u00e3o da auditoria, voc\u00ea tem o direito de solicitar a restri\u00e7\u00e3o do processamento de seus dados pessoais.<\/li>\n\n\n\n<li>Se o processamento de seus dados pessoais foi\/\u00e9 ilegal, voc\u00ea pode solicitar a restri\u00e7\u00e3o do processamento de dados em vez da exclus\u00e3o.<\/li>\n\n\n\n<li>Se n\u00e3o precisarmos mais de seus dados pessoais, mas voc\u00ea precisar deles para exercer, defender ou reivindicar reivindica\u00e7\u00f5es legais, voc\u00ea tem o direito de solicitar a restri\u00e7\u00e3o do processamento de seus dados pessoais em vez de apagamento.<\/li>\n\n\n\n<li>Se apresentar uma objec\u00e7\u00e3o nos termos do artigo 21.\u00ba, n.\u00ba 1. 1 GDPR, um equil\u00edbrio deve ser alcan\u00e7ado entre seus interesses e os nossos. Enquanto ainda n\u00e3o for determinado quais os interesses que prevalecem, tem o direito de solicitar a restri\u00e7\u00e3o do tratamento dos seus dados pessoais.<\/li>\n\n\n\n<li>Se tiver restringido o tratamento dos seus dados pessoais, estes dados s\u00f3 podem ser tratados \u2013 para al\u00e9m do seu armazenamento \u2013 com o seu consentimento ou para o estabelecimento, exerc\u00edcio ou defesa de a\u00e7\u00f5es judiciais ou para a prote\u00e7\u00e3o dos direitos de outra pessoa singular ou coletiva ou por raz\u00f5es de interesse p\u00fablico importante da Uni\u00e3o Europeia ou de um Estado-Membro.<\/li>\n<\/ul>\n\n<h2 class=\"wp-block-heading\">4. Coleta de dados neste site<\/h2>\n\n<h3 class=\"wp-block-heading\">Bolinhos<\/h3>\n\n<p>Nosso site usa os chamados &#8220;cookies&#8221;. Os cookies s\u00e3o pequenos ficheiros de texto e n\u00e3o causam qualquer dano ao seu dispositivo. Eles s\u00e3o armazenados temporariamente durante uma sess\u00e3o (cookies de sess\u00e3o) ou permanentemente (cookies permanentes) no seu dispositivo. Os cookies de sess\u00e3o s\u00e3o automaticamente eliminados no final da sua visita. Os cookies permanentes permanecem armazenados no seu dispositivo at\u00e9 que voc\u00ea os exclua ou at\u00e9 que seu navegador os exclua automaticamente.<br\/>Em alguns casos, cookies de empresas terceirizadas tamb\u00e9m podem ser armazenados em seu dispositivo quando voc\u00ea entra em nosso site (cookies de terceiros). Estes permitem-nos ou a si utilizar determinados servi\u00e7os fornecidos pela empresa terceira (por exemplo, cookies para processar servi\u00e7os de pagamento).<br\/>Os cookies t\u00eam v\u00e1rias fun\u00e7\u00f5es. Muitos cookies s\u00e3o tecnicamente necess\u00e1rios, pois certas fun\u00e7\u00f5es do site n\u00e3o funcionariam sem eles (por exemplo, a fun\u00e7\u00e3o do carrinho de compras ou a exibi\u00e7\u00e3o de v\u00eddeos). Outros cookies s\u00e3o usados para avaliar o comportamento do usu\u00e1rio ou para exibir publicidade.<br\/>Os cookies necess\u00e1rios para realizar o processo de comunica\u00e7\u00e3o eletr\u00f4nica (cookies necess\u00e1rios) ou para fornecer determinadas fun\u00e7\u00f5es que voc\u00ea solicitou (cookies funcionais, por exemplo, para a fun\u00e7\u00e3o de carrinho de compras) ou para otimizar o site (por exemplo, cookies para medir a audi\u00eancia da web) s\u00e3o armazenados com base no Art. 6 par. 1 lit. f GDPR, a menos que outra base legal seja especificada. O operador do site tem um interesse leg\u00edtimo em armazenar cookies para a presta\u00e7\u00e3o tecnicamente livre de erros e otimizada de seus servi\u00e7os. Se o consentimento para o armazenamento de cookies tiver sido solicitado, o armazenamento dos cookies em quest\u00e3o \u00e9 realizado exclusivamente com base nesse consentimento (Art. 6, par\u00e1grafo 1, al\u00ednea a do GDPR); O consentimento pode ser revogado a qualquer momento.<br\/>Voc\u00ea pode configurar seu navegador para ser informado sobre a configura\u00e7\u00e3o de cookies e permitir cookies apenas em casos individuais, excluir a aceita\u00e7\u00e3o de cookies para determinados casos ou em geral e ativar a exclus\u00e3o autom\u00e1tica de cookies ao fechar o navegador. Se os cookies estiverem desativados, a funcionalidade deste site pode ser limitada. Se os cookies forem usados por empresas terceirizadas ou para fins de an\u00e1lise, informaremos voc\u00ea separadamente sobre isso no \u00e2mbito desta pol\u00edtica de privacidade e, se necess\u00e1rio, solicitaremos seu consentimento.<\/p>\n\n<p>Para gerenciar os cookies e tecnologias semelhantes usadas (pixels de rastreamento, web beacons, etc.) e os consentimentos relacionados, usamos a ferramenta de consentimento &#8220;Real Cookie Banner&#8221;. Para obter detalhes sobre como o Real Cookie Banner funciona, consulte <a href=\"https:\/\/devowl.io\/de\/wissensdatenbank\/real-cookie-banner-datenverarbeitung\/\" target=\"_blank\" rel=\"noopener nofollow\">https:\/\/devowl.io\/de\/rcb\/datenverarbeitung<\/a>.<\/p>\n\n<p>O fornecimento de dados pessoais n\u00e3o \u00e9 contratualmente exigido nem necess\u00e1rio para a celebra\u00e7\u00e3o de um contrato. Voc\u00ea n\u00e3o \u00e9 obrigado a fornecer os dados pessoais. Se voc\u00ea n\u00e3o fornecer os dados pessoais, n\u00e3o poderemos gerenciar seus consentimentos.<\/p>\n\n<h3 class=\"wp-block-heading\">Configura\u00e7\u00f5es de cookies<\/h3>\n<button  href=\"#consent-change\" role=\"button\" id=\"rcb-sc-link-change\" data-success-message=\"\" class=\"rcb-sc-link rcb-sc-link-change \">Privatsph\u00e4re-Einstellungen \u00e4ndern<\/button>\n<button  href=\"#consent-history\" role=\"button\" id=\"rcb-sc-link-history\" data-success-message=\"\" class=\"rcb-sc-link rcb-sc-link-history \">Historie der Privatsph\u00e4re-Einstellungen<\/button>\n<button  href=\"#consent-revoke\" role=\"button\" id=\"rcb-sc-link-revoke\" data-success-message=\"Du hast die Einwilligung f\u00fcr Services mit dessen Cookies und Verarbeitung personenbezogener Daten erfolgreich widerrufen. Die Seite wird jetzt neu geladen!\" class=\"rcb-sc-link rcb-sc-link-revoke \">Einwilligungen widerrufen<\/button>\n\n<h2 class=\"wp-block-heading\">5. M\u00eddias sociais<\/h2>\n\n<h3 class=\"wp-block-heading\">Plugins do Facebook (bot\u00e3o Curtir &amp; Compartilhar)<\/h3>\n\n<p>Plugins da rede social Facebook est\u00e3o integrados neste site. O provedor deste servi\u00e7o \u00e9 Facebook Ireland Limited, 4 Grand Canal Square, Dublin 2, Irlanda. No entanto, de acordo com o Facebook, os dados coletados tamb\u00e9m ser\u00e3o transferidos para os EUA e outros pa\u00edses terceiros.<br\/>Voc\u00ea pode reconhecer os plug-ins do Facebook pelo logotipo do Facebook ou pelo bot\u00e3o &#8220;Curtir&#8221; neste site. Uma vis\u00e3o geral dos plug-ins do Facebook pode ser encontrada aqui: <a href=\"https:\/\/developers.facebook.com\/docs\/plugins\/?locale=de_DE\" rel=\"nofollow noopener\" target=\"_blank\">https:\/\/developers.facebook.com\/docs\/plugins\/?locale=de_DE<\/a>.<br\/>Quando voc\u00ea visita este site, o plugin estabelece uma conex\u00e3o direta entre seu navegador e o servidor do Facebook.  Como resultado, o Facebook recebe a informa\u00e7\u00e3o de que voc\u00ea visitou este site com seu endere\u00e7o IP. Se voc\u00ea clicar no bot\u00e3o &#8220;Curtir&#8221; do Facebook enquanto estiver conectado \u00e0 sua conta do Facebook, poder\u00e1 vincular o conte\u00fado deste site ao seu perfil do Facebook. Isso permite que o Facebook atribua sua visita a este site \u00e0 sua conta de usu\u00e1rio. Gostar\u00edamos de salientar que n\u00f3s, como provedor das p\u00e1ginas, n\u00e3o temos conhecimento do conte\u00fado dos dados transmitidos ou de seu uso pelo Facebook. Mais informa\u00e7\u00f5es sobre isso podem ser encontradas na pol\u00edtica de privacidade do Facebook em: <a href=\"https:\/\/de-de.facebook.com\/privacy\/explanation\" rel=\"nofollow noopener\" target=\"_blank\">https:\/\/de-de.facebook.com\/privacy\/explanation<\/a>.<br\/>Se voc\u00ea n\u00e3o quiser que o Facebook possa atribuir a visita a este site \u00e0 sua conta de usu\u00e1rio do Facebook, saia da sua conta de usu\u00e1rio do Facebook.<br\/>O uso dos plug-ins do Facebook \u00e9 baseado no Art. 6 par. 1 lit. f RGPD. O operador do site tem um interesse leg\u00edtimo na maior visibilidade poss\u00edvel nas m\u00eddias sociais. Se tiver sido solicitado um consentimento correspondente, o tratamento \u00e9 efetuado exclusivamente com base no artigo 6.\u00ba, n.\u00ba 6. 1 lit. um GDPR; O consentimento pode ser revogado a qualquer momento.<br\/>A transfer\u00eancia de dados para os Estados Unidos \u00e9 baseada nas Cl\u00e1usulas Contratuais Padr\u00e3o da Comiss\u00e3o da UE.<br\/>Os detalhes podem ser encontrados aqui: <a href=\"https:\/\/de-de.facebook.com\/privacy\/explanation\" rel=\"nofollow noopener\" target=\"_blank\">https:\/\/www.facebook.com\/legal\/EU_data_transfer_addendum<\/a> e <a href=\"https:\/\/de-de.facebook.com\/help\/566994660333381\" rel=\"nofollow noopener\" target=\"_blank\">https:\/\/de-de.facebook.com\/help\/566994660333381<\/a>.<\/p>\n\n<h2 class=\"wp-block-heading\">6. Ferramentas de an\u00e1lise e publicidade<\/h2>\n\n<h3 class=\"wp-block-heading\">Estat\u00edsticas do WordPress<\/h3>\n\n<p>Este site usa &#8220;estat\u00edsticas do WordPress&#8221; para avaliar estatisticamente o acesso do visitante. O provedor \u00e9 Automattic Inc., 60 29th Street #343, San Francisco, CA 94110-4929, Estados Unidos.<br\/>As estat\u00edsticas do WordPress usam tecnologias que permitem o reconhecimento do usu\u00e1rio com a finalidade de analisar o comportamento do usu\u00e1rio (por exemplo, cookies ou impress\u00e3o digital do dispositivo). WordPress Statistics coleta, entre outras coisas, arquivos de log (referente, endere\u00e7o IP, navegador, etc.), a origem dos visitantes do site (pa\u00eds, cidade) e quais a\u00e7\u00f5es eles tomaram no site (por exemplo, cliques, visualiza\u00e7\u00f5es, downloads). As informa\u00e7\u00f5es coletadas dessa maneira sobre o uso deste site s\u00e3o armazenadas em servidores nos Estados Unidos.<br\/>Seu endere\u00e7o IP ser\u00e1 anonimizado ap\u00f3s o processamento e antes do armazenamento.<br\/>O uso desta ferramenta de an\u00e1lise \u00e9 baseado no Art. 6 par. 1 lit. f RGPD. O operador do site tem um interesse leg\u00edtimo na an\u00e1lise an\u00f4nima do comportamento do usu\u00e1rio, a fim de otimizar tanto seu site quanto sua publicidade. Se tiver sido solicitado um consentimento correspondente (por exemplo, consentimento para o armazenamento de cookies), o processamento \u00e9 realizado exclusivamente com base no Art. 6, par\u00e1g. 1 lit. um RGPD; O consentimento pode ser revogado a qualquer momento.<\/p>\n\n<h2 class=\"wp-block-heading\">7. Boletim informativo<\/h2>\n\n<h3 class=\"wp-block-heading\">Dados do boletim informativo<\/h3>\n\n<p>Se voc\u00ea gostaria de receber o boletim informativo oferecido no site, exigimos um endere\u00e7o de e-mail de voc\u00ea, bem como informa\u00e7\u00f5es que nos permitam verificar que voc\u00ea \u00e9 o propriet\u00e1rio do endere\u00e7o de e-mail fornecido e que voc\u00ea concorda em receber o boletim informativo. Outros dados n\u00e3o s\u00e3o coletados ou s\u00e3o coletados apenas de forma volunt\u00e1ria. Usamos esses dados exclusivamente para enviar as informa\u00e7\u00f5es solicitadas e n\u00e3o as repassamos a terceiros.<br\/>O processamento dos dados inseridos no formul\u00e1rio de registro do boletim informativo \u00e9 realizado exclusivamente com base no seu consentimento (Art. 6, par\u00e1grafo 1, al\u00ednea a do GDPR). Voc\u00ea pode revogar seu consentimento para o armazenamento de seus dados, seu endere\u00e7o de e-mail e seu uso para o envio do boletim informativo a qualquer momento, por exemplo, atrav\u00e9s do link &#8220;cancelar inscri\u00e7\u00e3o&#8221; no boletim informativo. A legalidade das opera\u00e7\u00f5es de processamento de dados que j\u00e1 ocorreram permanece inalterada pela revoga\u00e7\u00e3o.<br\/>Os dados que voc\u00ea depositou conosco com a finalidade de assinar o boletim informativo ser\u00e3o armazenados por n\u00f3s ou pelo provedor de servi\u00e7os de boletim informativo at\u00e9 que voc\u00ea cancele a assinatura do boletim informativo e ser\u00e3o exclu\u00eddos da lista de distribui\u00e7\u00e3o do boletim informativo ap\u00f3s voc\u00ea cancelar a assinatura do boletim informativo ou ap\u00f3s a finalidade deixar de existir. Reservamo-nos o direito de usar endere\u00e7os de e-mail de nossa lista de distribui\u00e7\u00e3o de boletins informativos a nosso pr\u00f3prio crit\u00e9rio dentro do escopo de nosso interesse leg\u00edtimo de acordo com o Art. 6, par\u00e1g. 1 lit. f GDPR.<br\/>Depois de cancelar a assinatura da lista de distribui\u00e7\u00e3o de boletins informativos, seu endere\u00e7o de e-mail pode ser armazenado em uma lista negra por n\u00f3s ou pelo provedor de servi\u00e7os de boletins informativos para evitar futuras correspond\u00eancias.\nOs dados da lista negra ser\u00e3o usados apenas para esse fim e n\u00e3o ser\u00e3o mesclados com outros dados.<br\/>Isso atende tanto ao seu interesse quanto ao nosso interesse em cumprir os requisitos legais ao enviar boletins informativos (interesse leg\u00edtimo na acep\u00e7\u00e3o do Art. 6, par\u00e1grafo 1, al\u00ednea f do RGPD).  O armazenamento na lista negra n\u00e3o \u00e9 limitado no tempo. Voc\u00ea pode se opor ao armazenamento se seus interesses superarem nosso interesse leg\u00edtimo.<\/p>\n\n<h2 class=\"wp-block-heading\">8. Plugins e Ferramentas<\/h2>\n\n<h3 class=\"wp-block-heading\">YouTube com privacidade aprimorada<\/h3>\n\n<p>Este site incorpora v\u00eddeos do YouTube. O operador das p\u00e1ginas \u00e9 o Google Ireland Limited (&#8220;Google&#8221;), Gordon House, Barrow Street, Dublin 4, Irlanda.<br\/>Usamos o YouTube no modo de privacidade estendida. De acordo com o YouTube, este modo significa que o YouTube n\u00e3o armazena nenhuma informa\u00e7\u00e3o sobre os visitantes deste site antes de assistirem ao v\u00eddeo. Por outro lado, a transfer\u00eancia de dados para parceiros do YouTube n\u00e3o \u00e9 necessariamente exclu\u00edda pelo modo de prote\u00e7\u00e3o de dados estendido. Veja como o YouTube se conecta \u00e0 rede Google DoubleClick se voc\u00ea estiver assistindo a um v\u00eddeo.<br\/>Assim que voc\u00ea inicia um v\u00eddeo do YouTube neste site, ele se conecta aos servidores do YouTube. O servidor do YouTube \u00e9 informado sobre quais de nossas p\u00e1ginas voc\u00ea visitou.<br\/>Se voc\u00ea estiver conectado \u00e0 sua conta do YouTube, permitir\u00e1 que o YouTube atribua seu comportamento de navega\u00e7\u00e3o diretamente ao seu perfil pessoal. Voc\u00ea pode evitar isso saindo da sua conta do YouTube.<br\/>Al\u00e9m disso, depois de iniciar um v\u00eddeo, o YouTube pode armazenar v\u00e1rios cookies em seu dispositivo ou usar tecnologias de reconhecimento compar\u00e1veis (por exemplo, impress\u00e3o digital do dispositivo).   Desta forma, o YouTube pode obter informa\u00e7\u00f5es sobre os visitantes deste site. Essas informa\u00e7\u00f5es s\u00e3o usadas, entre outras coisas, para coletar estat\u00edsticas de v\u00eddeo, melhorar a experi\u00eancia do usu\u00e1rio e evitar tentativas de fraude.<br\/>Se necess\u00e1rio, outras opera\u00e7\u00f5es de processamento de dados podem ser acionadas ap\u00f3s o in\u00edcio de um v\u00eddeo do YouTube, sobre as quais n\u00e3o temos influ\u00eancia.<br\/>O YouTube \u00e9 usado no interesse de uma apresenta\u00e7\u00e3o atraente de nossas ofertas online.<br\/>Isso constitui um interesse leg\u00edtimo na acep\u00e7\u00e3o do Art. 6 par. 1 lit. f RGPD. Se tiver sido solicitado um consentimento correspondente, o tratamento \u00e9 efetuado exclusivamente com base no artigo 6.\u00ba, n.\u00ba 6. 1 lit. um GDPR; O consentimento pode ser revogado a qualquer momento.<br\/>Para obter mais informa\u00e7\u00f5es sobre privacidade no YouTube, consulte a pol\u00edtica de privacidade em: <a href=\"https:\/\/policies.google.com\/privacy?hl=de\" rel=\"nofollow noopener\" target=\"_blank\">https:\/\/policies.google.com\/privacy?hl=de<\/a>.<\/p>\n\n<h3 class=\"wp-block-heading\">Google Mapas<\/h3>\n\n<p>Este site utiliza o servi\u00e7o de mapas Google Maps. O provedor \u00e9 o Google Ireland Limited (&#8220;Google&#8221;), Gordon House, Barrow Street, Dublin 4, Irlanda.<br\/>Para usar as fun\u00e7\u00f5es do Google Maps, \u00e9 necess\u00e1rio armazenar seu endere\u00e7o IP. Essas informa\u00e7\u00f5es geralmente s\u00e3o transmitidas para um servidor do Google nos EUA e armazenadas l\u00e1. O provedor deste site n\u00e3o tem influ\u00eancia sobre essa transfer\u00eancia de dados.<br\/>A utiliza\u00e7\u00e3o do Google Maps \u00e9 do interesse de uma apresenta\u00e7\u00e3o apelativa das nossas ofertas online e de facilitar a localiza\u00e7\u00e3o dos locais que indicamos no site. Tal constitui um interesse leg\u00edtimo na acep\u00e7\u00e3o do artigo 6.\u00ba, n.\u00ba 6. 1 lit. f RGPD. Se tiver sido solicitado um consentimento correspondente, o tratamento \u00e9 efetuado exclusivamente com base no artigo 6.\u00ba, n.\u00ba 6. 1 lit. um GDPR; O consentimento pode ser revogado a qualquer momento.<br\/>A transfer\u00eancia de dados para os Estados Unidos \u00e9 baseada nas Cl\u00e1usulas Contratuais Padr\u00e3o da Comiss\u00e3o da UE.<br\/>Os detalhes podem ser encontrados aqui: <a href=\"https:\/\/privacy.google.com\/businesses\/gdprcontrollerterms\/\" rel=\"nofollow noopener\" target=\"_blank\">https:\/\/privacy.google.com\/businesses\/gdprcontrollerterms\/<\/a> e <a href=\"https:\/\/privacy.google.com\/businesses\/gdprcontrollerterms\/sccs\/\" rel=\"nofollow noopener\" target=\"_blank\">https:\/\/privacy.google.com\/businesses\/gdprcontrollerterms\/sccs\/<\/a>.<br\/>Voc\u00ea pode encontrar mais informa\u00e7\u00f5es sobre o tratamento de dados do usu\u00e1rio na pol\u00edtica de privacidade do Google: <a href=\"https:\/\/policies.google.com\/privacy?hl=de\" rel=\"nofollow noopener\" target=\"_blank\">https:\/\/policies.google.com\/privacy?hl=de<\/a>.<\/p>\n\n<h3 class=\"wp-block-heading\">Google reCaptcha<\/h3>\n\n<p>Usamos &#8220;reCaptcha&#8221; neste site. O fornecedor \u00e9 Intuition Machines, Inc., Intuition Machines, Inc., 350 Alabama St, S\u00e3o Francisco, CA 94110. Com o reCaptcha, pode-se verificar se a entrada de dados neste site (por exemplo, em um formul\u00e1rio de contato) \u00e9 feita por um ser humano ou por um programa automatizado. Para isso, o reCaptcha analisa o comportamento do visitante do site com base em diversas caracter\u00edsticas. Essa an\u00e1lise come\u00e7a automaticamente assim que o visitante do site entra no site. Para an\u00e1lise, o reCaptcha avalia v\u00e1rias informa\u00e7\u00f5es (por exemplo, endere\u00e7o IP, tempo de perman\u00eancia do visitante do site no site ou movimentos do mouse feitos pelo usu\u00e1rio). Os dados coletados durante a an\u00e1lise ser\u00e3o encaminhados para a Intuition Machines, Inc. As an\u00e1lises do reCaptcha s\u00e3o executadas completamente em segundo plano. Os visitantes do site n\u00e3o s\u00e3o informados de que uma an\u00e1lise est\u00e1 ocorrendo. O armazenamento e a an\u00e1lise dos dados s\u00e3o realizados com base no Art. 6 (1) (f) GDPR. O operador do site tem um interesse leg\u00edtimo em proteger suas ofertas da web contra espionagem automatizada abusiva e de SPAM. Se tiver sido solicitado um consentimento correspondente, o tratamento \u00e9 efetuado exclusivamente com base no artigo 6.\u00ba, n.\u00ba 1, al\u00ednea a), do RGPD; O consentimento pode ser revogado a qualquer momento. Para obter mais informa\u00e7\u00f5es sobre o reCaptcha, consulte a Pol\u00edtica de Privacidade do reCaptcha e os Termos de Uso do reCaptcha nos seguintes links:  <a href=\"https:\/\/policies.google.com\/privacy\" target=\"_blank\" rel=\"noreferrer noopener nofollow\">https:\/\/policies.google.com\/privacy<\/a> e <a href=\"https:\/\/www.google.com\/recaptcha\/about\" target=\"_blank\" rel=\"noreferrer noopener nofollow\">https:\/\/www.google.com\/recaptcha\/about<\/a><\/p>\n\n<h3 class=\"wp-block-heading\">hCaptcha<\/h3>\n\n<p>Usamos &#8220;hCaptcha&#8221; neste site. O fornecedor \u00e9 Intuition Machines, Inc., Intuition Machines, Inc., 350 Alabama St, San Francisco, CA 94110. O objetivo do hCaptcha \u00e9 verificar se a entrada de dados neste site (por exemplo, em um formul\u00e1rio de contato) \u00e9 realizada por um ser humano ou por um programa automatizado. Para fazer isso, o hCaptcha analisa o comportamento do visitante do site com base em v\u00e1rias caracter\u00edsticas. Essa an\u00e1lise come\u00e7a automaticamente assim que o visitante do site entra no site. Para an\u00e1lise, o hCaptcha avalia v\u00e1rias informa\u00e7\u00f5es (por exemplo, endere\u00e7o IP, tempo de perman\u00eancia do visitante do site no site ou movimentos do mouse feitos pelo usu\u00e1rio). Os dados coletados durante a an\u00e1lise ser\u00e3o encaminhados para a Intuition Machines, Inc. As an\u00e1lises do hCaptcha s\u00e3o executadas completamente em segundo plano. Os visitantes do site n\u00e3o s\u00e3o informados de que uma an\u00e1lise est\u00e1 ocorrendo. O armazenamento e a an\u00e1lise dos dados s\u00e3o realizados com base no Art. 6 (1) (f) GDPR. O operador do site tem um interesse leg\u00edtimo em proteger suas ofertas da web contra espionagem automatizada abusiva e de SPAM. Se tiver sido solicitado um consentimento correspondente, o tratamento \u00e9 efetuado exclusivamente com base no artigo 6.\u00ba, n.\u00ba 1, al\u00ednea a), do RGPD; O consentimento pode ser revogado a qualquer momento. Para obter mais informa\u00e7\u00f5es sobre o hCaptcha, consulte a Pol\u00edtica de Privacidade do hCaptcha e os Termos de Uso do hCaptcha nos seguintes links:  <a href=\"https:\/\/www.hcaptcha.com\/privacy\" target=\"_blank\" rel=\"noopener nofollow\">https:\/\/www.hcaptcha.com\/privacy<\/a> e <a href=\"https:\/\/www.hcaptcha.com\/terms\" target=\"_blank\" rel=\"noopener nofollow\">https:\/\/www.hcaptcha.com\/terms<\/a><\/p>\n\n<h2 class=\"wp-block-heading\">9. Privacidade das crian\u00e7as<\/h2>\n\n<p>A protec\u00e7\u00e3o da privacidade das crian\u00e7as e dos jovens \u00e9 particularmente importante. Portanto, pessoas menores de 18 anos s\u00f3 podem usar nossos servi\u00e7os sob a supervis\u00e3o de seus pais, e os pais ser\u00e3o responsabilizados e responsabilizados no caso de qualquer dano sofrido por n\u00f3s. Se soubermos que coletamos informa\u00e7\u00f5es pessoais de uma crian\u00e7a menor de 18 anos que n\u00e3o foi autorizada a faz\u00ea-lo por seus pais, excluiremos essas informa\u00e7\u00f5es o mais r\u00e1pido poss\u00edvel. Se voc\u00ea acredita que podemos ter informa\u00e7\u00f5es de ou sobre uma crian\u00e7a menor de 18 anos, entre em contato conosco.<\/p>\n\n<h2 class=\"wp-block-heading\">10. Fus\u00f5es e aquisi\u00e7\u00f5es<\/h2>\n\n<p>No caso de uma fus\u00e3o ou aquisi\u00e7\u00e3o, reservamo-nos o direito de transferir qualquer informa\u00e7\u00e3o que mantemos, incluindo informa\u00e7\u00f5es pessoais, para a entidade nova ou emergente. Qualquer altera\u00e7\u00e3o nas pol\u00edticas e no status da plataforma ser\u00e1 comunicada a voc\u00ea por e-mail.<\/p>\n\n<h2 class=\"wp-block-heading\">11. Links para Plataformas de Terceiros<\/h2>\n\n<p>Nossa plataforma cont\u00e9m links para outras plataformas. O fato de vincularmos a uma plataforma n\u00e3o implica que somos afiliados, aprovamos ou representamos esse terceiro. N\u00e3o exercemos qualquer controlo sobre as plataformas de terceiros. Essas outras plataformas podem colocar seus pr\u00f3prios cookies ou outros arquivos em seu computador, coletar dados ou solicitar informa\u00e7\u00f5es pessoalmente identific\u00e1veis de voc\u00ea. Outros sites seguem regras diferentes em rela\u00e7\u00e3o ao uso ou divulga\u00e7\u00e3o de informa\u00e7\u00f5es pessoais que voc\u00ea envia a eles. Recomendamos que voc\u00ea leia as pol\u00edticas de privacidade ou declara\u00e7\u00f5es das outras plataformas que voc\u00ea visita.<\/p>\n\n<h2 class=\"wp-block-heading\">12. Phishing ou e-mails falsos<\/h2>\n\n<p>Se voc\u00ea receber um e-mail n\u00e3o solicitado, que parece ser nosso ou de um de nossos membros, solicitando que voc\u00ea forne\u00e7a informa\u00e7\u00f5es pessoais (por exemplo, Seu cart\u00e3o de cr\u00e9dito, nome de usu\u00e1rio ou senha) ou verificar ou confirmar sua conta ou outras informa\u00e7\u00f5es pessoais clicando em um link, ou se voc\u00ea for solicitado a compartilhar suas informa\u00e7\u00f5es pessoais com outro usu\u00e1rio, ent\u00e3o este e-mail provavelmente foi enviado por algu\u00e9m que est\u00e1 tentando obter suas informa\u00e7\u00f5es ilegalmente, o que \u00e0s vezes \u00e9 referido como um &#8220;phisher&#8221; ou &#8220;spoofer&#8221;. N\u00e3o pedimos esse tipo de informa\u00e7\u00e3o em um e-mail. N\u00e3o forne\u00e7a as informa\u00e7\u00f5es ou clique no link. Entre em contato conosco usando os detalhes de contato fornecidos na plataforma se voc\u00ea receber tal e-mail.<\/p>\n\n<h2 class=\"wp-block-heading\">13. Altera\u00e7\u00f5es \u00e0 nossa Pol\u00edtica de Privacidade<\/h2>\n\n<p>Podemos atualizar esta Pol\u00edtica de Privacidade e os procedimentos de seguran\u00e7a da informa\u00e7\u00e3o de tempos em tempos. Caso esses procedimentos de privacidade e\/ou seguran\u00e7a da informa\u00e7\u00e3o mudem materialmente a qualquer momento no futuro, publicaremos com destaque as novas altera\u00e7\u00f5es na Plataforma para notific\u00e1-lo e fornecer-lhe a oportunidade de optar por n\u00e3o participar de acordo com as disposi\u00e7\u00f5es acima.<\/p>\n\n<p>O uso continuado de nossa Plataforma e Servi\u00e7o ap\u00f3s a publica\u00e7\u00e3o de tais altera\u00e7\u00f5es significar\u00e1 que voc\u00ea reconhece tais altera\u00e7\u00f5es e concorda em estar vinculado aos termos e condi\u00e7\u00f5es de tais altera\u00e7\u00f5es.<\/p>\n\n<h2 class=\"wp-block-heading\">14. Viola\u00e7\u00e3o da Pol\u00edtica de Privacidade<\/h2>\n\n<p>Reservamo-nos o direito de encerrar ou suspender contas ou excluir determinados conte\u00fados de perfis ou \u00e1reas p\u00fablicas desta plataforma se a referida conta ou conte\u00fado violar nossa Pol\u00edtica de Privacidade. Pedimos sinceramente que voc\u00ea respeite as preocupa\u00e7\u00f5es de privacidade e confidencialidade de outras pessoas. A jurisdi\u00e7\u00e3o no caso de qualquer viola\u00e7\u00e3o ou disputa ser\u00e1 regida pelos termos de uso da plataforma.<\/p>\n","protected":false},"excerpt":{"rendered":"<p>1. Resumo da prote\u00e7\u00e3o de dados Informa\u00e7\u00f5es gerais As informa\u00e7\u00f5es a seguir fornecem uma vis\u00e3o geral simples do que acontece com seus dados pessoais quando voc\u00ea visita este site. Dados pessoais s\u00e3o quaisquer dados que possam ser usados para identific\u00e1-lo pessoalmente. Informa\u00e7\u00f5es detalhadas sobre o assunto de prote\u00e7\u00e3o de dados podem ser encontradas em nossa [&hellip;]<\/p>\n","protected":false},"author":1,"featured_media":0,"parent":10676,"menu_order":0,"comment_status":"closed","ping_status":"open","template":"","meta":{"footnotes":""},"class_list":["post-3203","page","type-page","status-publish","hentry"],"_links":{"self":[{"href":"https:\/\/mregio.de\/pt-br\/wp-json\/wp\/v2\/pages\/3203","targetHints":{"allow":["GET"]}}],"collection":[{"href":"https:\/\/mregio.de\/pt-br\/wp-json\/wp\/v2\/pages"}],"about":[{"href":"https:\/\/mregio.de\/pt-br\/wp-json\/wp\/v2\/types\/page"}],"author":[{"embeddable":true,"href":"https:\/\/mregio.de\/pt-br\/wp-json\/wp\/v2\/users\/1"}],"replies":[{"embeddable":true,"href":"https:\/\/mregio.de\/pt-br\/wp-json\/wp\/v2\/comments?post=3203"}],"version-history":[{"count":2,"href":"https:\/\/mregio.de\/pt-br\/wp-json\/wp\/v2\/pages\/3203\/revisions"}],"predecessor-version":[{"id":10698,"href":"https:\/\/mregio.de\/pt-br\/wp-json\/wp\/v2\/pages\/3203\/revisions\/10698"}],"up":[{"embeddable":true,"href":"https:\/\/mregio.de\/pt-br\/wp-json\/wp\/v2\/pages\/10676"}],"wp:attachment":[{"href":"https:\/\/mregio.de\/pt-br\/wp-json\/wp\/v2\/media?parent=3203"}],"curies":[{"name":"wp","href":"https:\/\/api.w.org\/{rel}","templated":true}]}}