{"id":3727,"date":"2020-09-28T19:01:42","date_gmt":"2020-09-28T17:01:42","guid":{"rendered":"https:\/\/mregio.de\/ufaqs\/jakie-urzadzenia-sa-obslugiwane\/"},"modified":"2020-09-28T19:01:42","modified_gmt":"2020-09-28T17:01:42","slug":"jakie-urzadzenia-sa-obslugiwane","status":"publish","type":"ufaq","link":"https:\/\/mregio.de\/pl\/ufaqs\/jakie-urzadzenia-sa-obslugiwane\/","title":{"rendered":"Jakie urz\u0105dzenia s\u0105 obs\u0142ugiwane?"},"content":{"rendered":"<div  class=\"ewd-ufaq-faq-list ewd-ufaq-page-type-load_more ewd-ufaq-category-tabs- ewd-ufaq-faq-category-title-accordion\" id='ewd-ufaq-faq-list'>\n\n\t<input type='hidden' name='show_on_load' value='' id='ewd-ufaq-show-on-load' \/>\n<input type='hidden' name='include_category' value='' id='ewd-ufaq-include-category' \/>\n<input type='hidden' name='exclude_category' value='' id='ewd-ufaq-exclude-category' \/>\n<input type='hidden' name='orderby' value='date' id='ewd-ufaq-orderby' \/>\n<input type='hidden' name='order' value='desc' id='ewd-ufaq-order' \/>\n<input type='hidden' name='post_count' value='-1' id='ewd-ufaq-post-count' \/>\n<input type='hidden' name='current_url' value='\/pl\/wp-json\/wp\/v2\/ufaq\/3727' id='ewd-ufaq-current-url' \/>\n\t\n\t\n\t<div class='ewd-ufaq-faqs'>\n\n\t\t<div  class=\"ewd-ufaq-faq-div ewd-ufaq-faq-column-count-one ewd-ufaq-faq-responsive-columns- ewd-ufaq-faq-display-style-default ewd-ufaq-can-be-toggled\" id='ewd-ufaq-post-3727-6cnuS5TVq1' data-post_id='3727'>\n\n\t\t\n\t<div class='ewd-ufaq-faq-title ewd-ufaq-faq-toggle'>\n\t\n\t<a class='ewd-ufaq-post-margin'  href='#' role=\"button\">\n\n\t\t<div class='ewd-ufaq-post-margin-symbol ewd-ufaq-square'>\n\t\t\t<span >A<\/span>\n\t\t<\/div>\n\n\t\t<div class='ewd-ufaq-faq-title-text'>\n\n\t\t\t<h4>\n\t\t\t\tJakie urz\u0105dzenia s\u0105 obs\u0142ugiwane?\t\t\t<\/h4>\n\n\t\t<\/div>\n\n\t\t<div class='ewd-ufaq-clear'><\/div>\n\n\t<\/a>\n\t\n<\/div>\n\t\n\t<div class='ewd-ufaq-faq-body' >\n\n\t\t\n\t\t\t\n\t\t\n\t\t\t<div class='ewd-ufaq-post-margin ewd-ufaq-faq-post'>\n\t<p><span style=\"font-size: 14pt;font-family: arial, helvetica, sans-serif\">Planer mebli online wymaga po\u0142\u0105czenia z Internetem i przegl\u0105dark\u0105 internetow\u0105.<br \/>\nPrzede wszystkim program mo\u017cna <\/span><span style=\"font-size: 14pt;font-family: arial, helvetica, sans-serif\">uruchomi\u0107 na komputerach stacjonarnych i Mac.<\/span><br \/>\n<span style=\"font-size: 14pt;font-family: arial, helvetica, sans-serif\">Mo\u017cliwe jest r\u00f3wnie\u017c rozwi\u0105zanie offline dla systemu Windows.<\/span><\/p>\n<p><span style=\"font-size: 14pt;font-family: arial, helvetica, sans-serif\">Aplikacja na smartfony ma by\u0107 dost\u0119pna na pocz\u0105tku 2024 roku.<\/span><\/p>\n<p><span style=\"font-size: 14pt;font-family: arial, helvetica, sans-serif\">Uwaga: na urz\u0105dzeniach z Androidem mo\u017cesz te\u017c prze\u0142\u0105czy\u0107 si\u0119 na &#8222;Witryn\u0119 na komputery&#8221; w prawym g\u00f3rnym rogu przegl\u0105darki.<br \/>\nNast\u0119pnie powinien rozpocz\u0105\u0107 si\u0119 planista gabinetu.<\/span><\/p>\n<p><img fetchpriority=\"high\" decoding=\"async\" class=\"alignnone size-full wp-image-2754\" src=\"https:\/\/mregio.de\/wp-content\/uploads\/2023\/10\/faq-android-desktop-site.png\" alt=\"FAQ Witryna Android na komputery\" width=\"209\" height=\"423\" title=\"\" srcset=\"https:\/\/mregio.de\/wp-content\/uploads\/2023\/10\/faq-android-desktop-site.png 209w, https:\/\/mregio.de\/wp-content\/uploads\/2023\/10\/faq-android-desktop-site-148x300.png 148w\" sizes=\"(max-width: 209px) 100vw, 209px\" \/><\/p>\n<\/div>\n\t\t\n\t\t\t<div class='ewd-ufaq-faq-custom-fields'>\n\n\t\n<\/div>\n\t\t\n\t\t\t\n\t\t\n\t\t\t\n\t\t\n\t\t\t\n\t\t\n\t\t\t\n\t\t\n\t\t\t\n\t\t\n\t\t\t\n\t\t\n\t\t\t<div class='ewd-ufaq-back-to-top'>\n\t\n\t<a class='ewd-ufaq-back-to-top-link'>\n\t\tBack to Top\t<\/a>\n\n<\/div>\n\t\t\n\t<\/div>\n\n<\/div>\n\t<\/div>\n\n\t\n<\/div>","protected":false},"excerpt":{"rendered":"<p>A Jakie urz\u0105dzenia s\u0105 obs\u0142ugiwane? Planer mebli online wymaga po\u0142\u0105czenia z Internetem i przegl\u0105dark\u0105 internetow\u0105. Przede wszystkim program mo\u017cna uruchomi\u0107 na komputerach stacjonarnych i Mac. Mo\u017cliwe jest r\u00f3wnie\u017c rozwi\u0105zanie offline dla systemu Windows. Aplikacja na smartfony ma by\u0107 dost\u0119pna na pocz\u0105tku 2024 roku. Uwaga: na urz\u0105dzeniach z Androidem mo\u017cesz te\u017c prze\u0142\u0105czy\u0107 si\u0119 na &#8222;Witryn\u0119 na [&hellip;]<\/p>\n","protected":false},"author":1,"comment_status":"closed","ping_status":"closed","template":"","ufaq-category":[6],"ufaq-tag":[11,10,8,12,9],"class_list":["post-3727","ufaq","type-ufaq","status-publish","hentry","ufaq-category-mregio-moebel-regional-produzieren","ufaq-tag-handy-mobelplaner","ufaq-tag-mac-mobelplaner","ufaq-tag-online-mobelplaner","ufaq-tag-tablet-mobelplaner","ufaq-tag-windows-mobelplaner"],"_links":{"self":[{"href":"https:\/\/mregio.de\/pl\/wp-json\/wp\/v2\/ufaq\/3727","targetHints":{"allow":["GET"]}}],"collection":[{"href":"https:\/\/mregio.de\/pl\/wp-json\/wp\/v2\/ufaq"}],"about":[{"href":"https:\/\/mregio.de\/pl\/wp-json\/wp\/v2\/types\/ufaq"}],"author":[{"embeddable":true,"href":"https:\/\/mregio.de\/pl\/wp-json\/wp\/v2\/users\/1"}],"replies":[{"embeddable":true,"href":"https:\/\/mregio.de\/pl\/wp-json\/wp\/v2\/comments?post=3727"}],"wp:attachment":[{"href":"https:\/\/mregio.de\/pl\/wp-json\/wp\/v2\/media?parent=3727"}],"wp:term":[{"taxonomy":"ufaq-category","embeddable":true,"href":"https:\/\/mregio.de\/pl\/wp-json\/wp\/v2\/ufaq-category?post=3727"},{"taxonomy":"ufaq-tag","embeddable":true,"href":"https:\/\/mregio.de\/pl\/wp-json\/wp\/v2\/ufaq-tag?post=3727"}],"curies":[{"name":"wp","href":"https:\/\/api.w.org\/{rel}","templated":true}]}}