{"id":3235,"date":"2020-09-28T17:46:59","date_gmt":"2020-09-28T15:46:59","guid":{"rendered":"https:\/\/mregio.de\/najczesciej-zadawane-pytania\/"},"modified":"2024-03-04T04:49:41","modified_gmt":"2024-03-04T03:49:41","slug":"najczesciej-zadawane-pytania","status":"publish","type":"page","link":"https:\/\/mregio.de\/pl\/najczesciej-zadawane-pytania\/","title":{"rendered":"Najcz\u0119\u015bciej zadawane pytania"},"content":{"rendered":"<div  class=\"ewd-ufaq-faq-list ewd-ufaq-page-type-load_more ewd-ufaq-category-tabs- ewd-ufaq-faq-category-title-accordion\" id='ewd-ufaq-faq-list'>\n\n\t<input type='hidden' name='show_on_load' value='' id='ewd-ufaq-show-on-load' \/>\n<input type='hidden' name='include_category' value='' id='ewd-ufaq-include-category' \/>\n<input type='hidden' name='exclude_category' value='' id='ewd-ufaq-exclude-category' \/>\n<input type='hidden' name='orderby' value='date' id='ewd-ufaq-orderby' \/>\n<input type='hidden' name='order' value='desc' id='ewd-ufaq-order' \/>\n<input type='hidden' name='post_count' value='-1' id='ewd-ufaq-post-count' \/>\n<input type='hidden' name='current_url' value='\/pl\/wp-json\/wp\/v2\/pages\/3235' id='ewd-ufaq-current-url' \/>\n\t\n\t\n\t<div class='ewd-ufaq-faqs'>\n\n\t\t<div  class=\"ewd-ufaq-faq-div ewd-ufaq-faq-column-count-one ewd-ufaq-faq-responsive-columns- ewd-ufaq-faq-display-style-default ewd-ufaq-can-be-toggled\" id='ewd-ufaq-post-3730-7zjDMYIbmR' data-post_id='3730'>\n\n\t\t\n\t<div class='ewd-ufaq-faq-title ewd-ufaq-faq-toggle'>\n\t\n\t<a class='ewd-ufaq-post-margin'  href='#' role=\"button\">\n\n\t\t<div class='ewd-ufaq-post-margin-symbol ewd-ufaq-square'>\n\t\t\t<span >a<\/span>\n\t\t<\/div>\n\n\t\t<div class='ewd-ufaq-faq-title-text'>\n\n\t\t\t<h4>\n\t\t\t\tKiedy MRegio Cabinet Planner b\u0119dzie dost\u0119pny?\t\t\t<\/h4>\n\n\t\t<\/div>\n\n\t\t<div class='ewd-ufaq-clear'><\/div>\n\n\t<\/a>\n\t\n<\/div>\n\t\n\t<div class='ewd-ufaq-faq-body ewd-ufaq-hidden' >\n\n\t\t\n\t\t\t\n\t\t\n\t\t\t<div class='ewd-ufaq-post-margin ewd-ufaq-faq-post'>\n\tInternetowy Planer Mebli MRegio jest dost\u0119pny od 27.10.2023 roku.\n\nB\u0119dziemy Ci\u0119 na bie\u017c\u0105co informowa\u0107 o nowo\u015bciach dotycz\u0105cych planera mebli na naszym blogu informacyjnym.<\/div>\n\t\t\n\t\t\t<div class='ewd-ufaq-faq-custom-fields'>\n\n\t\n<\/div>\n\t\t\n\t\t\t\n\t\t\n\t\t\t\n\t\t\n\t\t\t\n\t\t\n\t\t\t\n\t\t\n\t\t\t\n\t\t\n\t\t\t\n\t\t\n\t\t\t<div class='ewd-ufaq-back-to-top'>\n\t\n\t<a class='ewd-ufaq-back-to-top-link'>\n\t\tBack to Top\t<\/a>\n\n<\/div>\n\t\t\n\t<\/div>\n\n<\/div><div  class=\"ewd-ufaq-faq-div ewd-ufaq-faq-column-count-one ewd-ufaq-faq-responsive-columns- ewd-ufaq-faq-display-style-default ewd-ufaq-can-be-toggled\" id='ewd-ufaq-post-3734-rNm0Du8P84' data-post_id='3734'>\n\n\t\t\n\t<div class='ewd-ufaq-faq-title ewd-ufaq-faq-toggle'>\n\t\n\t<a class='ewd-ufaq-post-margin'  href='#' role=\"button\">\n\n\t\t<div class='ewd-ufaq-post-margin-symbol ewd-ufaq-square'>\n\t\t\t<span >a<\/span>\n\t\t<\/div>\n\n\t\t<div class='ewd-ufaq-faq-title-text'>\n\n\t\t\t<h4>\n\t\t\t\tW jaki spos\u00f3b rzemie\u015blnicy, us\u0142ugodawcy i producenci mog\u0105 skorzysta\u0107 z MRegio?\t\t\t<\/h4>\n\n\t\t<\/div>\n\n\t\t<div class='ewd-ufaq-clear'><\/div>\n\n\t<\/a>\n\t\n<\/div>\n\t\n\t<div class='ewd-ufaq-faq-body ewd-ufaq-hidden' >\n\n\t\t\n\t\t\t\n\t\t\n\t\t\t<div class='ewd-ufaq-post-margin ewd-ufaq-faq-post'>\n\t<p><strong>Jeste\u015b rzemie\u015blnikiem, stolarzem, sklepem, na targach, monterem wn\u0119trz lub planist\u0105?<\/strong><\/p>\n<p>Projektant mebli MRegio wspiera Ci\u0119 na miejscu lub u klienta w fazie projektowania, a tak\u017ce w osobistym doradztwie dla klienta.<\/p>\n<p>Na miejscu mo\u017cesz szybko i \u0142atwo zaplanowa\u0107 meblo\u015bciank\u0119 i wiele innych mebli dla swoich klient\u00f3w.<br \/>\nNasz internetowy planer mebli jest szybki i \u0142atwy w u\u017cyciu.<br \/>\nW mo\u017cliwie najkr\u00f3tszym czasie stworzysz sensowne propozycje planowania nowego wyposa\u017cenia domu.<\/p>\n<p>Projektanci wn\u0119trz i dekoratorzy wn\u0119trz planuj\u0105 i projektuj\u0105 indywidualne meble dla swoich klient\u00f3w i z nimi.<br \/>\nW przeciwie\u0144stwie do wielu innych internetowych narz\u0119dzi do planowania szafek, oferujemy narz\u0119dzie, kt\u00f3re pozwala w przejrzysty spos\u00f3b wy\u015bwietli\u0107 kilka mebli, szafek i p\u00f3\u0142ek w przegl\u0105darce internetowej.<br \/>\nDzi\u0119ki prawdziwym sytuacjom w pomieszczeniu masz realistyczne wra\u017cenie tego, jak Tw\u00f3j pok\u00f3j b\u0119dzie wygl\u0105da\u0142 p\u00f3\u017aniej dzi\u0119ki r\u0119cznie robionym meblom z Internetu.<\/p>\n<p><strong>Wsparcie w przygotowaniu pracy i produkcji<\/strong><br \/>\nW tym momencie nasz internetowy planer mebli wspiera proces przygotowania pracy.<br \/>\nPozw\u00f3l rzemie\u015blnikowi narysowa\u0107 meble, kt\u00f3re chcesz, za pomoc\u0105 naszego internetowego planera szafek.<br \/>\nZ tych mebli w tle generowany jest plik, kt\u00f3ry zawiera wszystkie informacje do produkcji.<\/p>\n<p>Nasz internetowy planer mebli skupia si\u0119 na projektowaniu Twoich mebli.<br \/>\nSzczeg\u00f3\u0142y techniczne, takie jak rowek w \u015bcianie tylnej, okucia, kraw\u0119dzie lub po\u0142\u0105czenia naro\u017cne, mo\u017cna p\u00f3\u017aniej \u0142atwo przyporz\u0105dkowa\u0107 do osnowy za pomoc\u0105 specyfikacji.<br \/>\nUtworzone plany mo\u017cna zaimportowa\u0107 do programu CAD za pomoc\u0105 interfejs\u00f3w.<\/p>\n<p>Klienci korzystaj\u0105cy z naszego oprogramowania ElementsCAD mog\u0105 nawet importowa\u0107 meble w skali 1:1, zachowuj\u0105c przy tym pe\u0142ne parametry.<\/p>\n<\/div>\n\t\t\n\t\t\t<div class='ewd-ufaq-faq-custom-fields'>\n\n\t\n<\/div>\n\t\t\n\t\t\t\n\t\t\n\t\t\t\n\t\t\n\t\t\t\n\t\t\n\t\t\t\n\t\t\n\t\t\t\n\t\t\n\t\t\t\n\t\t\n\t\t\t<div class='ewd-ufaq-back-to-top'>\n\t\n\t<a class='ewd-ufaq-back-to-top-link'>\n\t\tBack to Top\t<\/a>\n\n<\/div>\n\t\t\n\t<\/div>\n\n<\/div><div  class=\"ewd-ufaq-faq-div ewd-ufaq-faq-column-count-one ewd-ufaq-faq-responsive-columns- ewd-ufaq-faq-display-style-default ewd-ufaq-can-be-toggled\" id='ewd-ufaq-post-3722-ArGJsF1mtE' data-post_id='3722'>\n\n\t\t\n\t<div class='ewd-ufaq-faq-title ewd-ufaq-faq-toggle'>\n\t\n\t<a class='ewd-ufaq-post-margin'  href='#' role=\"button\">\n\n\t\t<div class='ewd-ufaq-post-margin-symbol ewd-ufaq-square'>\n\t\t\t<span >a<\/span>\n\t\t<\/div>\n\n\t\t<div class='ewd-ufaq-faq-title-text'>\n\n\t\t\t<h4>\n\t\t\t\tCo odr\u00f3\u017cnia MRegio Furniture Planner od innych internetowych planer\u00f3w szafek?\t\t\t<\/h4>\n\n\t\t<\/div>\n\n\t\t<div class='ewd-ufaq-clear'><\/div>\n\n\t<\/a>\n\t\n<\/div>\n\t\n\t<div class='ewd-ufaq-faq-body ewd-ufaq-hidden' >\n\n\t\t\n\t\t\t\n\t\t\n\t\t\t<div class='ewd-ufaq-post-margin ewd-ufaq-faq-post'>\n\t<p><span style=\"font-size: 14pt;font-family: arial, helvetica, sans-serif\">Jednym z g\u0142\u00f3wnych kryteri\u00f3w internetowego planera mebli MRegio jest czynnik zabawy. Dzi\u0119ki naszemu planerowi szafek mo\u017cesz zaprojektowa\u0107 swoje wymarzone meble w zabawny spos\u00f3b. Nie ma potrzeby wprowadzania tysi\u0119cy parametr\u00f3w.<\/span><\/p>\n<p><span style=\"font-size: 14pt;font-family: arial, helvetica, sans-serif\">W przeciwie\u0144stwie do wi\u0119kszo\u015bci innych projektant\u00f3w szafek, u nas mo\u017cesz pu\u015bci\u0107 wodze fantazji.<br \/>\nSkupiamy si\u0119 na wygl\u0105dzie gotowych mebli.<\/span><\/p>\n<p><span style=\"font-size: 14pt;font-family: arial, helvetica, sans-serif\">Dla nas nie chodzi o sztywne przyporz\u0105dkowanie wymiar\u00f3w i w\u0142a\u015bciwo\u015bci, ale o kreatywny, zabawny design.<\/span><\/p>\n<p>\u00a0<\/p>\n<\/div>\n\t\t\n\t\t\t<div class='ewd-ufaq-faq-custom-fields'>\n\n\t\n<\/div>\n\t\t\n\t\t\t\n\t\t\n\t\t\t\n\t\t\n\t\t\t\n\t\t\n\t\t\t\n\t\t\n\t\t\t\n\t\t\n\t\t\t\n\t\t\n\t\t\t<div class='ewd-ufaq-back-to-top'>\n\t\n\t<a class='ewd-ufaq-back-to-top-link'>\n\t\tBack to Top\t<\/a>\n\n<\/div>\n\t\t\n\t<\/div>\n\n<\/div><div  class=\"ewd-ufaq-faq-div ewd-ufaq-faq-column-count-one ewd-ufaq-faq-responsive-columns- ewd-ufaq-faq-display-style-default ewd-ufaq-can-be-toggled\" id='ewd-ufaq-post-3727-BMfg1VVQPL' data-post_id='3727'>\n\n\t\t\n\t<div class='ewd-ufaq-faq-title ewd-ufaq-faq-toggle'>\n\t\n\t<a class='ewd-ufaq-post-margin'  href='#' role=\"button\">\n\n\t\t<div class='ewd-ufaq-post-margin-symbol ewd-ufaq-square'>\n\t\t\t<span >a<\/span>\n\t\t<\/div>\n\n\t\t<div class='ewd-ufaq-faq-title-text'>\n\n\t\t\t<h4>\n\t\t\t\tJakie urz\u0105dzenia s\u0105 obs\u0142ugiwane?\t\t\t<\/h4>\n\n\t\t<\/div>\n\n\t\t<div class='ewd-ufaq-clear'><\/div>\n\n\t<\/a>\n\t\n<\/div>\n\t\n\t<div class='ewd-ufaq-faq-body ewd-ufaq-hidden' >\n\n\t\t\n\t\t\t\n\t\t\n\t\t\t<div class='ewd-ufaq-post-margin ewd-ufaq-faq-post'>\n\t<p><span style=\"font-size: 14pt;font-family: arial, helvetica, sans-serif\">Planer mebli online wymaga po\u0142\u0105czenia z Internetem i przegl\u0105dark\u0105 internetow\u0105.<br \/>\nPrzede wszystkim program mo\u017cna <\/span><span style=\"font-size: 14pt;font-family: arial, helvetica, sans-serif\">uruchomi\u0107 na komputerach stacjonarnych i Mac.<\/span><br \/>\n<span style=\"font-size: 14pt;font-family: arial, helvetica, sans-serif\">Mo\u017cliwe jest r\u00f3wnie\u017c rozwi\u0105zanie offline dla systemu Windows.<\/span><\/p>\n<p><span style=\"font-size: 14pt;font-family: arial, helvetica, sans-serif\">Aplikacja na smartfony ma by\u0107 dost\u0119pna na pocz\u0105tku 2024 roku.<\/span><\/p>\n<p><span style=\"font-size: 14pt;font-family: arial, helvetica, sans-serif\">Uwaga: na urz\u0105dzeniach z Androidem mo\u017cesz te\u017c prze\u0142\u0105czy\u0107 si\u0119 na &#8222;Witryn\u0119 na komputery&#8221; w prawym g\u00f3rnym rogu przegl\u0105darki.<br \/>\nNast\u0119pnie powinien rozpocz\u0105\u0107 si\u0119 planista gabinetu.<\/span><\/p>\n<p><img fetchpriority=\"high\" decoding=\"async\" class=\"alignnone size-full wp-image-2754\" src=\"https:\/\/mregio.de\/wp-content\/uploads\/2023\/10\/faq-android-desktop-site.png\" alt=\"FAQ Witryna Android na komputery\" width=\"209\" height=\"423\" title=\"\" srcset=\"https:\/\/mregio.de\/wp-content\/uploads\/2023\/10\/faq-android-desktop-site.png 209w, https:\/\/mregio.de\/wp-content\/uploads\/2023\/10\/faq-android-desktop-site-148x300.png 148w\" sizes=\"(max-width: 209px) 100vw, 209px\" \/><\/p>\n<\/div>\n\t\t\n\t\t\t<div class='ewd-ufaq-faq-custom-fields'>\n\n\t\n<\/div>\n\t\t\n\t\t\t\n\t\t\n\t\t\t\n\t\t\n\t\t\t\n\t\t\n\t\t\t\n\t\t\n\t\t\t\n\t\t\n\t\t\t\n\t\t\n\t\t\t<div class='ewd-ufaq-back-to-top'>\n\t\n\t<a class='ewd-ufaq-back-to-top-link'>\n\t\tBack to Top\t<\/a>\n\n<\/div>\n\t\t\n\t<\/div>\n\n<\/div><div  class=\"ewd-ufaq-faq-div ewd-ufaq-faq-column-count-one ewd-ufaq-faq-responsive-columns- ewd-ufaq-faq-display-style-default ewd-ufaq-can-be-toggled\" id='ewd-ufaq-post-3717-ri6PgqocCl' data-post_id='3717'>\n\n\t\t\n\t<div class='ewd-ufaq-faq-title ewd-ufaq-faq-toggle'>\n\t\n\t<a class='ewd-ufaq-post-margin'  href='#' role=\"button\">\n\n\t\t<div class='ewd-ufaq-post-margin-symbol ewd-ufaq-square'>\n\t\t\t<span >a<\/span>\n\t\t<\/div>\n\n\t\t<div class='ewd-ufaq-faq-title-text'>\n\n\t\t\t<h4>\n\t\t\t\tJakie s\u0105 zalety MRegio dla stolarzy lub architekt\u00f3w (wn\u0119trz)?\t\t\t<\/h4>\n\n\t\t<\/div>\n\n\t\t<div class='ewd-ufaq-clear'><\/div>\n\n\t<\/a>\n\t\n<\/div>\n\t\n\t<div class='ewd-ufaq-faq-body ewd-ufaq-hidden' >\n\n\t\t\n\t\t\t\n\t\t\n\t\t\t<div class='ewd-ufaq-post-margin ewd-ufaq-faq-post'>\n\t<p><span style=\"font-size: 14pt;font-family: arial, helvetica, sans-serif\">Dzi\u0119ki programowi do planowania online mo\u017cesz wygodnie planowa\u0107 i zapisywa\u0107 swoje projekty w domu, w podr\u00f3\u017cy lub bezpo\u015brednio u klienta.<\/span><\/p>\n<\/div>\n\t\t\n\t\t\t<div class='ewd-ufaq-faq-custom-fields'>\n\n\t\n<\/div>\n\t\t\n\t\t\t\n\t\t\n\t\t\t\n\t\t\n\t\t\t\n\t\t\n\t\t\t\n\t\t\n\t\t\t\n\t\t\n\t\t\t\t<div id=\"respond\" class=\"comment-respond\">\n\t\t<h3 id=\"reply-title\" class=\"comment-reply-title\">Dodaj komentarz<\/h3><p class=\"must-log-in\">Musisz si\u0119 <a href=\"https:\/\/mregio.de\/wp-login.php?redirect_to=https%3A%2F%2Fmregio.de%2Fpl%2Fufaqs%2Fjakie-sa-zalety-mregio-dla-stolarzy-lub-architektow-wnetrz%2F\">zalogowa\u0107<\/a>, aby m\u00f3c doda\u0107 komentarz.<\/p>\t<\/div><!-- #respond -->\n\t\n\t\t\n\t\t\t<div class='ewd-ufaq-back-to-top'>\n\t\n\t<a class='ewd-ufaq-back-to-top-link'>\n\t\tBack to Top\t<\/a>\n\n<\/div>\n\t\t\n\t<\/div>\n\n<\/div><div  class=\"ewd-ufaq-faq-div ewd-ufaq-faq-column-count-one ewd-ufaq-faq-responsive-columns- ewd-ufaq-faq-display-style-default ewd-ufaq-can-be-toggled\" id='ewd-ufaq-post-3728-fFCcnr49AQ' data-post_id='3728'>\n\n\t\t\n\t<div class='ewd-ufaq-faq-title ewd-ufaq-faq-toggle'>\n\t\n\t<a class='ewd-ufaq-post-margin'  href='#' role=\"button\">\n\n\t\t<div class='ewd-ufaq-post-margin-symbol ewd-ufaq-square'>\n\t\t\t<span >a<\/span>\n\t\t<\/div>\n\n\t\t<div class='ewd-ufaq-faq-title-text'>\n\n\t\t\t<h4>\n\t\t\t\tDla jakich grup docelowych przeznaczony jest MRegio?\t\t\t<\/h4>\n\n\t\t<\/div>\n\n\t\t<div class='ewd-ufaq-clear'><\/div>\n\n\t<\/a>\n\t\n<\/div>\n\t\n\t<div class='ewd-ufaq-faq-body ewd-ufaq-hidden' >\n\n\t\t\n\t\t\t\n\t\t\n\t\t\t<div class='ewd-ufaq-post-margin ewd-ufaq-faq-post'>\n\t<ul>\n<li><span style=\"font-size: 14pt;font-family: arial, helvetica, sans-serif\">Dla stolarzy, stolarzy, architekt\u00f3w (wn\u0119trz), projektant\u00f3w sklep\u00f3w, targ\u00f3w i wn\u0119trz&#8230;<\/span><\/li>\n<li><span style=\"font-size: 14pt;font-family: arial, helvetica, sans-serif\">Dla klient\u00f3w prywatnych, komercyjnych, restauracji, hoteli&#8230;<\/span><\/li>\n<li><span style=\"font-size: 14pt;font-family: arial, helvetica, sans-serif\">Dla dostawc\u00f3w, dekoracji, armatury, producent\u00f3w paneli&#8230;<\/span><\/li>\n<\/ul>\n<\/div>\n\t\t\n\t\t\t<div class='ewd-ufaq-faq-custom-fields'>\n\n\t\n<\/div>\n\t\t\n\t\t\t\n\t\t\n\t\t\t\n\t\t\n\t\t\t\n\t\t\n\t\t\t\n\t\t\n\t\t\t\n\t\t\n\t\t\t\t<div id=\"respond\" class=\"comment-respond\">\n\t\t<h3 id=\"reply-title\" class=\"comment-reply-title\">Dodaj komentarz<\/h3><p class=\"must-log-in\">Musisz si\u0119 <a href=\"https:\/\/mregio.de\/wp-login.php?redirect_to=https%3A%2F%2Fmregio.de%2Fpl%2Fufaqs%2Fdla-jakich-grup-docelowych-przeznaczony-jest-mregio%2F\">zalogowa\u0107<\/a>, aby m\u00f3c doda\u0107 komentarz.<\/p>\t<\/div><!-- #respond -->\n\t\n\t\t\n\t\t\t<div class='ewd-ufaq-back-to-top'>\n\t\n\t<a class='ewd-ufaq-back-to-top-link'>\n\t\tBack to Top\t<\/a>\n\n<\/div>\n\t\t\n\t<\/div>\n\n<\/div><div  class=\"ewd-ufaq-faq-div ewd-ufaq-faq-column-count-one ewd-ufaq-faq-responsive-columns- ewd-ufaq-faq-display-style-default ewd-ufaq-can-be-toggled\" id='ewd-ufaq-post-3700-G7n7XlwHjE' data-post_id='3700'>\n\n\t\t\n\t<div class='ewd-ufaq-faq-title ewd-ufaq-faq-toggle'>\n\t\n\t<a class='ewd-ufaq-post-margin'  href='#' role=\"button\">\n\n\t\t<div class='ewd-ufaq-post-margin-symbol ewd-ufaq-square'>\n\t\t\t<span >a<\/span>\n\t\t<\/div>\n\n\t\t<div class='ewd-ufaq-faq-title-text'>\n\n\t\t\t<h4>\n\t\t\t\tJak dzia\u0142a MRegio dla klient\u00f3w prywatnych?\t\t\t<\/h4>\n\n\t\t<\/div>\n\n\t\t<div class='ewd-ufaq-clear'><\/div>\n\n\t<\/a>\n\t\n<\/div>\n\t\n\t<div class='ewd-ufaq-faq-body ewd-ufaq-hidden' >\n\n\t\t\n\t\t\t\n\t\t\n\t\t\t<div class='ewd-ufaq-post-margin ewd-ufaq-faq-post'>\n\t<p><strong><span style=\"font-family: Arial, Helvetica, sans-serif\">Jeste\u015b klientem prywatnym?<\/span><\/strong><\/p>\n<p><span style=\"font-size: 14pt;font-family: arial, helvetica, sans-serif\">Dzi\u0119ki naszemu planerowi szafek online mo\u017cesz zaplanowa\u0107 swoje meble i wys\u0142a\u0107 je e-mailem do najbli\u017cszego stolarza.<br \/>\nNa podstawie tego planowania mo\u017cna bezpo\u015brednio przetwarza\u0107 dalsze szczeg\u00f3\u0142y, a ostatecznie zam\u00f3wienie z danym stolarzem.<\/span><\/p>\n<p><span style=\"font-size: 14pt;font-family: arial, helvetica, sans-serif\">W nowszych wersjach mo\u017cesz zarejestrowa\u0107 si\u0119 online.<br \/>\n<\/span><span style=\"font-size: 14pt;font-family: arial, helvetica, sans-serif\">Nast\u0119pnie na podstawie kodu pocztowego zostan\u0105 Ci wy\u015bwietleni odpowiedni stolarze lub us\u0142ugodawcy w Twojej okolicy.<\/span><\/p>\n<\/div>\n\t\t\n\t\t\t<div class='ewd-ufaq-faq-custom-fields'>\n\n\t\n<\/div>\n\t\t\n\t\t\t\n\t\t\n\t\t\t\n\t\t\n\t\t\t\n\t\t\n\t\t\t\n\t\t\n\t\t\t\n\t\t\n\t\t\t\n\t\t\n\t\t\t<div class='ewd-ufaq-back-to-top'>\n\t\n\t<a class='ewd-ufaq-back-to-top-link'>\n\t\tBack to Top\t<\/a>\n\n<\/div>\n\t\t\n\t<\/div>\n\n<\/div>\n\t<\/div>\n\n\t\n<\/div>\n","protected":false},"excerpt":{"rendered":"<p>A Jak dzia\u0142a MRegio dla klient\u00f3w prywatnych? Jeste\u015b klientem prywatnym? Dzi\u0119ki naszemu planerowi szafek online mo\u017cesz zaplanowa\u0107 swoje meble i wys\u0142a\u0107 je e-mailem do najbli\u017cszego stolarza. Na podstawie tego planowania mo\u017cna bezpo\u015brednio przetwarza\u0107 dalsze szczeg\u00f3\u0142y, a ostatecznie zam\u00f3wienie z danym stolarzem. W nowszych wersjach mo\u017cesz zarejestrowa\u0107 si\u0119 online. Nast\u0119pnie na podstawie kodu pocztowego zostan\u0105 Ci [&hellip;]<\/p>\n","protected":false},"author":1,"featured_media":0,"parent":0,"menu_order":0,"comment_status":"closed","ping_status":"closed","template":"","meta":{"footnotes":""},"class_list":["post-3235","page","type-page","status-publish","hentry"],"_links":{"self":[{"href":"https:\/\/mregio.de\/pl\/wp-json\/wp\/v2\/pages\/3235","targetHints":{"allow":["GET"]}}],"collection":[{"href":"https:\/\/mregio.de\/pl\/wp-json\/wp\/v2\/pages"}],"about":[{"href":"https:\/\/mregio.de\/pl\/wp-json\/wp\/v2\/types\/page"}],"author":[{"embeddable":true,"href":"https:\/\/mregio.de\/pl\/wp-json\/wp\/v2\/users\/1"}],"replies":[{"embeddable":true,"href":"https:\/\/mregio.de\/pl\/wp-json\/wp\/v2\/comments?post=3235"}],"version-history":[{"count":0,"href":"https:\/\/mregio.de\/pl\/wp-json\/wp\/v2\/pages\/3235\/revisions"}],"wp:attachment":[{"href":"https:\/\/mregio.de\/pl\/wp-json\/wp\/v2\/media?parent=3235"}],"curies":[{"name":"wp","href":"https:\/\/api.w.org\/{rel}","templated":true}]}}