{"id":3208,"date":"2020-09-28T16:44:18","date_gmt":"2020-09-28T14:44:18","guid":{"rendered":"https:\/\/mregio.de\/polityka-prywatnosci\/"},"modified":"2024-11-14T11:17:05","modified_gmt":"2024-11-14T10:17:05","slug":"polityka-prywatnosci","status":"publish","type":"page","link":"https:\/\/mregio.de\/pl\/prawnych\/polityka-prywatnosci\/","title":{"rendered":"Polityka prywatno\u015bci"},"content":{"rendered":"\n<h2 class=\"wp-block-heading\">1. Ochrona danych w skr\u00f3cie<\/h2>\n\n<h3 class=\"wp-block-heading\">Informacje og\u00f3lne<\/h3>\n\n<p>Poni\u017csze informacje stanowi\u0105 prosty przegl\u0105d tego, co dzieje si\u0119 z Twoimi danymi osobowymi podczas odwiedzania tej strony internetowej. Dane osobowe to wszelkie dane, kt\u00f3re mog\u0105 by\u0107 wykorzystane do identyfikacji u\u017cytkownika. Szczeg\u00f3\u0142owe informacje na temat ochrony danych osobowych mo\u017cna znale\u017a\u0107 w naszej polityce prywatno\u015bci wymienionej pod tym tekstem.<\/p>\n\n<h3 class=\"wp-block-heading\">Kto jest odpowiedzialny za gromadzenie danych na tej stronie internetowej?<\/h3>\n\n<p>Przetwarzanie danych na tej stronie internetowej odbywa si\u0119 przez operatora strony internetowej. Ich dane kontaktowe mo\u017cna znale\u017a\u0107 w sekcji &#8222;Uwaga dotycz\u0105ca podmiotu odpowiedzialnego&#8221; w niniejszej polityce prywatno\u015bci.<\/p>\n\n<h3 class=\"wp-block-heading\">W jaki spos\u00f3b gromadzimy Twoje dane?<\/h3>\n\n<p>Z jednej strony Twoje dane s\u0105 gromadzone, gdy nam je przekazujesz. Mog\u0105 to by\u0107 np. dane, kt\u00f3re wprowadzasz do formularza kontaktowego.<br\/>Inne dane s\u0105 zbierane automatycznie lub za Twoj\u0105 zgod\u0105 podczas odwiedzania strony internetowej przez nasze systemy informatyczne. S\u0105 to g\u0142\u00f3wnie dane techniczne (np. przegl\u0105darka internetowa, system operacyjny czy czas wej\u015bcia na stron\u0119). Dane te s\u0105 zbierane automatycznie, gdy tylko wejdziesz na t\u0119 stron\u0119 internetow\u0105.<\/p>\n\n<h3 class=\"wp-block-heading\">Do czego wykorzystujemy Twoje dane?<\/h3>\n\n<p>Gromadzone przez nas dane osobowe wykorzystujemy do realizacji Twoich pr\u00f3\u015bb o us\u0142ugi, ulepszania naszych us\u0142ug i kontaktowania si\u0119 z Tob\u0105.<\/p>\n\n<p>Podaj\u0105c nam sw\u00f3j adres e-mail, wyra\u017casz zgod\u0119 na wykorzystanie przez nas tego adresu e-mail do przekazywania Ci wiadomo\u015bci zwi\u0105zanych z nasz\u0105 Platform\u0105 i Us\u0142ugami, w tym wszelkich powiadomie\u0144 wymaganych przez prawo, zamiast powiadomie\u0144 poczt\u0105. Wyra\u017casz r\u00f3wnie\u017c zgod\u0119 na wysy\u0142anie przez nas powiadomie\u0144 o aktywno\u015bci na naszej Platformie na podany przez Ciebie adres e-mail, zgodnie ze wszystkimi obowi\u0105zuj\u0105cymi ustawieniami prywatno\u015bci. Mo\u017cemy u\u017cywa\u0107 Twojego adresu e-mail do wysy\u0142ania Ci innych wiadomo\u015bci, takich jak biuletyny, zmiany w naszych funkcjach lub inne informacje. Je\u015bli nie chcesz otrzymywa\u0107 opcjonalnych wiadomo\u015bci e-mail, mo\u017cesz zmieni\u0107 swoje preferencje, aby ich nie otrzymywa\u0107.<\/p>\n\n<p>Nasze ustawienia mog\u0105 r\u00f3wnie\u017c umo\u017cliwia\u0107 dostosowanie preferencji dotycz\u0105cych komunikacji. Je\u015bli u\u017cytkownik nie chce otrzymywa\u0107 od nas promocyjnych wiadomo\u015bci e-mail, mo\u017ce zrezygnowa\u0107 z subskrypcji, post\u0119puj\u0105c zgodnie z instrukcjami zawartymi w tych wiadomo\u015bciach e-mail, aby zrezygnowa\u0107 z subskrypcji. Je\u015bli zrezygnujesz, nadal b\u0119dziesz otrzymywa\u0107 od nas wiadomo\u015bci e-mail o charakterze niepromocyjnym dotycz\u0105ce Twojego konta i naszych Us\u0142ug.<\/p>\n\n<p>Po zako\u0144czeniu lub dezaktywacji Us\u0142ug mo\u017cemy zachowa\u0107 (ale nie jeste\u015bmy zobowi\u0105zani) zachowa\u0107 informacje o u\u017cytkowniku w celach archiwalnych. B\u0119dziemy ujawnia\u0107 Twoje dane osobowe wy\u0142\u0105cznie w spos\u00f3b opisany w niniejszej Polityce prywatno\u015bci.<\/p>\n\n<p>Zastrzegamy sobie prawo, wed\u0142ug w\u0142asnego uznania i z dowolnego powodu, do usuni\u0119cia wszelkich tre\u015bci lub wiadomo\u015bci, je\u015bli uznamy, \u017ce jest to konieczne: (a) przestrzegania prawa, post\u0119powania s\u0105dowego dor\u0119czonego nam lub dochodzenia, zapobiegania lub podejmowania dzia\u0142a\u0144 w zwi\u0105zku z podejrzeniem lub faktyczn\u0105 dzia\u0142alno\u015bci\u0105 niezgodn\u0105 z prawem; (b) w celu egzekwowania niniejszej Polityki, podejmowania \u015brodk\u00f3w ostro\u017cno\u015bci w celu unikni\u0119cia odpowiedzialno\u015bci, badania i obrony przed roszczeniami lub zarzutami os\u00f3b trzecich, pomocy rz\u0105dowym organom \u015bcigania lub ochrony bezpiecze\u0144stwa lub integralno\u015bci naszej Platformy; lub (c) w celu wykonywania lub ochrony praw, w\u0142asno\u015bci lub bezpiecze\u0144stwa osobistego Platformy, naszych u\u017cytkownik\u00f3w lub innych os\u00f3b.<\/p>\n\n<p>Wysy\u0142anie innych wiadomo\u015bci, kt\u00f3re pomagaj\u0105 nam \u015bwiadczy\u0107 nasze us\u0142ugi w Witrynie;<\/p>\n\n<p>Nie pokazujemy \u017cadnemu u\u017cytkownikowi, gdzie mieszka inny u\u017cytkownik.<\/p>\n\n<p>Nie udost\u0119pniamy Twojego adresu e-mail innym u\u017cytkownikom;<\/p>\n\n<p>Dezaktywuj\u0105c swoje konto, mo\u017cesz trwale usun\u0105\u0107 wszystkie dane, dzi\u0119ki czemu Ty lub my nie b\u0119dziemy ju\u017c mieli do nich dost\u0119pu.<\/p>\n\n<p>Zewn\u0119trzni dostawcy us\u0142ug: Anga\u017cujemy inne firmy i osoby do wykonywania zada\u0144 w naszym imieniu. Przyk\u0142ady obejmuj\u0105 zapewnianie wsparcia marketingowego, dostarczanie wynik\u00f3w wyszukiwania i link\u00f3w (w tym p\u0142atnych ofert i link\u00f3w), przetwarzanie p\u0142atno\u015bci kart\u0105 kredytow\u0105 i zapewnianie obs\u0142ugi klienta. W zwi\u0105zku z wykonywaniem zada\u0144 w naszym imieniu mo\u017cemy udost\u0119pnia\u0107 dane osobowe tym firmom i osobom w zakresie niezb\u0119dnym do wykonywania ich funkcji. Nie zezwalamy jednak tym firmom i osobom fizycznym na wykorzystywanie danych osobowych do jakichkolwiek innych cel\u00f3w. Ponadto mo\u017cemy udost\u0119pnia\u0107 dane nieosobowe reklamodawcom i innym stronom trzecim, aby mog\u0142y one wykorzystywa\u0107 je do cel\u00f3w marketingowych wobec nas, siebie lub innych os\u00f3b. Je\u015bli w wyniku takich dzia\u0142a\u0144 u\u017cytkownik nie jest zainteresowany otrzymywaniem ukierunkowanych reklam lub innych informacji lub materia\u0142\u00f3w marketingowych, mo\u017ce dostosowa\u0107 ustawienia na swoich urz\u0105dzeniach mobilnych, aby zapobiec wykorzystywaniu w ten spos\u00f3b informacji nieumo\u017cliwiaj\u0105cych identyfikacji u\u017cytkownika.<\/p>\n\n<p>Promocje wewn\u0119trzne: Od czasu do czasu mo\u017cemy \u0142\u0105czy\u0107 informacje, kt\u00f3re otrzymujemy za po\u015brednictwem naszych Us\u0142ug, z rejestrami zewn\u0119trznymi, aby poprawi\u0107 nasz\u0105 zdolno\u015b\u0107 do promowania naszych us\u0142ug, kt\u00f3re mog\u0105 Ci\u0119 zainteresowa\u0107. Je\u015bli u\u017cytkownik zarejestrowa\u0142 si\u0119 w celu otrzymywania naszych wiadomo\u015bci e-mail i nie chce otrzymywa\u0107 informacji marketingowych w zwi\u0105zku z naszymi Us\u0142ugami, powinien post\u0119powa\u0107 zgodnie z instrukcjami dotycz\u0105cymi rezygnacji z subskrypcji zawartymi w ka\u017cdej marketingowej wiadomo\u015bci e-mail otrzymywanej w zwi\u0105zku z naszymi Us\u0142ugami lub post\u0119powa\u0107 zgodnie z instrukcjami zawartymi w naszym formularzu rezygnacji z subskrypcji wiadomo\u015bci e-mail, jak opisano poni\u017cej w sekcji &#8222;Pro\u015bby o rezygnacj\u0119 z subskrypcji&#8221;.<\/p>\n\n<p>Transfery biznesowe: W ramach rozwoju naszej dzia\u0142alno\u015bci mo\u017cemy sprzeda\u0107 jedn\u0105 lub wi\u0119cej naszych sp\u00f3\u0142ek, sp\u00f3\u0142ek zale\u017cnych lub jednostek biznesowych. W takich transakcjach dane osobowe s\u0105 zazwyczaj jednym z przekazywanych warto\u015bci firmy. W takim przypadku niniejsza Polityka prywatno\u015bci mo\u017ce zosta\u0107 zmodyfikowana w spos\u00f3b opisany poni\u017cej lub gromadzenie i wykorzystywanie danych osobowych u\u017cytkownika mo\u017ce podlega\u0107 innej Polityce prywatno\u015bci.<\/p>\n\n<p>Ochrona naszych us\u0142ug i innych os\u00f3b: Zastrzegamy sobie prawo do ujawnienia danych osobowych niepowi\u0105zanym stronom trzecim, je\u015bli uznamy, \u017ce ujawnienie jest w\u0142a\u015bciwe w celu zachowania zgodno\u015bci z prawem, egzekwowania lub stosowania naszych Warunk\u00f3w \u015bwiadczenia us\u0142ug i innych um\u00f3w, lub ochrony praw, w\u0142asno\u015bci lub bezpiecze\u0144stwa naszego, naszych u\u017cytkownik\u00f3w lub innych os\u00f3b. Obejmuje to wymian\u0119 informacji z innymi, niepowi\u0105zanymi stronami trzecimi w zwi\u0105zku z ochron\u0105 przed oszustwami i zmniejszaniem ryzyka kredytowego.<\/p>\n\n<p>Za Pa\u0144stwa zgod\u0105: Poza powy\u017cszymi przypadkami u\u017cytkownik zostanie powiadomiony i b\u0119dzie mia\u0142 mo\u017cliwo\u015b\u0107 wycofania zgody, je\u015bli jego dane osobowe zostan\u0105 udost\u0119pnione niepowi\u0105zanym stronom trzecim.<\/p>\n\n<p>Mo\u017cemy przekazywa\u0107 Dane u\u017cytkownika za po\u015brednictwem r\u00f3\u017cnych platform Sp\u00f3\u0142ki.<\/p>\n\n<h3 class=\"wp-block-heading\">Czy udost\u0119pniamy Twoje dane?<\/h3>\n\n<p>Co do zasady nie sprzedajemy ani nie wypo\u017cyczamy informacji o u\u017cytkowniku ani nie ujawniamy informacji o u\u017cytkowniku w spos\u00f3b niezgodny z niniejsz\u0105 Polityk\u0105 prywatno\u015bci, z wyj\u0105tkiem przypadk\u00f3w wymaganych przez prawo lub przepisy rz\u0105dowe. Wsp\u00f3\u0142pracujemy z organami \u015bcigania, a tak\u017ce z innymi stronami trzecimi w celu egzekwowania przepis\u00f3w, takich jak te dotycz\u0105ce praw w\u0142asno\u015bci intelektualnej, oszustw i innych praw osobistych.<\/p>\n\n<p>Nie b\u0119dziemy udost\u0119pnia\u0107 danych osobowych, kt\u00f3re gromadzimy na Tw\u00f3j temat, stronom trzecim do ich w\u0142asnych cel\u00f3w marketingowych bez Twojej zgody. Zawarli\u015bmy umowy z osobami trzecimi, kt\u00f3re zabraniaj\u0105 im udost\u0119pniania Twoich danych osobowych.<\/p>\n\n<p>Gromadzimy statystyki dotycz\u0105ce ruchu na stronie, sprzeda\u017cy i inne informacje handlowe, kt\u00f3re udost\u0119pniamy stronom trzecim w celu ulepszenia oferowanych przez nas us\u0142ug. Wykorzystujemy r\u00f3wnie\u017c dane demograficzne do dostosowywania strony internetowej i udost\u0119pniamy te informacje stronom trzecim, aby mog\u0142y lepiej zrozumie\u0107 nasz\u0105 baz\u0119 klient\u00f3w i og\u00f3lne trendy konsumenckie.<\/p>\n\n<p>Je\u015bli nie zgadzasz si\u0119 z nasz\u0105 Polityk\u0105 prywatno\u015bci, Warunkami korzystania z us\u0142ugi lub jak\u0105kolwiek inn\u0105 polityk\u0105 na naszej Platformie, przesta\u0144 korzysta\u0107 z naszej Us\u0142ugi; Dalsze korzystanie z Us\u0142ugi oznacza, \u017ce u\u017cytkownik przyjmuje do wiadomo\u015bci i akceptuje nasz\u0105 Polityk\u0119 prywatno\u015bci i Warunki u\u017cytkowania.<\/p>\n\n<p>MO\u017bEMY (A U\u017bYTKOWNIK UPOWA\u017bNIA NAS DO TEGO) UJAWNI\u0106 WSZELKIE INFORMACJE O U\u017bYTKOWNIKU ORGANOM \u015aCIGANIA, INNYM URZ\u0118DNIKOM PA\u0143STWOWYM, POST\u0118POWANIU S\u0104DOWEMU LUB INNYM STRONOM TRZECIM, JE\u015aLI UZNAMY TO ZA KONIECZNE LUB STOSOWNE WED\u0141UG NASZEGO WY\u0141\u0104CZNEGO UZNANIA W ZWI\u0104ZKU Z DOCHODZENIEM W SPRAWIE OSZUSTWA, NARUSZENIA W\u0141ASNO\u015aCI INTELEKTUALNEJ LUB INNEJ DZIA\u0141ALNO\u015aCI, KT\u00d3RA JEST NIELEGALNA LUB MO\u017bE NARAZI\u0106 NAS LUB ICH NA ODPOWIEDZIALNO\u015a\u0106.<\/p>\n\n<h3 class=\"wp-block-heading\">Jakie prawa przys\u0142uguj\u0105 Ci w odniesieniu do Twoich danych?<\/h3>\n\n<p>Ka\u017cda osoba, kt\u00f3rej dane dotycz\u0105, ma prawo, przyznane przez prawodawc\u0119 europejskiego, do uzyskania w dowolnym momencie i bezp\u0142atnie od administratora informacji o przechowywanych danych na jej temat oraz kopii tych informacji. Ponadto europejskie dyrektywy i rozporz\u0105dzenia przyznaj\u0105 osobie, kt\u00f3rej dane dotycz\u0105, dost\u0119p do nast\u0119puj\u0105cych informacji:<\/p>\n\n<ol class=\"wp-block-list\">\n<li>cele przetwarzania;<\/li>\n\n\n\n<li>kategorie danych osobowych, kt\u00f3rych to dotyczy;<\/li>\n\n\n\n<li>odbiorc\u00f3w lub kategorii odbiorc\u00f3w, kt\u00f3rym dane osobowe zosta\u0142y lub zostan\u0105 ujawnione, w szczeg\u00f3lno\u015bci odbiorc\u00f3w w pa\u0144stwach trzecich lub organizacjach mi\u0119dzynarodowych;<\/li>\n\n\n\n<li>je\u015bli to mo\u017cliwe, przewidywany okres przechowywania danych osobowych lub, je\u017celi nie jest to mo\u017cliwe, kryteria stosowane do okre\u015blenia tego okresu;<\/li>\n\n\n\n<li>istnienie prawa do uzyskania od administratora sprostowania lub usuni\u0119cia danych osobowych lub ograniczenia przetwarzania danych osobowych dotycz\u0105cych osoby, kt\u00f3rej dane dotycz\u0105, lub do wniesienia sprzeciwu wobec takiego przetwarzania;<\/li>\n\n\n\n<li>istnienie prawa do wniesienia skargi do organu nadzorczego;<\/li>\n\n\n\n<li>w przypadku, gdy dane osobowe nie zosta\u0142y zebrane od osoby, kt\u00f3rej dane dotycz\u0105, wszelkie dost\u0119pne informacje o pochodzeniu danych;<\/li>\n\n\n\n<li>istnienie zautomatyzowanego podejmowania decyzji, w tym profilowania, zgodnie z art. 22 ust. 1 i 4 RODO oraz, przynajmniej w tych przypadkach, istotne informacje o logice le\u017c\u0105cej u podstaw tego procesu, a tak\u017ce o znaczeniu i prawdopodobnych konsekwencjach takiego przetwarzania dla osoby, kt\u00f3rej dane dotycz\u0105.<\/li>\n<\/ol>\n\n<p>Ponadto osoba, kt\u00f3rej dane dotycz\u0105, ma prawo do uzyskania informacji, czy dane osobowe s\u0105 przekazywane do pa\u0144stwa trzeciego lub organizacji mi\u0119dzynarodowej. W takim przypadku osoba, kt\u00f3rej dane dotycz\u0105, ma prawo do uzyskania informacji o odpowiednich zabezpieczeniach w zwi\u0105zku z przekazywaniem danych. Je\u017celi osoba, kt\u00f3rej dane dotycz\u0105, chce skorzysta\u0107 z tego prawa dost\u0119pu, mo\u017ce w ka\u017cdej chwili skontaktowa\u0107 si\u0119 z pracownikiem administratora.<\/p>\n\n<h4 class=\"wp-block-heading\">Prawo do sprostowania danych<\/h4>\n\n<p>Ka\u017cda osoba, kt\u00f3rej dane dotycz\u0105, ma prawo, przyznane przez prawodawc\u0119 europejskiego, do uzyskania od administratora bez zb\u0119dnej zw\u0142oki sprostowania nieprawid\u0142owych danych osobowych, kt\u00f3re jej dotycz\u0105. Osoba, kt\u00f3rej dane dotycz\u0105, ma prawo, bior\u0105c pod uwag\u0119 cele przetwarzania, \u017c\u0105da\u0107 uzupe\u0142nienia niekompletnych danych osobowych, w tym poprzez z\u0142o\u017cenie o\u015bwiadczenia uzupe\u0142niaj\u0105cego. Je\u017celi osoba, kt\u00f3rej dane dotycz\u0105, chce skorzysta\u0107 z prawa do sprostowania, mo\u017ce w ka\u017cdej chwili skontaktowa\u0107 si\u0119 z pracownikiem administratora.<\/p>\n\n<h4 class=\"wp-block-heading\">Prawo do usuni\u0119cia danych (prawo do bycia zapomnianym)<\/h4>\n\n<p>Ka\u017cda osoba, kt\u00f3rej dane dotycz\u0105, ma prawo, przyznane przez ustawodawc\u0119 europejskiego, do \u017c\u0105dania od administratora usuni\u0119cia dotycz\u0105cych jej danych osobowych bez zb\u0119dnej zw\u0142oki, a administrator jest zobowi\u0105zany do usuni\u0119cia danych osobowych bez zb\u0119dnej zw\u0142oki, o ile zachodzi jedna z nast\u0119puj\u0105cych podstaw, a przetwarzanie nie jest konieczne:<\/p>\n\n<ol class=\"wp-block-list\">\n<li>Dane osobowe nie s\u0105 ju\u017c niezb\u0119dne do cel\u00f3w, dla kt\u00f3rych zosta\u0142y zebrane lub w inny spos\u00f3b przetwarzane.<\/li>\n\n\n\n<li>Osoba, kt\u00f3rej dane dotycz\u0105, cofa zgod\u0119, na kt\u00f3rej opiera si\u0119 przetwarzanie na podstawie art. 6 ust. 1 lit. a RODO lub art. 9 ust. 2 lit. a RODO i nie ma innej podstawy prawnej przetwarzania.<\/li>\n\n\n\n<li>Osoba, kt\u00f3rej dane dotycz\u0105, wnosi sprzeciw wobec przetwarzania na podstawie art. 21 ust. 1 RODO i nie istniej\u0105 nadrz\u0119dne prawnie uzasadnione podstawy do przetwarzania lub osoba, kt\u00f3rej dane dotycz\u0105, wnosi sprzeciw wobec przetwarzania na podstawie art. 21 ust. 2 RODO.<\/li>\n\n\n\n<li>Dane osobowe by\u0142y przetwarzane niezgodnie z prawem.<\/li>\n\n\n\n<li>Dane osobowe musz\u0105 zosta\u0107 usuni\u0119te w celu wywi\u0105zania si\u0119 z obowi\u0105zku prawnego wynikaj\u0105cego z prawa Unii lub prawa pa\u0144stw cz\u0142onkowskich, kt\u00f3rym podlega administrator.<\/li>\n\n\n\n<li>Dane osobowe zosta\u0142y zebrane w zwi\u0105zku ze \u015bwiadczeniem us\u0142ug spo\u0142ecze\u0144stwa informacyjnego na podstawie art. 8 ust. 1 RODO.<\/li>\n\n\n\n<li>Je\u017celi zachodzi jedna z powy\u017cszych przyczyn, a osoba, kt\u00f3rej dane dotycz\u0105, chce za\u017c\u0105da\u0107 usuni\u0119cia przechowywanych przez nas danych osobowych, mo\u017ce w ka\u017cdej chwili skontaktowa\u0107 si\u0119 z pracownikiem administratora. Pracownik zadba o to, aby wniosek o usuni\u0119cie danych zosta\u0142 natychmiast zrealizowany.<\/li>\n\n\n\n<li>W przypadku gdy administrator upubliczni\u0142 dane osobowe i jest zobowi\u0105zany do usuni\u0119cia takich danych zgodnie z art. 17 ust. 1, podejmuje on, bior\u0105c pod uwag\u0119 dost\u0119pn\u0105 technologi\u0119 i koszty wdro\u017cenia, odpowiednie \u015brodki, w tym \u015brodki techniczne, w celu poinformowania innych administrator\u00f3w danych, kt\u00f3rzy przetwarzaj\u0105 dane osobowe, \u017ce osoba, kt\u00f3rej dane dotycz\u0105, zosta\u0142a poinformowana przez tych innych administrator\u00f3w danych. Administrator za\u017c\u0105da\u0142 usuni\u0119cia wszystkich link\u00f3w do takich danych osobowych lub kopii lub replikacji takich danych, w zakresie, w jakim przetwarzanie nie jest konieczne. Pracownik indywidualnie zorganizuje podj\u0119cie niezb\u0119dnych dzia\u0142a\u0144.<\/li>\n<\/ol>\n\n<h4 class=\"wp-block-heading\">Prawo do ograniczenia przetwarzania<\/h4>\n\n<p>Ka\u017cda osoba, kt\u00f3rej dane dotycz\u0105, ma prawo, przyznane przez prawodawc\u0119 europejskiego, do uzyskania od administratora ograniczenia przetwarzania, je\u017celi zachodzi jeden z nast\u0119puj\u0105cych przypadk\u00f3w:<\/p>\n\n<ol class=\"wp-block-list\">\n<li>Prawid\u0142owo\u015b\u0107 danych osobowych jest kwestionowana przez osob\u0119, kt\u00f3rej dane dotycz\u0105, przez okres umo\u017cliwiaj\u0105cy administratorowi zweryfikowanie prawid\u0142owo\u015bci danych osobowych. Przetwarzanie jest niezgodne z prawem, a osoba, kt\u00f3rej dane dotycz\u0105, sprzeciwia si\u0119 usuni\u0119ciu danych osobowych, \u017c\u0105daj\u0105c w zamian ograniczenia ich wykorzystywania. Administrator nie potrzebuje ju\u017c danych osobowych do cel\u00f3w przetwarzania, ale osoba, kt\u00f3rej dane dotycz\u0105, potrzebuje ich do ustalenia, dochodzenia lub obrony roszcze\u0144. Osoba, kt\u00f3rej dane dotycz\u0105, wnios\u0142a sprzeciw wobec przetwarzania na podstawie art. 21 ust. 1 RODO do czasu sprawdzenia, czy prawnie uzasadnione podstawy po stronie administratora przewa\u017caj\u0105 nad podstawami po stronie osoby, kt\u00f3rej dane dotycz\u0105. Je\u017celi spe\u0142niony jest jeden z powy\u017cszych warunk\u00f3w, a osoba, kt\u00f3rej dane dotycz\u0105, chce za\u017c\u0105da\u0107 ograniczenia przechowywanych przez nas danych osobowych, mo\u017ce w ka\u017cdej chwili skontaktowa\u0107 si\u0119 z pracownikiem administratora. Nasz pracownik zadba o ograniczenie przetwarzania. Prawo do przenoszenia danych:\n<ol class=\"wp-block-list\">\n<li>Ka\u017cda osoba, kt\u00f3rej dane dotycz\u0105, ma prawo, przyznane przez prawodawc\u0119 europejskiego, do otrzymania dotycz\u0105cych jej danych osobowych, kt\u00f3re zosta\u0142y przekazane administratorowi, w ustrukturyzowanym, powszechnie u\u017cywanym formacie nadaj\u0105cym si\u0119 do odczytu maszynowego. ma prawo przekaza\u0107 te dane innemu administratorowi, przy czym administrator, kt\u00f3remu dane osobowe zosta\u0142y przekazane, nie uniemo\u017cliwia tego, pod warunkiem \u017ce przetwarzanie odbywa si\u0119 na podstawie zgody zgodnie z art. 6 ust. 1 lit. a) og\u00f3lnego rozporz\u0105dzenia o ochronie danych lub art. 9 ust. 2 lit. a) og\u00f3lnego rozporz\u0105dzenia o ochronie danych,  lub opiera si\u0119 na umowie zgodnie z art. 6 ust. 1 lit. b) RODO, a przetwarzanie odbywa si\u0119 w spos\u00f3b zautomatyzowany, o ile przetwarzanie nie jest niezb\u0119dne do wykonania zadania realizowanego w interesie publicznym lub w ramach sprawowania w\u0142adzy publicznej powierzonej administratorowi.<\/li>\n\n\n\n<li>Ponadto, korzystaj\u0105c z prawa do przenoszenia danych zgodnie z art. 20 ust. 1 RODO, osoba, kt\u00f3rej dane dotycz\u0105, ma prawo do przenoszenia danych osobowych bezpo\u015brednio od jednego administratora do drugiego, o ile jest to technicznie wykonalne i nie narusza praw i wolno\u015bci innych os\u00f3b.<\/li>\n\n\n\n<li>Aby skorzysta\u0107 z prawa do przenoszenia danych, osoba, kt\u00f3rej dane dotycz\u0105, mo\u017ce w ka\u017cdej chwili skontaktowa\u0107 si\u0119 z jednym z naszych pracownik\u00f3w.<\/li>\n<\/ol>\n<\/li>\n<\/ol>\n\n<h4 class=\"wp-block-heading\">Prawo do sprzeciwu<\/h4>\n\n<p>Ka\u017cda osoba, kt\u00f3rej dane dotycz\u0105, ma prawo, przyznane przez prawodawc\u0119 europejskiego, do wniesienia w dowolnym momencie, z przyczyn zwi\u0105zanych z jej szczeg\u00f3ln\u0105 sytuacj\u0105, przetwarzania dotycz\u0105cych jej danych osobowych, kt\u00f3re odbywa si\u0119 na podstawie art. 6 ust. 1 lit. e) lub f) RODO. Dotyczy to r\u00f3wnie\u017c profilowania na podstawie tych przepis\u00f3w. W przypadku wniesienia sprzeciwu nie b\u0119dziemy ju\u017c przetwarza\u0107 danych osobowych, chyba \u017ce b\u0119dziemy w stanie wykaza\u0107 wa\u017cne prawnie uzasadnione podstawy do przetwarzania, kt\u00f3re s\u0105 nadrz\u0119dne wobec interes\u00f3w, praw i wolno\u015bci osoby, kt\u00f3rej dane dotycz\u0105, lub przetwarzanie s\u0142u\u017cy dochodzeniu, wykonywaniu lub obronie roszcze\u0144 prawnych. Je\u017celi przetwarzamy dane osobowe do cel\u00f3w marketingu bezpo\u015bredniego, osoba, kt\u00f3rej dane dotycz\u0105, ma prawo w dowolnym momencie wnie\u015b\u0107 sprzeciw wobec przetwarzania dotycz\u0105cych jej danych osobowych do cel\u00f3w takiej reklamy. Dotyczy to r\u00f3wnie\u017c profilowania, o ile jest ono zwi\u0105zane z takim marketingiem bezpo\u015brednim. Je\u017celi osoba, kt\u00f3rej dane dotycz\u0105, sprzeciwi si\u0119 przetwarzaniu przez nas danych do cel\u00f3w marketingu bezpo\u015bredniego, nie b\u0119dziemy ju\u017c przetwarza\u0107 danych osobowych w tych celach. Ponadto osoba, kt\u00f3rej dane dotycz\u0105, ma prawo wnie\u015b\u0107 sprzeciw, z przyczyn zwi\u0105zanych z jej szczeg\u00f3ln\u0105 sytuacj\u0105, wobec przetwarzania dotycz\u0105cych jej danych osobowych, kt\u00f3re odbywa si\u0119 przez nas do cel\u00f3w bada\u0144 naukowych lub historycznych lub do cel\u00f3w statystycznych zgodnie z art. 89 ust. 1 RODO, chyba \u017ce takie przetwarzanie jest niezb\u0119dne do wykonania zadania realizowanego w interesie publicznym.<\/p>\n\n<p>Aby skorzysta\u0107 z prawa do sprzeciwu, osoba, kt\u00f3rej dane dotycz\u0105, mo\u017ce skontaktowa\u0107 si\u0119 z dowolnym pracownikiem naszej firmy. Ponadto, w kontek\u015bcie korzystania z us\u0142ug spo\u0142ecze\u0144stwa informacyjnego i niezale\u017cnie od dyrektywy 2002\/58\/WE, osoba, kt\u00f3rej dane dotycz\u0105, mo\u017ce skorzysta\u0107 z prawa do sprzeciwu za pomoc\u0105 zautomatyzowanych procedur wykorzystuj\u0105cych specyfikacje techniczne.<\/p>\n\n<h4 class=\"wp-block-heading\">Zautomatyzowane podejmowanie decyzji w indywidualnych przypadkach, w tym profilowanie:<\/h4>\n\n<p>Ka\u017cda osoba, kt\u00f3rej dane dotycz\u0105, ma prawo, przyznane przez prawodawc\u0119 europejskiego, do tego, by nie podlega\u0107 decyzji, kt\u00f3ra opiera si\u0119 wy\u0142\u0105cznie na zautomatyzowanym przetwarzaniu, w tym profilowaniu, i wywo\u0142uje skutki prawne jej dotycz\u0105ce lub w podobny spos\u00f3b istotnie na ni\u0105 wp\u0142ywa, o ile decyzja ta (1) nie jest niezb\u0119dna do zawarcia lub wykonania umowy mi\u0119dzy osob\u0105, kt\u00f3rej dane dotycz\u0105, a administratorem, lub (2) nie jest dozwolona na mocy prawa Unii lub prawa pa\u0144stwa cz\u0142onkowskiego, kt\u00f3remu podlega administrator, lub jest niezb\u0119dna do wykonania umowy mi\u0119dzy osob\u0105, kt\u00f3rej dane dotycz\u0105, a administratorem, lub (2) nie jest dozwolona przez prawo Unii lub prawo pa\u0144stwa cz\u0142onkowskiego, kt\u00f3remu podlega administrator, kt\u00f3re przewiduje odpowiednie \u015brodki ochrony praw i wolno\u015bci oraz uzasadnionych interes\u00f3w os\u00f3b, kt\u00f3rych dane dotycz\u0105. lub (3) nie opiera si\u0119 na wyra\u017anej zgodzie osoby, kt\u00f3rej dane dotycz\u0105. Je\u017celi decyzja (1) jest niezb\u0119dna do zawarcia lub wykonania umowy mi\u0119dzy osob\u0105, kt\u00f3rej dane dotycz\u0105, a administratorem lub (2) zosta\u0142a podj\u0119ta za wyra\u017an\u0105 zgod\u0105 osoby, kt\u00f3rej dane dotycz\u0105, podejmiemy uzasadnione \u015brodki w celu ochrony praw, wolno\u015bci i uzasadnionych interes\u00f3w osoby, kt\u00f3rej dane dotycz\u0105, w tym co najmniej prawa do uzyskania interwencji osoby ze strony administratora,  do wyra\u017cenia w\u0142asnego punktu widzenia i zakwestionowania decyzji.<\/p>\n\n<p>Je\u015bli osoba, kt\u00f3rej dane dotycz\u0105, chce dochodzi\u0107 swoich praw w odniesieniu do zautomatyzowanych decyzji indywidualnych, mo\u017ce w ka\u017cdej chwili skontaktowa\u0107 si\u0119 z jednym z naszych pracownik\u00f3w.<\/p>\n\n<h4 class=\"wp-block-heading\">Prawo do wycofania zgody zgodnie z przepisami o ochronie danych osobowych<\/h4>\n\n<p>Ka\u017cda osoba, kt\u00f3rej dane dotycz\u0105, ma prawo do cofni\u0119cia zgody na przetwarzanie jej danych osobowych w dowolnym momencie przyznane przez ustawodawc\u0119 europejskiego.<\/p>\n\n<p>Je\u015bli osoba, kt\u00f3rej dane dotycz\u0105, chce skorzysta\u0107 z prawa do wycofania zgody, mo\u017ce w ka\u017cdej chwili skontaktowa\u0107 si\u0119 z jednym z naszych pracownik\u00f3w.<\/p>\n\n<h4 class=\"wp-block-heading\">Prawo do \u017c\u0105dania dost\u0119pu<\/h4>\n\n<p>Masz r\u00f3wnie\u017c prawo dost\u0119pu do informacji, kt\u00f3re przechowujemy na Tw\u00f3j temat. Ch\u0119tnie udzielimy Ci informacji o Twoich danych osobowych, kt\u00f3re przechowujemy lub przetwarzamy. W celu ochrony Twoich danych osobowych post\u0119pujemy zgodnie z ustalonymi procedurami przechowywania i udost\u0119pniania, co oznacza, \u017ce wymagamy od Ciebie dowodu to\u017csamo\u015bci przed udost\u0119pnieniem tych informacji. Mo\u017cesz skorzysta\u0107 z tego prawa w dowolnym momencie, kontaktuj\u0105c si\u0119 z nami, korzystaj\u0105c z powy\u017cszych danych kontaktowych.<\/p>\n\n<h3 class=\"wp-block-heading\">Analityka i narz\u0119dzia innych firm<\/h3>\n\n<p>Kiedy odwiedzasz t\u0119 stron\u0119 internetow\u0105, Twoje zachowanie podczas surfowania mo\u017ce by\u0107 oceniane statystycznie. Odbywa si\u0119 to g\u0142\u00f3wnie za pomoc\u0105 tak zwanych program\u00f3w analitycznych.<br\/>Szczeg\u00f3\u0142owe informacje na temat tych program\u00f3w analitycznych mo\u017cna znale\u017a\u0107 w poni\u017cszej polityce prywatno\u015bci.<\/p>\n\n<h2 class=\"wp-block-heading\">2. Hosting i sieci dostarczania tre\u015bci (CDN)<\/h2>\n\n<h3 class=\"wp-block-heading\">Hosting zewn\u0119trzny<\/h3>\n\n<p>Ta strona internetowa jest hostowana przez zewn\u0119trznego us\u0142ugodawc\u0119. Dane osobowe zebrane na tej stronie internetowej s\u0105 przechowywane na serwerach hostingodawcy. Mog\u0105 to by\u0107 mi\u0119dzy innymi adresy IP, pro\u015bby o kontakt, metadane i dane komunikacyjne, dane dotycz\u0105ce um\u00f3w, dane kontaktowe, imiona i nazwiska, dost\u0119p do strony internetowej i inne dane generowane za po\u015brednictwem strony internetowej.<br\/>Us\u0142ugodawca hostingowy jest wykorzystywany w celu realizacji umowy z naszymi potencjalnymi i obecnymi klientami (art. 6 ust. 1 lit. b RODO) oraz w interesie bezpiecznego, szybkiego i efektywnego udost\u0119pniania naszej oferty online przez profesjonalnego dostawc\u0119 (art. 6 ust. 1 lit. f RODO).<br\/>Nasz hostingodawca b\u0119dzie przetwarza\u0142 Twoje dane wy\u0142\u0105cznie w zakresie niezb\u0119dnym do wype\u0142nienia swoich zobowi\u0105za\u0144 w zakresie \u015bwiadczenia us\u0142ug i b\u0119dzie post\u0119powa\u0142 zgodnie z naszymi instrukcjami w odniesieniu do tych danych.<br\/>Korzystamy z us\u0142ug nast\u0119puj\u0105cego hostera:<\/p>\n\n<p>IONOS SE<br\/>ul. Elgendorfer 57<br\/>D -56410 Montabaur<\/p>\n\n<h3 class=\"wp-block-heading\">Zawarcie umowy o realizacj\u0119 zam\u00f3wienia<\/h3>\n\n<p>Aby zapewni\u0107 przetwarzanie danych zgodnie z przepisami o ochronie danych, zawarli\u015bmy z naszym hostingodawc\u0105 umow\u0119 o realizacj\u0119 zam\u00f3wie\u0144.<\/p>\n\n<h2 class=\"wp-block-heading\">3. Uwagi og\u00f3lne i informacje obowi\u0105zkowe<\/h2>\n\n<h3 class=\"wp-block-heading\">Prywatno\u015b\u0107<\/h3>\n\n<p>Operatorzy tych stron bardzo powa\u017cnie traktuj\u0105 ochron\u0119 Pa\u0144stwa danych osobowych. Traktujemy Pa\u0144stwa dane osobowe w spos\u00f3b poufny i zgodnie z ustawowymi przepisami o ochronie danych oraz niniejsz\u0105 polityk\u0105 prywatno\u015bci.<br\/>Podczas korzystania z tej strony internetowej gromadzone s\u0105 r\u00f3\u017cne dane osobowe.<br\/>Dane osobowe to dane, kt\u00f3re mog\u0105 by\u0107 wykorzystane do identyfikacji u\u017cytkownika. Niniejsza polityka prywatno\u015bci wyja\u015bnia, jakie dane gromadzimy i do czego je wykorzystujemy. Wyja\u015bnia r\u00f3wnie\u017c, jak i w jakim celu to si\u0119 robi.<br\/>Zwracamy uwag\u0119, \u017ce transmisja danych w Internecie (np. podczas komunikacji za po\u015brednictwem poczty elektronicznej) mo\u017ce mie\u0107 luki w zabezpieczeniach. Nie jest mo\u017cliwe ca\u0142kowite zabezpieczenie danych przed dost\u0119pem os\u00f3b trzecich.<\/p>\n\n<h3 class=\"wp-block-heading\">Uwaga dotycz\u0105ca organu odpowiedzialnego<\/h3>\n\n<p>Osob\u0105 odpowiedzialn\u0105 za przetwarzanie danych na tej stronie internetowej jest:<br\/>edv &amp; cad group<br\/>ul. Buchbichl 38<br\/>D-83737 Irschenberg<br\/>Telefon: <a href=\"tel:00498025995969\">+49 (0) 8025 \/ 99 59 69<\/a><br\/>E-mail: <a href=\"mailto:info@edv-cad.de\">info@edv-cad.de<\/a><br\/>Administratorem danych jest osoba fizyczna lub prawna, kt\u00f3ra samodzielnie lub wsp\u00f3lnie z innymi decyduje o celach i sposobach przetwarzania danych osobowych (np. imion i nazwisk, adres\u00f3w e-mail itp.).<\/p>\n\n<h3 class=\"wp-block-heading\">Okres przechowywania<\/h3>\n\n<p>O ile w niniejszej polityce prywatno\u015bci nie okre\u015blono bardziej szczeg\u00f3\u0142owego okresu przechowywania, Pa\u0144stwa dane osobowe pozostan\u0105 u nas do momentu ustania celu, dla kt\u00f3rego przetwarzanie danych przestanie obowi\u0105zywa\u0107. Je\u015bli z\u0142o\u017cysz uzasadniony wniosek o usuni\u0119cie lub cofniesz zgod\u0119 na przetwarzanie danych, Twoje dane zostan\u0105 usuni\u0119te, chyba \u017ce b\u0119dziemy mieli inne prawnie dopuszczalne podstawy do przechowywania Twoich danych osobowych (np. okresy przechowywania wynikaj\u0105ce z prawa podatkowego lub handlowego); W tym ostatnim przypadku usuni\u0119cie nast\u0105pi po ustaniu tych przyczyn.<\/p>\n\n<h3 class=\"wp-block-heading\">Wskaz\u00f3wka dotycz\u0105ca przekazywania danych do USA<\/h3>\n\n<p>Na naszej stronie internetowej zintegrowane s\u0105 mi\u0119dzy innymi narz\u0119dzia firm z siedzib\u0105 w USA. Gdy te narz\u0119dzia s\u0105 aktywne, Twoje dane osobowe mog\u0105 by\u0107 udost\u0119pniane serwerom odpowiednich firm w USA. Zwracamy uwag\u0119, \u017ce USA nie jest bezpiecznym krajem trzecim w rozumieniu unijnego prawa o ochronie danych. Firmy ameryka\u0144skie s\u0105 zobowi\u0105zane do przekazywania danych osobowych organom bezpiecze\u0144stwa, a Ty jako osoba, kt\u00f3rej dane dotycz\u0105, nie masz mo\u017cliwo\u015bci podj\u0119cia krok\u00f3w prawnych przeciwko nim.<br\/>W zwi\u0105zku z tym nie mo\u017cna wykluczy\u0107, \u017ce w\u0142adze ameryka\u0144skie (np. s\u0142u\u017cby wywiadowcze) przetwarzaj\u0105, analizuj\u0105 i trwale przechowuj\u0105 Pa\u0144stwa dane na serwerach ameryka\u0144skich w celach inwigilacyjnych. Nie mamy kontroli nad tymi czynno\u015bciami przetwarzania.<\/p>\n\n<h3 class=\"wp-block-heading\">Wycofanie zgody na przetwarzanie danych<\/h3>\n\n<p>Wiele operacji przetwarzania danych jest mo\u017cliwych tylko za Pa\u0144stwa wyra\u017an\u0105 zgod\u0105. W ka\u017cdej chwili mo\u017cesz wycofa\u0107 swoj\u0105 zgod\u0119. Wycofanie zgody nie ma wp\u0142ywu na zgodno\u015b\u0107 z prawem przetwarzania danych, kt\u00f3rego dokonano do momentu odwo\u0142ania.<\/p>\n\n<h3 class=\"wp-block-heading\">Prawo do sprzeciwu wobec gromadzenia danych w szczeg\u00f3lnych przypadkach oraz wobec marketingu bezpo\u015bredniego (art. 21 RODO)<\/h3>\n\n<p>JE\u017bELI PRZETWARZANIE DANYCH ODBYWA SI\u0118 NA PODSTAWIE ART. 6 UST. 1 LIT. A) RODO. 1 LIT. E) LUB F RODO, MAJ\u0104 PA\u0143STWO PRAWO W DOWOLNYM MOMENCIE WNIE\u015a\u0106 SPRZECIW WOBEC PRZETWARZANIA PA\u0143STWA DANYCH OSOBOWYCH Z PRZYCZYN ZWI\u0104ZANYCH Z PA\u0143STWA SZCZEG\u00d3LN\u0104 SYTUACJ\u0104; DOTYCZY TO R\u00d3WNIE\u017b PROFILOWANIA NA PODSTAWIE TYCH PRZEPIS\u00d3W. ODPOWIEDNI\u0104 PODSTAW\u0118 PRAWN\u0104, NA KT\u00d3REJ OPIERA SI\u0118 PRZETWARZANIE DANYCH, MO\u017bNA ZNALE\u0179\u0106 W NINIEJSZEJ POLITYCE PRYWATNO\u015aCI. W PRZYPADKU WNIESIENIA SPRZECIWU NIE B\u0118DZIEMY JU\u017b PRZETWARZA\u0106 PA\u0143STWA DANYCH OSOBOWYCH, KT\u00d3RE ZOSTAN\u0104 NARUSZONE,<br\/>CHYBA \u017bE B\u0118DZIEMY W STANIE WYKAZA\u0106 WA\u017bNE PRAWNIE UZASADNIONE PODSTAWY DO PRZETWARZANIA, KT\u00d3RE PRZEWA\u017bAJ\u0104 NAD PA\u0143STWA INTERESAMI, PRAWAMI I WOLNO\u015aCIAMI, LUB PRZETWARZANIE S\u0141U\u017bY DOCHODZENIU, WYKONYWANIU LUB OBRONIE ROSZCZE\u0143 PRAWNYCH (SPRZECIW ZGODNIE Z ART. 21 UST. 1 RODO).<br\/>JE\u017bELI PANI\/PANA DANE OSOBOWE S\u0104 PRZETWARZANE W CELU MARKETINGU BEZPO\u015aREDNIEGO, MA PANI\/PAN PRAWO W DOWOLNYM MOMENCIE WNIE\u015a\u0106 SPRZECIW WOBEC PRZETWARZANIA DOTYCZ\u0104CYCH PANI\/PANA DANYCH OSOBOWYCH NA POTRZEBY TAKIEGO MARKETINGU; DOTYCZY TO R\u00d3WNIE\u017b PROFILOWANIA, O ILE JEST ONO ZWI\u0104ZANE Z TAK\u0104 REKLAM\u0104 BEZPO\u015aREDNI\u0104. W PRZYPADKU WNIESIENIA SPRZECIWU PA\u0143STWA DANE OSOBOWE NIE B\u0118D\u0104 JU\u017b WYKORZYSTYWANE DO CEL\u00d3W MARKETINGU BEZPO\u015aREDNIEGO (SPRZECIW ZGODNIE Z ART. 21 UST. 2 RODO).<\/p>\n\n<h3 class=\"wp-block-heading\">Prawo do wniesienia skargi do w\u0142a\u015bciwego organu nadzorczego<\/h3>\n\n<p>W przypadku naruszenia RODO osoby, kt\u00f3rych dane dotycz\u0105, maj\u0105 prawo do wniesienia skargi do organu nadzorczego, w szczeg\u00f3lno\u015bci w pa\u0144stwie cz\u0142onkowskim ich zwyk\u0142ego pobytu, miejsca pracy lub miejsca pope\u0142nienia domniemanego naruszenia. Prawo do odwo\u0142ania przys\u0142uguje bez uszczerbku dla innych administracyjnych lub s\u0105dowych \u015brodk\u00f3w odwo\u0142awczych.<br\/>Prawo do przenoszenia danych U\u017cytkownik ma prawo do tego, aby dane, kt\u00f3re przetwarzamy automatycznie na podstawie jego zgody lub w ramach wykonywania umowy, zosta\u0142y przekazane u\u017cytkownikowi lub osobie trzeciej w powszechnie u\u017cywanym formacie nadaj\u0105cym si\u0119 do odczytu maszynowego. Je\u015bli za\u017c\u0105daj\u0105 Pa\u0144stwo bezpo\u015bredniego przekazania danych innemu administratorowi, nast\u0105pi to tylko w zakresie, w jakim jest to technicznie wykonalne.<\/p>\n\n<h3 class=\"wp-block-heading\">Szyfrowanie SSL lub TLS<\/h3>\n\n<p>Ze wzgl\u0119d\u00f3w bezpiecze\u0144stwa i w celu ochrony transmisji poufnych tre\u015bci, takich jak zam\u00f3wienia lub zapytania, kt\u00f3re wysy\u0142asz do nas jako operatora witryny, ta strona korzysta z szyfrowania SSL lub TLS. Po\u0142\u0105czenie szyfrowane mo\u017cna rozpozna\u0107 po tym, \u017ce pasek adresu przegl\u0105darki zmienia si\u0119 z &#8222;http:\/\/&#8221; na &#8222;https:\/\/&#8221; oraz po symbolu k\u0142\u00f3dki w wierszu przegl\u0105darki.<br\/>Je\u015bli szyfrowanie SSL lub TLS jest aktywne, dane, kt\u00f3re nam przekazujesz, nie mog\u0105 by\u0107 odczytane przez osoby trzecie.<\/p>\n\n<h3 class=\"wp-block-heading\">Informacje, usuwanie i korekta<\/h3>\n\n<p>W ramach obowi\u0105zuj\u0105cych przepis\u00f3w prawa maj\u0105 Pa\u0144stwo prawo do bezp\u0142atnej informacji o przechowywanych danych osobowych, ich pochodzeniu i odbiorcach oraz celu przetwarzania danych w dowolnym momencie, a w razie potrzeby prawo do sprostowania lub usuni\u0119cia tych danych. W ka\u017cdej chwili mo\u017cesz skontaktowa\u0107 si\u0119 z nami, je\u015bli masz dodatkowe pytania dotycz\u0105ce danych osobowych.<\/p>\n\n<h3 class=\"wp-block-heading\">Prawo do ograniczenia przetwarzania<\/h3>\n\n<p>Maj\u0105 Pa\u0144stwo prawo do \u017c\u0105dania ograniczenia przetwarzania Pa\u0144stwa danych osobowych.<br\/>W tym celu mo\u017cesz si\u0119 z nami skontaktowa\u0107 w dowolnym momencie. Prawo do ograniczenia przetwarzania przys\u0142uguje w nast\u0119puj\u0105cych przypadkach:<\/p>\n\n<ul class=\"wp-block-list\">\n<li>Je\u015bli kwestionujesz prawid\u0142owo\u015b\u0107 przechowywanych przez nas Twoich danych osobowych, zwykle potrzebujemy czasu, aby to zweryfikowa\u0107. Na czas trwania kontroli masz prawo \u017c\u0105da\u0107 ograniczenia przetwarzania Twoich danych osobowych.<\/li>\n\n\n\n<li>Je\u015bli przetwarzanie Pa\u0144stwa danych osobowych by\u0142o\/jest niezgodne z prawem, mog\u0105 Pa\u0144stwo za\u017c\u0105da\u0107 ograniczenia przetwarzania danych zamiast ich usuni\u0119cia.<\/li>\n\n\n\n<li>Je\u015bli nie potrzebujemy ju\u017c Twoich danych osobowych, ale s\u0105 one potrzebne do wykonywania, obrony lub dochodzenia roszcze\u0144 prawnych, masz prawo za\u017c\u0105da\u0107 ograniczenia przetwarzania Twoich danych osobowych zamiast ich usuni\u0119cia.<\/li>\n\n\n\n<li>W przypadku wniesienia sprzeciwu zgodnie z art. 21 ust. 1 lit. a) RODO. Zgodnie z art. 1 RODO nale\u017cy zachowa\u0107 r\u00f3wnowag\u0119 mi\u0119dzy Pa\u0144stwa interesami a naszymi. Dop\u00f3ki nie zostanie ustalone, czyje interesy przewa\u017caj\u0105, maj\u0105 Pa\u0144stwo prawo za\u017c\u0105da\u0107 ograniczenia przetwarzania Pa\u0144stwa danych osobowych.<\/li>\n\n\n\n<li>Je\u017celi ograniczyli Pa\u0144stwo przetwarzanie swoich danych osobowych, dane te mog\u0105 by\u0107 przetwarzane \u2013 poza ich przechowywaniem \u2013 wy\u0142\u0105cznie za Pa\u0144stwa zgod\u0105 lub w celu ustalenia, dochodzenia lub obrony roszcze\u0144 prawnych lub w celu ochrony praw innej osoby fizycznej lub prawnej lub ze wzgl\u0119du na wa\u017cny interes publiczny Unii Europejskiej lub pa\u0144stwa cz\u0142onkowskiego.<\/li>\n<\/ul>\n\n<h2 class=\"wp-block-heading\">4. Gromadzenie danych na tej stronie<\/h2>\n\n<h3 class=\"wp-block-heading\">Pliki cookie<\/h3>\n\n<p>Nasza strona internetowa wykorzystuje tzw. pliki &#8222;cookies&#8221;. Pliki cookie s\u0105 ma\u0142ymi plikami tekstowymi i nie powoduj\u0105 \u017cadnych szk\u00f3d w urz\u0105dzeniu u\u017cytkownika. S\u0105 one przechowywane tymczasowo na czas trwania sesji (sesyjne pliki cookie) lub na sta\u0142e (sta\u0142e pliki cookie) na urz\u0105dzeniu u\u017cytkownika. Sesyjne pliki cookie s\u0105 automatycznie usuwane po zako\u0144czeniu wizyty. Sta\u0142e pliki cookie s\u0105 przechowywane na Twoim urz\u0105dzeniu do momentu, gdy samodzielnie je usuniesz lub do momentu, gdy Twoja przegl\u0105darka internetowa usunie je automatycznie.<br\/>W niekt\u00f3rych przypadkach pliki cookie firm trzecich mog\u0105 by\u0107 r\u00f3wnie\u017c przechowywane na Twoim urz\u0105dzeniu podczas wchodzenia na nasz\u0105 stron\u0119 internetow\u0105 (pliki cookie stron trzecich). Umo\u017cliwiaj\u0105 one nam lub Pa\u0144stwu korzystanie z okre\u015blonych us\u0142ug \u015bwiadczonych przez firm\u0119 zewn\u0119trzn\u0105 (np. pliki cookie do przetwarzania us\u0142ug p\u0142atniczych).<br\/>Pliki cookie pe\u0142ni\u0105 r\u00f3\u017cne funkcje. Wiele plik\u00f3w cookie jest technicznie niezb\u0119dnych, poniewa\u017c bez nich niekt\u00f3re funkcje strony internetowej nie dzia\u0142a\u0142yby (np. funkcja koszyka na zakupy lub wy\u015bwietlanie film\u00f3w). Inne pliki cookie s\u0105 wykorzystywane do oceny zachowania u\u017cytkownika lub do wy\u015bwietlania reklam.<br\/>Pliki cookie, kt\u00f3re s\u0105 niezb\u0119dne do przeprowadzenia procesu komunikacji elektronicznej (niezb\u0119dne pliki cookie) lub do zapewnienia okre\u015blonych funkcji, o kt\u00f3re prosi u\u017cytkownik (funkcjonalne pliki cookie, np. do funkcji koszyka na zakupy) lub do optymalizacji strony internetowej (np. pliki cookie do pomiaru ogl\u0105dalno\u015bci sieci) s\u0105 przechowywane na podstawie art. 6 ust. 1 lit. a) RODO. 1 lit. f RODO, chyba \u017ce wskazano inn\u0105 podstaw\u0119 prawn\u0105. Operator strony internetowej ma uzasadniony interes w przechowywaniu plik\u00f3w cookie w celu technicznie bezb\u0142\u0119dnego i zoptymalizowanego \u015bwiadczenia swoich us\u0142ug. Je\u017celi poproszono o zgod\u0119 na przechowywanie plik\u00f3w cookie, przechowywanie przedmiotowych plik\u00f3w cookie odbywa si\u0119 wy\u0142\u0105cznie na podstawie tej zgody (art. 6 ust. 1 lit. a RODO); Zgoda mo\u017ce by\u0107 w ka\u017cdej chwili odwo\u0142ana.<br\/>Mo\u017cesz ustawi\u0107 swoj\u0105 przegl\u0105dark\u0119 w taki spos\u00f3b, aby by\u0142 informowany o ustawieniu plik\u00f3w cookie i zezwala\u0142 na pliki cookie tylko w pojedynczych przypadkach, wyklucza\u0142 akceptacj\u0119 plik\u00f3w cookie w okre\u015blonych przypadkach lub og\u00f3lnie i aktywowa\u0142 automatyczne usuwanie plik\u00f3w cookie po zamkni\u0119ciu przegl\u0105darki. Je\u015bli pliki cookie s\u0105 wy\u0142\u0105czone, funkcjonalno\u015b\u0107 tej strony internetowej mo\u017ce by\u0107 ograniczona. Je\u015bli pliki cookie s\u0105 wykorzystywane przez firmy zewn\u0119trzne lub do cel\u00f3w analitycznych, poinformujemy Ci\u0119 o tym oddzielnie w ramach niniejszej polityki prywatno\u015bci i w razie potrzeby poprosimy o zgod\u0119.<\/p>\n\n<p>Do zarz\u0105dzania u\u017cywanymi plikami cookie i podobnymi technologiami (piksele \u015bledz\u0105ce, sygna\u0142y nawigacyjne itp.) oraz powi\u0105zanymi zgodami korzystamy z narz\u0119dzia do wyra\u017cania zgody &#8222;Real Cookie Banner&#8221;. Aby uzyska\u0107 szczeg\u00f3\u0142owe informacje na temat dzia\u0142ania Real Cookie Banner, zobacz <a href=\"https:\/\/devowl.io\/de\/wissensdatenbank\/real-cookie-banner-datenverarbeitung\/\" target=\"_blank\" rel=\"noopener nofollow\">https:\/\/devowl.io\/de\/rcb\/datenverarbeitung<\/a>.<\/p>\n\n<p>Podanie danych osobowych nie jest ani umownie wymagane, ani konieczne do zawarcia umowy. Podanie danych osobowych nie jest obowi\u0105zkowe. Je\u015bli nie podasz danych osobowych, nie b\u0119dziemy mogli zarz\u0105dza\u0107 Twoimi zgodami.<\/p>\n\n<h3 class=\"wp-block-heading\">Ustawienia plik\u00f3w cookie<\/h3>\n<button  href=\"#consent-change\" role=\"button\" id=\"rcb-sc-link-change\" data-success-message=\"\" class=\"rcb-sc-link rcb-sc-link-change \">Privatsph\u00e4re-Einstellungen \u00e4ndern<\/button>\n<button  href=\"#consent-history\" role=\"button\" id=\"rcb-sc-link-history\" data-success-message=\"\" class=\"rcb-sc-link rcb-sc-link-history \">Historie der Privatsph\u00e4re-Einstellungen<\/button>\n<button  href=\"#consent-revoke\" role=\"button\" id=\"rcb-sc-link-revoke\" data-success-message=\"Du hast die Einwilligung f\u00fcr Services mit dessen Cookies und Verarbeitung personenbezogener Daten erfolgreich widerrufen. Die Seite wird jetzt neu geladen!\" class=\"rcb-sc-link rcb-sc-link-revoke \">Einwilligungen widerrufen<\/button>\n\n<h2 class=\"wp-block-heading\">5. Media spo\u0142eczno\u015bciowe<\/h2>\n\n<h3 class=\"wp-block-heading\">Wtyczki Facebooka (przycisk &#8222;Lubi\u0119 to&#8221; i &#8222;Udost\u0119pnij&#8221;)<\/h3>\n\n<p>Wtyczki sieci spo\u0142eczno\u015bciowej Facebook s\u0105 zintegrowane z t\u0105 stron\u0105 internetow\u0105. Dostawc\u0105 tej us\u0142ugi jest Facebook Ireland Limited, 4 Grand Canal Square, Dublin 2, Irlandia. Jednak wed\u0142ug Facebooka zebrane dane b\u0119d\u0105 r\u00f3wnie\u017c przekazywane do USA i innych kraj\u00f3w trzecich.<br\/>Wtyczki Facebooka mo\u017cna rozpozna\u0107 po logo Facebooka lub przycisku &#8222;Lubi\u0119 to&#8221; na tej stronie internetowej. Przegl\u0105d wtyczek Facebooka mo\u017cna znale\u017a\u0107 tutaj: <a href=\"https:\/\/developers.facebook.com\/docs\/plugins\/?locale=de_DE\" rel=\"nofollow noopener\" target=\"_blank\">https:\/\/developers.facebook.com\/docs\/plugins\/?locale=de_DE<\/a>.<br\/>Gdy odwiedzasz t\u0119 stron\u0119 internetow\u0105, wtyczka nawi\u0105zuje bezpo\u015brednie po\u0142\u0105czenie mi\u0119dzy Twoj\u0105 przegl\u0105dark\u0105 a serwerem Facebooka.  W ten spos\u00f3b Facebook otrzymuje informacj\u0119, \u017ce odwiedzi\u0142e\u015b t\u0119 stron\u0119 internetow\u0105 za pomoc\u0105 swojego adresu IP. Je\u015bli klikniesz przycisk &#8222;Lubi\u0119 to&#8221; na Facebooku, gdy jeste\u015b zalogowany na swoim koncie na Facebooku, mo\u017cesz po\u0142\u0105czy\u0107 zawarto\u015b\u0107 tej strony internetowej ze swoim profilem na Facebooku. Dzi\u0119ki temu Facebook mo\u017ce przyporz\u0105dkowa\u0107 wizyt\u0119 na tej stronie internetowej do konta u\u017cytkownika. Zwracamy uwag\u0119, \u017ce jako dostawca stron nie mamy wiedzy na temat tre\u015bci przesy\u0142anych danych ani ich wykorzystania przez Facebook. Wi\u0119cej informacji na ten temat mo\u017cna znale\u017a\u0107 w polityce prywatno\u015bci Facebooka pod adresem: <a href=\"https:\/\/de-de.facebook.com\/privacy\/explanation\" rel=\"nofollow noopener\" target=\"_blank\">https:\/\/de-de.facebook.com\/privacy\/explanation<\/a>.<br\/>Je\u015bli nie \u017cycz\u0105 sobie Pa\u0144stwo, aby Facebook m\u00f3g\u0142 przyporz\u0105dkowa\u0107 wizyt\u0119 na tej stronie internetowej do Pa\u0144stwa konta u\u017cytkownika na Facebooku, prosimy o wylogowanie si\u0119 z konta u\u017cytkownika na Facebooku.<br\/>Korzystanie z wtyczek Facebooka odbywa si\u0119 na podstawie art. 6 ust. 1 lit. a) RODO. 1 lit. f RODO. Operator strony internetowej ma uzasadniony interes w jak najszerszej widoczno\u015bci w mediach spo\u0142eczno\u015bciowych. Je\u017celi za\u017c\u0105dano odpowiedniej zgody, przetwarzanie odbywa si\u0119 wy\u0142\u0105cznie na podstawie art. 6 ust. 1 lit. a). 1 lit. RODO; Zgoda mo\u017ce by\u0107 w ka\u017cdej chwili odwo\u0142ana.<br\/>Przekazywanie danych do Stan\u00f3w Zjednoczonych odbywa si\u0119 w oparciu o standardowe klauzule umowne Komisji Europejskiej.<br\/>Szczeg\u00f3\u0142y mo\u017cna znale\u017a\u0107 tutaj: <a href=\"https:\/\/de-de.facebook.com\/privacy\/explanation\" rel=\"nofollow noopener\" target=\"_blank\">https:\/\/www.facebook.com\/legal\/EU_data_transfer_addendum<\/a> i <a href=\"https:\/\/de-de.facebook.com\/help\/566994660333381\" rel=\"nofollow noopener\" target=\"_blank\">https:\/\/de-de.facebook.com\/help\/566994660333381<\/a>.<\/p>\n\n<h2 class=\"wp-block-heading\">6. Narz\u0119dzia analityczne i reklamy<\/h2>\n\n<h3 class=\"wp-block-heading\">Statystyki WordPressa<\/h3>\n\n<p>Ta strona internetowa wykorzystuje &#8222;statystyki WordPress&#8221; do statystycznej oceny dost\u0119pu odwiedzaj\u0105cych. Dostawc\u0105 jest Automattic Inc., 60 29th Street #343, San Francisco, CA 94110-4929, Stany Zjednoczone.<br\/>Statystyki WordPressa wykorzystuj\u0105 technologie, kt\u00f3re umo\u017cliwiaj\u0105 rozpoznanie u\u017cytkownika w celu analizy jego zachowa\u0144 (np. pliki cookie czy odcisk palca urz\u0105dzenia). WordPress Statistics zbiera m.in. pliki dziennika (strona odsy\u0142aj\u0105ca, adres IP, przegl\u0105darka itp.), pochodzenie odwiedzaj\u0105cych stron\u0119 internetow\u0105 (kraj, miasto) oraz jakie dzia\u0142ania podj\u0119li na stronie (np. klikni\u0119cia, wy\u015bwietlenia, pobrania). Zebrane w ten spos\u00f3b informacje na temat korzystania z tej strony internetowej s\u0105 przechowywane na serwerach w Stanach Zjednoczonych.<br\/>Tw\u00f3j adres IP zostanie zanonimizowany po przetworzeniu i przed zapisaniem.<br\/>Korzystanie z tego narz\u0119dzia analitycznego opiera si\u0119 na art. 6 ust. 1 lit. a) RODO. 1 lit. f RODO. Operator strony internetowej ma uzasadniony interes w zanonimizowanej analizie zachowa\u0144 u\u017cytkownik\u00f3w w celu optymalizacji zar\u00f3wno swojej strony internetowej, jak i reklam. Je\u015bli za\u017c\u0105dano odpowiedniej zgody (np. zgody na przechowywanie plik\u00f3w cookie), przetwarzanie odbywa si\u0119 wy\u0142\u0105cznie na podstawie art. 6 ust. 1 lit. a). 1 lit. RODO; Zgoda mo\u017ce by\u0107 w ka\u017cdej chwili odwo\u0142ana.<\/p>\n\n<h2 class=\"wp-block-heading\">7. Biuletyn<\/h2>\n\n<h3 class=\"wp-block-heading\">Dane do newslettera<\/h3>\n\n<p>Je\u015bli chcesz otrzymywa\u0107 newsletter oferowany na stronie internetowej, wymagamy od Ciebie adresu e-mail, a tak\u017ce informacji, kt\u00f3re pozwol\u0105 nam zweryfikowa\u0107, czy jeste\u015b w\u0142a\u015bcicielem podanego adresu e-mail i czy zgadzasz si\u0119 na otrzymywanie newslettera. Dalsze dane nie s\u0105 gromadzone lub s\u0105 zbierane wy\u0142\u0105cznie na zasadzie dobrowolno\u015bci. Wykorzystujemy te dane wy\u0142\u0105cznie do przesy\u0142ania \u017c\u0105danych informacji i nie przekazujemy ich osobom trzecim.<br\/>Przetwarzanie danych wprowadzonych w formularzu rejestracyjnym newslettera odbywa si\u0119 wy\u0142\u0105cznie na podstawie Pa\u0144stwa zgody (art. 6 ust. 1 lit. a RODO). W ka\u017cdej chwili mog\u0105 Pa\u0144stwo odwo\u0142a\u0107 swoj\u0105 zgod\u0119 na przechowywanie Pa\u0144stwa danych, adresu e-mail i ich wykorzystanie do wysy\u0142ania newslettera, na przyk\u0142ad za pomoc\u0105 linku &#8222;zrezygnuj z subskrypcji&#8221; w newsletterze. Wycofanie zgody nie ma wp\u0142ywu na zgodno\u015b\u0107 z prawem operacji przetwarzania danych, kt\u00f3re ju\u017c mia\u0142y miejsce.<br\/>Dane, kt\u00f3re zdeponowali Pa\u0144stwo u nas w celu zapisania si\u0119 do newslettera, b\u0119d\u0105 przechowywane przez nas lub dostawc\u0119 us\u0142ugi newslettera do momentu rezygnacji z newslettera i zostan\u0105 usuni\u0119te z listy dystrybucyjnej newslettera po wypisaniu si\u0119 z newslettera lub po ustaniu celu. Zastrzegamy sobie prawo do korzystania z adres\u00f3w e-mail z naszej listy dystrybucyjnej newslettera wed\u0142ug w\u0142asnego uznania w ramach naszego uzasadnionego interesu zgodnie z art. 6 ust. 1 lit. a) RODO. 1 lit. f RODO.<br\/>Po wypisaniu si\u0119 z listy dystrybucyjnej newslettera, Pa\u0144stwa adres e-mail mo\u017ce zosta\u0107 zapisany przez nas lub dostawc\u0119 us\u0142ugi newslettera na czarnej li\u015bcie, aby zapobiec przysz\u0142ym wysy\u0142kom.\nDane z czarnej listy b\u0119d\u0105 wykorzystywane wy\u0142\u0105cznie w tym celu i nie b\u0119d\u0105 \u0142\u0105czone z innymi danymi.<br\/>S\u0142u\u017cy to zar\u00f3wno Pa\u0144stwa interesom, jak i naszemu interesowi polegaj\u0105cemu na przestrzeganiu wymog\u00f3w prawnych przy wysy\u0142aniu newsletter\u00f3w (uzasadniony interes w rozumieniu art. 6 ust. 1 lit. f RODO).  Przechowywanie na czarnej li\u015bcie nie jest ograniczone czasowo. Mog\u0105 Pa\u0144stwo sprzeciwi\u0107 si\u0119 przechowywaniu danych, je\u015bli Pa\u0144stwa interesy przewa\u017caj\u0105 nad naszym uzasadnionym interesem.<\/p>\n\n<h2 class=\"wp-block-heading\">8. Wtyczki i narz\u0119dzia<\/h2>\n\n<h3 class=\"wp-block-heading\">YouTube z wi\u0119ksz\u0105 prywatno\u015bci\u0105<\/h3>\n\n<p>Ta strona internetowa zawiera filmy z YouTube. Operatorem stron jest Google Ireland Limited (&#8222;Google&#8221;), Gordon House, Barrow Street, Dublin 4, Irlandia.<br\/>Korzystamy z YouTube w rozszerzonym trybie prywatno\u015bci. Wed\u0142ug YouTube tryb ten oznacza, \u017ce YouTube nie przechowuje \u017cadnych informacji o osobach odwiedzaj\u0105cych t\u0119 stron\u0119 internetow\u0105 przed obejrzeniem przez nich filmu. Z drugiej strony, przekazywanie danych partnerom YouTube niekoniecznie jest wykluczone przez rozszerzony tryb ochrony danych. Oto, w jaki spos\u00f3b YouTube \u0142\u0105czy si\u0119 z sieci\u0105 Google DoubleClick niezale\u017cnie od tego, czy ogl\u0105dasz film.<br\/>Gdy tylko uruchomisz film YouTube na tej stronie, po\u0142\u0105czy si\u0119 on z serwerami YouTube. Serwer YouTube jest informowany o tym, kt\u00f3re z naszych stron zosta\u0142y odwiedzone przez u\u017cytkownika.<br\/>Je\u015bli jeste\u015b zalogowany na swoim koncie YouTube, umo\u017cliwiasz YouTube przyporz\u0105dkowanie Twojego zachowania podczas surfowania bezpo\u015brednio do Twojego osobistego profilu. Mo\u017cesz temu zapobiec, wylogowuj\u0105c si\u0119 ze swojego konta YouTube.<br\/>Ponadto po uruchomieniu filmu YouTube mo\u017ce przechowywa\u0107 r\u00f3\u017cne pliki cookie na urz\u0105dzeniu ko\u0144cowym u\u017cytkownika lub korzysta\u0107 z por\u00f3wnywalnych technologii rozpoznawania (np. odcisk palca urz\u0105dzenia).   W ten spos\u00f3b YouTube mo\u017ce uzyska\u0107 informacje o osobach odwiedzaj\u0105cych t\u0119 stron\u0119 internetow\u0105. Informacje te s\u0105 wykorzystywane mi\u0119dzy innymi do zbierania statystyk wideo, poprawy do\u015bwiadczenia u\u017cytkownika i zapobiegania pr\u00f3bom oszustwa.<br\/>W razie potrzeby po uruchomieniu filmu na YouTube mog\u0105 zosta\u0107 uruchomione dalsze operacje przetwarzania danych, na kt\u00f3re nie mamy wp\u0142ywu.<br\/>YouTube jest wykorzystywany w celu atrakcyjnej prezentacji naszej oferty online.<br\/>Stanowi to uzasadniony interes w rozumieniu art. 6 ust. 1 lit. a) RODO. 1 lit. f RODO. Je\u017celi za\u017c\u0105dano odpowiedniej zgody, przetwarzanie odbywa si\u0119 wy\u0142\u0105cznie na podstawie art. 6 ust. 1 lit. a). 1 lit. RODO; Zgoda mo\u017ce by\u0107 w ka\u017cdej chwili odwo\u0142ana.<br\/>Wi\u0119cej informacji na temat prywatno\u015bci w YouTube mo\u017cna znale\u017a\u0107 w ich polityce prywatno\u015bci pod adresem: <a href=\"https:\/\/policies.google.com\/privacy?hl=de\" rel=\"nofollow noopener\" target=\"_blank\">https:\/\/policies.google.com\/privacy?hl=de<\/a>.<\/p>\n\n<h3 class=\"wp-block-heading\">Mapy Google<\/h3>\n\n<p>Ta strona korzysta z us\u0142ugi mapowej Google Maps. Dostawc\u0105 jest Google Ireland Limited (&#8222;Google&#8221;), Gordon House, Barrow Street, Dublin 4, Irlandia.<br\/>Aby m\u00f3c korzysta\u0107 z funkcji Google Maps, konieczne jest zapisanie adresu IP u\u017cytkownika. Informacje te s\u0105 z regu\u0142y przesy\u0142ane na serwer Google w USA i tam przechowywane. Dostawca tej strony internetowej nie ma wp\u0142ywu na ten transfer danych.<br\/>Korzystanie z Google Maps ma na celu atrakcyjn\u0105 prezentacj\u0119 naszych ofert online oraz u\u0142atwienie odnalezienia miejsc, kt\u00f3re wskazujemy na stronie internetowej. Stanowi to uzasadniony interes w rozumieniu art. 6 ust. 1 lit. f RODO. 1 lit. f RODO. Je\u017celi za\u017c\u0105dano odpowiedniej zgody, przetwarzanie odbywa si\u0119 wy\u0142\u0105cznie na podstawie art. 6 ust. 1 lit. a). 1 lit. RODO; Zgoda mo\u017ce by\u0107 w ka\u017cdej chwili odwo\u0142ana.<br\/>Przekazywanie danych do Stan\u00f3w Zjednoczonych odbywa si\u0119 w oparciu o standardowe klauzule umowne Komisji Europejskiej.<br\/>Szczeg\u00f3\u0142y mo\u017cna znale\u017a\u0107 tutaj: <a href=\"https:\/\/privacy.google.com\/businesses\/gdprcontrollerterms\/\" rel=\"nofollow noopener\" target=\"_blank\">https:\/\/privacy.google.com\/businesses\/gdprcontrollerterms\/<\/a> i <a href=\"https:\/\/privacy.google.com\/businesses\/gdprcontrollerterms\/sccs\/\" rel=\"nofollow noopener\" target=\"_blank\">https:\/\/privacy.google.com\/businesses\/gdprcontrollerterms\/sccs\/<\/a>.<br\/>Wi\u0119cej informacji na temat post\u0119powania z danymi u\u017cytkownik\u00f3w mo\u017cna znale\u017a\u0107 w polityce prywatno\u015bci Google: <a href=\"https:\/\/policies.google.com\/privacy?hl=de\" rel=\"nofollow noopener\" target=\"_blank\">https:\/\/policies.google.com\/privacy?hl=de<\/a>.<\/p>\n\n<h3 class=\"wp-block-heading\">Google reCaptcha<\/h3>\n\n<p>Na tej stronie internetowej u\u017cywamy &#8222;reCaptcha&#8221;. Dostawc\u0105 jest Intuition Machines, Inc., Intuition Machines, Inc. 350 Alabama St, San Francisco, CA 94110. Dzi\u0119ki reCaptcha mo\u017cna sprawdzi\u0107, czy wprowadzanie danych na tej stronie internetowej (np. w formularzu kontaktowym) jest wykonywane przez cz\u0142owieka, czy przez zautomatyzowany program. W tym celu reCaptcha analizuje zachowanie osoby odwiedzaj\u0105cej stron\u0119 internetow\u0105 na podstawie r\u00f3\u017cnych cech. Analiza ta rozpoczyna si\u0119 automatycznie, gdy tylko odwiedzaj\u0105cy stron\u0119 internetow\u0105 wejdzie na stron\u0119. W celu analizy reCaptcha ocenia r\u00f3\u017cne informacje (np. adres IP, d\u0142ugo\u015b\u0107 pobytu osoby odwiedzaj\u0105cej stron\u0119 internetow\u0105 na stronie internetowej lub ruchy myszy wykonane przez u\u017cytkownika). Dane zebrane podczas analizy zostan\u0105 przekazane do Intuition Machines, Inc. Analizy reCaptcha dzia\u0142aj\u0105 ca\u0142kowicie w tle. Odwiedzaj\u0105cy stron\u0119 internetow\u0105 nie s\u0105 informowani o tym, \u017ce przeprowadzana jest analiza. Przechowywanie i analiza danych odbywa si\u0119 na podstawie art. 6 ust. 1 lit. f RODO. Operator strony internetowej ma uzasadniony interes w ochronie swojej oferty internetowej przed nadu\u017cywaniem zautomatyzowanego szpiegowania i przed spamem. Je\u017celi wymagana jest odpowiednia zgoda, przetwarzanie odbywa si\u0119 wy\u0142\u0105cznie na podstawie art. 6 ust. 1 lit. a RODO; Zgoda mo\u017ce by\u0107 w ka\u017cdej chwili odwo\u0142ana. Aby uzyska\u0107 wi\u0119cej informacji na temat reCaptcha, zapoznaj si\u0119 z Polityk\u0105 prywatno\u015bci reCaptcha i Warunkami korzystania z reCaptcha pod poni\u017cszymi linkami:  <a href=\"https:\/\/policies.google.com\/privacy\" target=\"_blank\" rel=\"noreferrer noopener nofollow\">https:\/\/policies.google.com\/privacy<\/a> i <a href=\"https:\/\/www.google.com\/recaptcha\/about\" target=\"_blank\" rel=\"noreferrer noopener nofollow\">https:\/\/www.google.com\/recaptcha\/about<\/a><\/p>\n\n<h3 class=\"wp-block-heading\">hCaptcha<\/h3>\n\n<p>Na tej stronie internetowej u\u017cywamy &#8222;hCaptcha&#8221;. Dostawc\u0105 jest Intuition Machines, Inc., Intuition Machines, Inc. 350 Alabama St, San Francisco, CA 94110. Celem hCaptcha jest sprawdzenie, czy wprowadzanie danych na tej stronie internetowej (np. w formularzu kontaktowym) jest dokonywane przez cz\u0142owieka, czy przez zautomatyzowany program. W tym celu hCaptcha analizuje zachowanie osoby odwiedzaj\u0105cej stron\u0119 internetow\u0105 na podstawie r\u00f3\u017cnych cech. Analiza ta rozpoczyna si\u0119 automatycznie, gdy tylko odwiedzaj\u0105cy stron\u0119 internetow\u0105 wejdzie na stron\u0119. Na potrzeby analizy hCaptcha ocenia r\u00f3\u017cne informacje (np. adres IP, d\u0142ugo\u015b\u0107 pobytu osoby odwiedzaj\u0105cej stron\u0119 internetow\u0105 na stronie internetowej lub ruchy myszy wykonane przez u\u017cytkownika). Dane zebrane podczas analizy zostan\u0105 przekazane do Intuition Machines, Inc. Analizy hCaptcha dzia\u0142aj\u0105 ca\u0142kowicie w tle. Odwiedzaj\u0105cy stron\u0119 internetow\u0105 nie s\u0105 informowani o tym, \u017ce przeprowadzana jest analiza. Przechowywanie i analiza danych odbywa si\u0119 na podstawie art. 6 ust. 1 lit. f RODO. Operator strony internetowej ma uzasadniony interes w ochronie swojej oferty internetowej przed nadu\u017cywaniem zautomatyzowanego szpiegowania i przed spamem. Je\u017celi wymagana jest odpowiednia zgoda, przetwarzanie odbywa si\u0119 wy\u0142\u0105cznie na podstawie art. 6 ust. 1 lit. a RODO; Zgoda mo\u017ce by\u0107 w ka\u017cdej chwili odwo\u0142ana. Aby uzyska\u0107 wi\u0119cej informacji na temat hCaptcha, zapoznaj si\u0119 z Polityk\u0105 prywatno\u015bci hCaptcha i Warunkami korzystania z hCaptcha pod poni\u017cszymi linkami:  <a href=\"https:\/\/www.hcaptcha.com\/privacy\" target=\"_blank\" rel=\"noopener nofollow\">https:\/\/www.hcaptcha.com\/privacy<\/a> i <a href=\"https:\/\/www.hcaptcha.com\/terms\" target=\"_blank\" rel=\"noopener nofollow\">https:\/\/www.hcaptcha.com\/terms<\/a><\/p>\n\n<h2 class=\"wp-block-heading\">9. Prywatno\u015b\u0107 dzieci<\/h2>\n\n<p>Szczeg\u00f3lnie wa\u017cna jest ochrona prywatno\u015bci dzieci i m\u0142odzie\u017cy. W zwi\u0105zku z tym osoby poni\u017cej 18 roku \u017cycia mog\u0105 korzysta\u0107 z naszych us\u0142ug wy\u0142\u0105cznie pod nadzorem rodzic\u00f3w, a rodzice b\u0119d\u0105 ponosi\u0107 odpowiedzialno\u015b\u0107 w przypadku jakichkolwiek szk\u00f3d poniesionych przez nas. Je\u015bli dowiemy si\u0119, \u017ce zebrali\u015bmy dane osobowe od dziecka poni\u017cej 18 roku \u017cycia, kt\u00f3re nie zosta\u0142o do tego upowa\u017cnione przez rodzic\u00f3w, usuniemy te informacje tak szybko, jak to mo\u017cliwe. Je\u015bli uwa\u017casz, \u017ce mo\u017cemy mie\u0107 informacje od dziecka poni\u017cej 18 roku \u017cycia lub na jego temat, skontaktuj si\u0119 z nami.<\/p>\n\n<h2 class=\"wp-block-heading\">10. Fuzje i przej\u0119cia<\/h2>\n\n<p>W przypadku fuzji lub przej\u0119cia zastrzegamy sobie prawo do przekazania wszelkich posiadanych przez nas informacji, w tym danych osobowych, nowemu lub powstaj\u0105cemu podmiotowi. O wszelkich zmianach w zasadach i statusie platformy zostaniesz poinformowany za po\u015brednictwem poczty elektronicznej.<\/p>\n\n<h2 class=\"wp-block-heading\">11. Linki do platform stron trzecich<\/h2>\n\n<p>Nasza platforma zawiera linki do innych platform. Fakt, \u017ce \u0142\u0105czymy si\u0119 z platform\u0105, nie oznacza, \u017ce jeste\u015bmy powi\u0105zani, zatwierdzamy lub reprezentujemy t\u0119 stron\u0119 trzeci\u0105. Nie sprawujemy \u017cadnej kontroli nad platformami stron trzecich. Te inne platformy mog\u0105 umieszcza\u0107 w\u0142asne pliki cookie lub inne pliki na komputerze u\u017cytkownika, zbiera\u0107 dane lub \u017c\u0105da\u0107 od niego informacji umo\u017cliwiaj\u0105cych identyfikacj\u0119 u\u017cytkownika. Inne strony internetowe stosuj\u0105 inne zasady dotycz\u0105ce wykorzystywania lub ujawniania danych osobowych, kt\u00f3re im przekazujesz. Zach\u0119camy do zapoznania si\u0119 z polityk\u0105 prywatno\u015bci lub o\u015bwiadczeniami innych odwiedzanych platform.<\/p>\n\n<h2 class=\"wp-block-heading\">12. Phishing lub fa\u0142szywe wiadomo\u015bci e-mail<\/h2>\n\n<p>Je\u015bli otrzymasz niechcian\u0105 wiadomo\u015b\u0107 e-mail, kt\u00f3ra wydaje si\u0119 pochodzi\u0107 od nas lub jednego z naszych cz\u0142onk\u00f3w, z pro\u015bb\u0105 o podanie danych osobowych (np. Twoja karta kredytowa, nazwa u\u017cytkownika lub has\u0142o) lub zweryfikuj lub potwierd\u017a swoje konto lub inne dane osobowe, klikaj\u0105c link, lub je\u015bli zostaniesz poproszony o udost\u0119pnienie swoich danych osobowych innemu u\u017cytkownikowi, to prawdopodobnie ta wiadomo\u015b\u0107 e-mail zosta\u0142a wys\u0142ana przez kogo\u015b, kto pr\u00f3buje uzyska\u0107 Twoje informacje niezgodnie z prawem, co jest czasami okre\u015blane jako &#8222;phishing&#8221; lub &#8222;spoofer&#8221;. Nie prosimy o tego typu informacje w wiadomo\u015bciach e-mail. Nie podawaj informacji ani nie klikaj linku. Skontaktuj si\u0119 z nami, korzystaj\u0105c z danych kontaktowych podanych na platformie, je\u015bli otrzymasz tak\u0105 wiadomo\u015b\u0107 e-mail.<\/p>\n\n<h2 class=\"wp-block-heading\">13. Zmiany w naszej Polityce prywatno\u015bci<\/h2>\n\n<p>Od czasu do czasu mo\u017cemy aktualizowa\u0107 niniejsz\u0105 Polityk\u0119 prywatno\u015bci i procedury bezpiecze\u0144stwa informacji. Je\u015bli te procedury dotycz\u0105ce prywatno\u015bci i\/lub bezpiecze\u0144stwa informacji ulegn\u0105 istotnej zmianie w dowolnym momencie w przysz\u0142o\u015bci, opublikujemy nowe zmiany w widocznym miejscu na Platformie, aby powiadomi\u0107 Ci\u0119 o tym i zapewni\u0107 Ci mo\u017cliwo\u015b\u0107 rezygnacji zgodnie z powy\u017cszymi postanowieniami.<\/p>\n\n<p>Dalsze korzystanie z naszej Platformy i Us\u0142ugi po opublikowaniu takich zmian b\u0119dzie oznacza\u0107, \u017ce u\u017cytkownik przyjmuje do wiadomo\u015bci takie zmiany i zgadza si\u0119 na przestrzeganie warunk\u00f3w takich zmian.<\/p>\n\n<h2 class=\"wp-block-heading\">14. Naruszenie Polityki Prywatno\u015bci<\/h2>\n\n<p>Zastrzegamy sobie prawo do zamkni\u0119cia lub zawieszenia kont lub usuni\u0119cia niekt\u00f3rych tre\u015bci z profili lub obszar\u00f3w publicznych tej platformy, je\u015bli oka\u017ce si\u0119, \u017ce takie konto lub tre\u015bci naruszaj\u0105 nasz\u0105 Polityk\u0119 prywatno\u015bci. Serdecznie prosimy o uszanowanie obaw dotycz\u0105cych prywatno\u015bci i poufno\u015bci innych os\u00f3b. Jurysdykcja w przypadku jakiegokolwiek naruszenia lub sporu b\u0119dzie regulowana przez warunki korzystania z platformy.<\/p>\n","protected":false},"excerpt":{"rendered":"<p>1. Ochrona danych w skr\u00f3cie Informacje og\u00f3lne Poni\u017csze informacje stanowi\u0105 prosty przegl\u0105d tego, co dzieje si\u0119 z Twoimi danymi osobowymi podczas odwiedzania tej strony internetowej. Dane osobowe to wszelkie dane, kt\u00f3re mog\u0105 by\u0107 wykorzystane do identyfikacji u\u017cytkownika. Szczeg\u00f3\u0142owe informacje na temat ochrony danych osobowych mo\u017cna znale\u017a\u0107 w naszej polityce prywatno\u015bci wymienionej pod tym tekstem. Kto [&hellip;]<\/p>\n","protected":false},"author":1,"featured_media":0,"parent":10675,"menu_order":0,"comment_status":"closed","ping_status":"open","template":"","meta":{"footnotes":""},"class_list":["post-3208","page","type-page","status-publish","hentry"],"_links":{"self":[{"href":"https:\/\/mregio.de\/pl\/wp-json\/wp\/v2\/pages\/3208","targetHints":{"allow":["GET"]}}],"collection":[{"href":"https:\/\/mregio.de\/pl\/wp-json\/wp\/v2\/pages"}],"about":[{"href":"https:\/\/mregio.de\/pl\/wp-json\/wp\/v2\/types\/page"}],"author":[{"embeddable":true,"href":"https:\/\/mregio.de\/pl\/wp-json\/wp\/v2\/users\/1"}],"replies":[{"embeddable":true,"href":"https:\/\/mregio.de\/pl\/wp-json\/wp\/v2\/comments?post=3208"}],"version-history":[{"count":2,"href":"https:\/\/mregio.de\/pl\/wp-json\/wp\/v2\/pages\/3208\/revisions"}],"predecessor-version":[{"id":10700,"href":"https:\/\/mregio.de\/pl\/wp-json\/wp\/v2\/pages\/3208\/revisions\/10700"}],"up":[{"embeddable":true,"href":"https:\/\/mregio.de\/pl\/wp-json\/wp\/v2\/pages\/10675"}],"wp:attachment":[{"href":"https:\/\/mregio.de\/pl\/wp-json\/wp\/v2\/media?parent=3208"}],"curies":[{"name":"wp","href":"https:\/\/api.w.org\/{rel}","templated":true}]}}