{"id":1870,"date":"2020-09-28T16:44:18","date_gmt":"2020-09-28T14:44:18","guid":{"rendered":"https:\/\/mregio.de\/politique-de-confidentialite\/"},"modified":"2024-11-14T11:17:06","modified_gmt":"2024-11-14T10:17:06","slug":"politique-de-confidentialite","status":"publish","type":"page","link":"https:\/\/mregio.de\/fr\/legal\/politique-de-confidentialite\/","title":{"rendered":"Politique de confidentialit\u00e9"},"content":{"rendered":"\n<h2 class=\"wp-block-heading\">1. Protection des donn\u00e9es en un coup d\u2019oeil<\/h2>\n\n<h3 class=\"wp-block-heading\">Informations g\u00e9n\u00e9rales<\/h3>\n\n<p>Les informations suivantes donnent un aper\u00e7u simple de ce qu\u2019il advient de vos donn\u00e9es personnelles lorsque vous visitez ce site Web. Les donn\u00e9es personnelles sont toutes les donn\u00e9es qui peuvent \u00eatre utilis\u00e9es pour vous identifier personnellement. Vous trouverez des informations d\u00e9taill\u00e9es sur le th\u00e8me de la protection des donn\u00e9es dans notre politique de confidentialit\u00e9 indiqu\u00e9e sous ce texte.<\/p>\n\n<h3 class=\"wp-block-heading\">Qui est responsable de la collecte des donn\u00e9es sur ce site web ?<\/h3>\n\n<p>Le traitement des donn\u00e9es sur ce site web est effectu\u00e9 par l\u2019exploitant du site web. Leurs coordonn\u00e9es se trouvent dans la section \u00ab Note sur l\u2019organisme responsable \u00bb de la pr\u00e9sente politique de confidentialit\u00e9.<\/p>\n\n<h3 class=\"wp-block-heading\">Comment collectons-nous vos donn\u00e9es ?<\/h3>\n\n<p>D\u2019une part, vos donn\u00e9es sont collect\u00e9es lorsque vous nous les fournissez. Il peut s\u2019agir, par exemple, de donn\u00e9es que vous saisissez dans un formulaire de contact.<br\/>D\u2019autres donn\u00e9es sont collect\u00e9es automatiquement ou avec votre consentement lorsque vous visitez le site web par nos syst\u00e8mes informatiques. Il s\u2019agit principalement de donn\u00e9es techniques (par exemple, le navigateur Internet, le syst\u00e8me d\u2019exploitation ou l\u2019heure d\u2019acc\u00e8s \u00e0 la page). Ces donn\u00e9es sont collect\u00e9es automatiquement d\u00e8s que vous entrez sur ce site web.<\/p>\n\n<h3 class=\"wp-block-heading\">\u00c0 quelles fins utilisons-nous vos donn\u00e9es ?<\/h3>\n\n<p>Nous utilisons les informations personnelles que nous recueillons pour r\u00e9pondre \u00e0 vos demandes de services, am\u00e9liorer nos services et vous contacter.<\/p>\n\n<p>En nous fournissant votre adresse e-mail, vous acceptez que nous puissions utiliser l\u2019adresse e-mail pour vous fournir des communications relatives \u00e0 notre Plateforme et \u00e0 nos Services, y compris tout avis requis par la loi, au lieu d\u2019avis par courrier. Vous acceptez \u00e9galement que nous puissions envoyer des notifications sur l\u2019activit\u00e9 sur notre Plateforme \u00e0 l\u2019adresse e-mail que vous avez fournie, conform\u00e9ment \u00e0 tous les param\u00e8tres de confidentialit\u00e9 applicables. Nous pouvons utiliser votre adresse e-mail pour vous envoyer d\u2019autres messages, tels que des bulletins d\u2019information, des modifications de nos fonctionnalit\u00e9s ou d\u2019autres informations. Si vous ne souhaitez pas recevoir d\u2019e-mails facultatifs, vous pouvez modifier vos pr\u00e9f\u00e9rences afin de ne pas les recevoir.<\/p>\n\n<p>Nos param\u00e8tres peuvent \u00e9galement vous permettre d\u2019ajuster vos pr\u00e9f\u00e9rences de communication. Si vous ne souhaitez pas recevoir d\u2019e-mails promotionnels de notre part, vous pouvez vous d\u00e9sabonner en suivant les instructions contenues dans ces e-mails pour vous d\u00e9sabonner. Si vous vous d\u00e9sinscrivez, vous continuerez \u00e0 recevoir des e-mails non promotionnels de notre part concernant votre compte et nos Services.<\/p>\n\n<p>En cas de r\u00e9siliation ou de d\u00e9sactivation de vos Services, nous pouvons conserver (mais ne sommes pas oblig\u00e9s de) conserver vos informations \u00e0 des fins d\u2019archivage. Nous ne divulguerons vos informations personnelles que de la mani\u00e8re d\u00e9crite dans la pr\u00e9sente politique de confidentialit\u00e9.<\/p>\n\n<p>Nous nous r\u00e9servons le droit, \u00e0 notre seule discr\u00e9tion et pour quelque raison que ce soit, de supprimer tout contenu ou message si nous estimons qu\u2019il est n\u00e9cessaire de : (a) se conformer \u00e0 la loi, se conformer \u00e0 une proc\u00e9dure judiciaire qui nous a \u00e9t\u00e9 signifi\u00e9e, ou enqu\u00eater, pr\u00e9venir ou prendre des mesures concernant une activit\u00e9 ill\u00e9gale pr\u00e9sum\u00e9e ou r\u00e9elle ; (b) pour faire respecter la pr\u00e9sente Politique, pour prendre des pr\u00e9cautions contre la responsabilit\u00e9, pour enqu\u00eater et se d\u00e9fendre contre les r\u00e9clamations ou all\u00e9gations de tiers, pour aider les organismes gouvernementaux d\u2019application de la loi ou pour prot\u00e9ger la s\u00e9curit\u00e9 ou l\u2019int\u00e9grit\u00e9 de notre Plateforme ; ou (c) pour exercer ou prot\u00e9ger les droits, la propri\u00e9t\u00e9 ou la s\u00e9curit\u00e9 personnelle de la Plateforme, de nos utilisateurs ou d\u2019autres personnes.<\/p>\n\n<p>Pour envoyer d\u2019autres messages qui nous aident \u00e0 fournir nos services sur le Site ;<\/p>\n\n<p>Nous ne montrons \u00e0 aucun utilisateur o\u00f9 vit l\u2019autre utilisateur.<\/p>\n\n<p>Nous ne partageons pas votre adresse e-mail avec d\u2019autres utilisateurs ;<\/p>\n\n<p>En d\u00e9sactivant votre compte, vous pouvez supprimer d\u00e9finitivement toutes les donn\u00e9es afin que vous ou nous n\u2019y ayons plus acc\u00e8s.<\/p>\n\n<p>Fournisseurs de services tiers : Nous engageons d\u2019autres entreprises et individus pour effectuer des t\u00e2ches en notre nom. Il peut s\u2019agir, par exemple, de fournir un soutien marketing, de fournir des r\u00e9sultats de recherche et des liens (y compris des annonces et des liens payants), de traiter les paiements par carte de cr\u00e9dit et de fournir un service client. Dans le cadre de l\u2019ex\u00e9cution de t\u00e2ches en notre nom, nous pouvons partager des informations personnellement identifiables avec ces soci\u00e9t\u00e9s et individus dans la mesure n\u00e9cessaire \u00e0 l\u2019exercice de leurs fonctions. Cependant, nous n\u2019autorisons pas ces entreprises et individus \u00e0 utiliser des informations personnelles identifiables \u00e0 d\u2019autres fins. En outre, nous pouvons partager des informations non personnelles avec des annonceurs et d\u2019autres tiers afin qu\u2019ils puissent les utiliser \u00e0 des fins de marketing pour nous, pour eux-m\u00eames ou pour d\u2019autres. Si vous n\u2019\u00eates pas int\u00e9ress\u00e9 \u00e0 recevoir de la publicit\u00e9 cibl\u00e9e ou d\u2019autres informations ou documents marketing \u00e0 la suite de ces efforts, vous pouvez ajuster les param\u00e8tres de vos appareils mobiles pour emp\u00eacher l\u2019utilisation de vos informations non personnellement identifiables de cette mani\u00e8re.<\/p>\n\n<p>Promotions internes : Nous pouvons occasionnellement combiner les informations que nous recevons par le biais de nos Services avec des enregistrements externes afin d\u2019am\u00e9liorer notre capacit\u00e9 \u00e0 commercialiser nos services susceptibles de vous int\u00e9resser. Si vous vous \u00eates inscrit pour recevoir nos e-mails et que vous pr\u00e9f\u00e9rez ne pas recevoir d\u2019informations marketing en rapport avec nos Services, veuillez suivre les instructions de \u00ab d\u00e9sabonnement \u00bb incluses dans tout e-mail marketing que vous recevez en relation avec nos Services, ou suivez les instructions de notre formulaire de d\u00e9sabonnement par e-mail comme d\u00e9crit ci-dessous dans la section \u00ab Demandes de d\u00e9sabonnement \u00bb.<\/p>\n\n<p>Transferts d\u2019entreprise : Dans le cadre du d\u00e9veloppement de nos activit\u00e9s, nous pouvons vendre une ou plusieurs de nos soci\u00e9t\u00e9s, filiales ou unit\u00e9s commerciales. Dans de telles transactions, les donn\u00e9es personnelles font g\u00e9n\u00e9ralement partie de l\u2019achalandage transf\u00e9r\u00e9. Dans un tel cas, la pr\u00e9sente politique de confidentialit\u00e9 peut \u00eatre modifi\u00e9e comme d\u00e9crit ci-dessous, ou la collecte et l\u2019utilisation de vos informations personnelles peuvent \u00eatre r\u00e9gies par une politique de confidentialit\u00e9 diff\u00e9rente.<\/p>\n\n<p>Protection de nos services et d\u2019autrui : Nous nous r\u00e9servons le droit de divulguer des informations personnelles \u00e0 des tiers non affili\u00e9s si nous estimons que la divulgation est appropri\u00e9e pour se conformer \u00e0 la loi, faire respecter ou appliquer nos conditions d\u2019utilisation et d\u2019autres accords, ou prot\u00e9ger nos droits, notre propri\u00e9t\u00e9 ou notre s\u00e9curit\u00e9, celle de nos utilisateurs ou d\u2019autres personnes. Cela inclut l\u2019\u00e9change d\u2019informations avec d\u2019autres tiers non affili\u00e9s dans le cadre de la protection contre la fraude et de la r\u00e9duction du risque de cr\u00e9dit.<\/p>\n\n<p>Avec votre consentement : En dehors des cas ci-dessus, vous serez inform\u00e9 et aurez la possibilit\u00e9 de refuser votre consentement si des informations personnelles vous concernant sont partag\u00e9es avec des tiers non affili\u00e9s.<\/p>\n\n<p>Nous pouvons transf\u00e9rer les donn\u00e9es de l\u2019utilisateur par le biais des diff\u00e9rentes plateformes de la soci\u00e9t\u00e9.<\/p>\n\n<h3 class=\"wp-block-heading\">Partageons-nous vos donn\u00e9es ?<\/h3>\n\n<p>En r\u00e8gle g\u00e9n\u00e9rale, nous ne vendons ni ne louons d\u2019informations vous concernant et ne divulguons pas d\u2019informations vous concernant d\u2019une mani\u00e8re incompatible avec la pr\u00e9sente politique de confidentialit\u00e9, sauf si la loi ou la r\u00e9glementation gouvernementale l\u2019exige. Nous coop\u00e9rons avec les forces de l\u2019ordre, ainsi qu\u2019avec d\u2019autres tiers, pour faire respecter les lois, telles que celles relatives aux droits de propri\u00e9t\u00e9 intellectuelle, \u00e0 la fraude et \u00e0 d\u2019autres droits personnels.<\/p>\n\n<p>Nous ne partagerons pas les informations personnelles que nous recueillons \u00e0 votre sujet avec des tiers \u00e0 leurs propres fins de marketing sans votre consentement. Nous avons conclu des contrats avec des tiers qui leur interdisent de partager vos donn\u00e9es personnelles.<\/p>\n\n<p>Nous recueillons des statistiques sur le trafic du site Web, les ventes et d\u2019autres informations commerciales que nous partageons avec des tiers afin d\u2019am\u00e9liorer les services que nous offrons. Nous utilisons \u00e9galement des informations d\u00e9mographiques pour personnaliser le site Web, et nous partageons ces informations avec des tiers afin qu\u2019ils puissent mieux comprendre notre client\u00e8le et les tendances g\u00e9n\u00e9rales de consommation.<\/p>\n\n<p>Si vous n\u2019\u00eates pas d\u2019accord avec notre Politique de confidentialit\u00e9, nos Conditions d\u2019utilisation ou toute autre politique de notre Plateforme, veuillez cesser d\u2019utiliser notre Service ; En continuant d\u2019utiliser le Service, vous reconnaissez et acceptez notre Politique de confidentialit\u00e9 et nos Conditions d\u2019utilisation.<\/p>\n\n<p>NOUS POUVONS (ET VOUS NOUS AUTORISEZ \u00c0 LE FAIRE) DIVULGUER TOUTE INFORMATION VOUS CONCERNANT AUX FORCES DE L\u2019ORDRE, \u00c0 D\u2019AUTRES REPR\u00c9SENTANTS DU GOUVERNEMENT, \u00c0 DES PROC\u00c9DURES JUDICIAIRES OU \u00c0 D\u2019AUTRES TIERS SI NOUS LE JUGEONS N\u00c9CESSAIRE OU APPROPRI\u00c9, \u00c0 NOTRE SEULE DISCR\u00c9TION, DANS LE CADRE D\u2019UNE ENQU\u00caTE SUR UNE FRAUDE, UNE VIOLATION DE LA PROPRI\u00c9T\u00c9 INTELLECTUELLE OU TOUTE AUTRE ACTIVIT\u00c9 ILL\u00c9GALE OU SUSCEPTIBLE DE NOUS EXPOSER OU DE LES EXPOSER \u00c0 UNE RESPONSABILIT\u00c9.<\/p>\n\n<h3 class=\"wp-block-heading\">Quels sont vos droits sur vos donn\u00e9es ?<\/h3>\n\n<p>Toute personne concern\u00e9e a le droit, accord\u00e9 par le l\u00e9gislateur europ\u00e9en, d\u2019obtenir \u00e0 tout moment et gratuitement des informations du responsable du traitement sur les donn\u00e9es stock\u00e9es \u00e0 son sujet et une copie de ces informations. En outre, les directives et r\u00e9glementations europ\u00e9ennes permettent \u00e0 la personne concern\u00e9e d\u2019acc\u00e9der aux informations suivantes :<\/p>\n\n<ol class=\"wp-block-list\">\n<li>les finalit\u00e9s du traitement ;<\/li>\n\n\n\n<li>les cat\u00e9gories de donn\u00e9es \u00e0 caract\u00e8re personnel concern\u00e9es ;<\/li>\n\n\n\n<li>les destinataires ou cat\u00e9gories de destinataires auxquels les donn\u00e9es \u00e0 caract\u00e8re personnel ont \u00e9t\u00e9 ou seront divulgu\u00e9es, en particulier les destinataires dans des pays tiers ou des organisations internationales ;<\/li>\n\n\n\n<li>si possible, la dur\u00e9e envisag\u00e9e de conservation des donn\u00e9es \u00e0 caract\u00e8re personnel ou, si cela n\u2019est pas possible, les crit\u00e8res utilis\u00e9s pour d\u00e9terminer cette dur\u00e9e ;<\/li>\n\n\n\n<li>l\u2019existence du droit d\u2019obtenir du responsable du traitement la rectification ou l\u2019effacement des donn\u00e9es \u00e0 caract\u00e8re personnel ou la limitation du traitement des donn\u00e9es \u00e0 caract\u00e8re personnel concernant la personne concern\u00e9e ou de s\u2019opposer \u00e0 un tel traitement ;<\/li>\n\n\n\n<li>l\u2019existence du droit d\u2019introduire une r\u00e9clamation aupr\u00e8s d\u2019une autorit\u00e9 de contr\u00f4le ;<\/li>\n\n\n\n<li>dans le cas o\u00f9 les donn\u00e9es personnelles n\u2019ont pas \u00e9t\u00e9 collect\u00e9es aupr\u00e8s de la personne concern\u00e9e, toutes les informations disponibles sur l\u2019origine des donn\u00e9es ;<\/li>\n\n\n\n<li>l\u2019existence d\u2019une prise de d\u00e9cision automatis\u00e9e, y compris le profilage, conform\u00e9ment \u00e0 l\u2019article 22, paragraphes 1 et 4, du RGPD et, au moins dans ces cas, des informations significatives sur la logique sous-jacente, ainsi que sur l\u2019importance et les cons\u00e9quences probables d\u2019un tel traitement pour la personne concern\u00e9e.<\/li>\n<\/ol>\n\n<p>En outre, la personne concern\u00e9e a le droit d\u2019obtenir des informations sur le transfert de donn\u00e9es \u00e0 caract\u00e8re personnel vers un pays tiers ou vers une organisation internationale. Si tel est le cas, la personne concern\u00e9e a le droit d\u2019\u00eatre inform\u00e9e des garanties appropri\u00e9es en ce qui concerne le transfert. Si une personne concern\u00e9e souhaite faire usage de ce droit d\u2019acc\u00e8s, elle peut \u00e0 tout moment s\u2019adresser \u00e0 un employ\u00e9 du responsable du traitement.<\/p>\n\n<h4 class=\"wp-block-heading\">Droit de rectification<\/h4>\n\n<p>Toute personne concern\u00e9e a le droit, accord\u00e9 par le l\u00e9gislateur europ\u00e9en, d\u2019obtenir du responsable du traitement dans les meilleurs d\u00e9lais la rectification des donn\u00e9es \u00e0 caract\u00e8re personnel inexactes la concernant. La personne concern\u00e9e a le droit, compte tenu des finalit\u00e9s du traitement, de demander que les donn\u00e9es \u00e0 caract\u00e8re personnel incompl\u00e8tes soient compl\u00e9t\u00e9es, y compris au moyen d\u2019une d\u00e9claration compl\u00e9mentaire. Si une personne concern\u00e9e souhaite exercer ce droit de rectification, elle peut \u00e0 tout moment s\u2019adresser \u00e0 un employ\u00e9 du responsable du traitement.<\/p>\n\n<h4 class=\"wp-block-heading\">Droit \u00e0 l\u2019effacement (droit \u00e0 l\u2019oubli)<\/h4>\n\n<p>Toute personne concern\u00e9e a le droit, accord\u00e9 par le l\u00e9gislateur europ\u00e9en, d\u2019obtenir du responsable du traitement l\u2019effacement des donn\u00e9es \u00e0 caract\u00e8re personnel la concernant dans les meilleurs d\u00e9lais, et le responsable du traitement est tenu d\u2019effacer les donn\u00e9es \u00e0 caract\u00e8re personnel dans les meilleurs d\u00e9lais, \u00e0 condition que l\u2019un des motifs suivants s\u2019applique et que le traitement ne soit pas n\u00e9cessaire :<\/p>\n\n<ol class=\"wp-block-list\">\n<li>Les donn\u00e9es \u00e0 caract\u00e8re personnel ne sont plus n\u00e9cessaires au regard des finalit\u00e9s pour lesquelles elles ont \u00e9t\u00e9 collect\u00e9es ou trait\u00e9es d\u2019une autre mani\u00e8re.<\/li>\n\n\n\n<li>La personne concern\u00e9e retire son consentement sur lequel le traitement est fond\u00e9 conform\u00e9ment \u00e0 l\u2019article 6, paragraphe 1, point a) du RGPD ou \u00e0 l\u2019article 9, paragraphe 2, point a) du RGPD et il n\u2019existe pas d\u2019autre fondement juridique pour le traitement.<\/li>\n\n\n\n<li>La personne concern\u00e9e s\u2019oppose au traitement conform\u00e9ment \u00e0 l\u2019article 21, paragraphe 1, du RGPD et il n\u2019existe pas de motif l\u00e9gitime imp\u00e9rieux pour le traitement, ou la personne concern\u00e9e s\u2019oppose au traitement conform\u00e9ment \u00e0 l\u2019article 21, paragraphe 2, du RGPD.<\/li>\n\n\n\n<li>Les donn\u00e9es \u00e0 caract\u00e8re personnel ont fait l\u2019objet d\u2019un traitement illicite.<\/li>\n\n\n\n<li>Les donn\u00e9es \u00e0 caract\u00e8re personnel doivent \u00eatre effac\u00e9es afin de se conformer \u00e0 une obligation l\u00e9gale en vertu du droit de l\u2019Union ou du droit des \u00c9tats membres auxquels le responsable du traitement est soumis.<\/li>\n\n\n\n<li>Les donn\u00e9es \u00e0 caract\u00e8re personnel ont \u00e9t\u00e9 collect\u00e9es dans le cadre de la fourniture de services de la soci\u00e9t\u00e9 de l\u2019information conform\u00e9ment \u00e0 l\u2019article 8, paragraphe 1, du RGPD.<\/li>\n\n\n\n<li>Si l\u2019une des raisons ci-dessus s\u2019applique et qu\u2019une personne concern\u00e9e souhaite demander la suppression des donn\u00e9es \u00e0 caract\u00e8re personnel que nous stockons, elle peut contacter \u00e0 tout moment un employ\u00e9 du responsable du traitement. Un employ\u00e9 veillera \u00e0 ce que la demande de suppression soit satisfaite imm\u00e9diatement.<\/li>\n\n\n\n<li>Lorsque le responsable du traitement a rendu publiques des donn\u00e9es \u00e0 caract\u00e8re personnel et qu\u2019il est tenu d\u2019effacer ces donn\u00e9es conform\u00e9ment \u00e0 l\u2019article 17, paragraphe 1, il prend, compte tenu de la technologie disponible et des co\u00fbts de mise en \u0153uvre, les mesures appropri\u00e9es, y compris des mesures techniques, pour informer les autres responsables du traitement qui traitent les donn\u00e9es \u00e0 caract\u00e8re personnel que la personne concern\u00e9e a \u00e9t\u00e9 inform\u00e9e par ces autres responsables du traitement. Le responsable du traitement a demand\u00e9 la suppression de tous les liens vers ces donn\u00e9es personnelles ou des copies ou r\u00e9plications de ces donn\u00e9es, dans la mesure o\u00f9 le traitement n\u2019est pas n\u00e9cessaire. L\u2019employ\u00e9 prendra les dispositions n\u00e9cessaires au cas par cas.<\/li>\n<\/ol>\n\n<h4 class=\"wp-block-heading\">Droit \u00e0 la limitation du traitement<\/h4>\n\n<p>Toute personne concern\u00e9e a le droit, accord\u00e9 par le l\u00e9gislateur europ\u00e9en, d\u2019obtenir du responsable du traitement la limitation du traitement si l\u2019un des cas suivants s\u2019applique :<\/p>\n\n<ol class=\"wp-block-list\">\n<li>L\u2019exactitude des donn\u00e9es \u00e0 caract\u00e8re personnel est contest\u00e9e par la personne concern\u00e9e, pendant une p\u00e9riode de temps qui permet au responsable du traitement de v\u00e9rifier l\u2019exactitude des donn\u00e9es \u00e0 caract\u00e8re personnel. Le traitement est illicite et la personne concern\u00e9e s\u2019oppose \u00e0 l\u2019effacement des donn\u00e9es \u00e0 caract\u00e8re personnel et demande \u00e0 la place la limitation de leur utilisation. Le responsable du traitement n\u2019a plus besoin des donn\u00e9es \u00e0 caract\u00e8re personnel aux fins du traitement, mais la personne concern\u00e9e en a besoin pour la constatation, l\u2019exercice ou la d\u00e9fense de droits en justice. La personne concern\u00e9e s\u2019est oppos\u00e9e au traitement conform\u00e9ment \u00e0 l\u2019article 21, paragraphe 1, du RGPD dans l\u2019attente de la v\u00e9rification de la validit\u00e9 des motifs l\u00e9gitimes du responsable du traitement l\u2019emportent sur ceux de la personne concern\u00e9e. Si l\u2019une des conditions ci-dessus est remplie et qu\u2019une personne concern\u00e9e souhaite demander la limitation des donn\u00e9es \u00e0 caract\u00e8re personnel que nous stockons, elle peut contacter \u00e0 tout moment un employ\u00e9 du responsable du traitement. Notre employ\u00e9 s\u2019occupera de la limitation du traitement. Droit \u00e0 la portabilit\u00e9 des donn\u00e9es :\n<ol class=\"wp-block-list\">\n<li>Toute personne concern\u00e9e a le droit, accord\u00e9 par le l\u00e9gislateur europ\u00e9en, de recevoir les donn\u00e9es \u00e0 caract\u00e8re personnel la concernant, qui ont \u00e9t\u00e9 fournies \u00e0 un responsable du traitement, dans un format structur\u00e9, couramment utilis\u00e9 et lisible par machine. Il a le droit de transmettre ces donn\u00e9es \u00e0 un autre responsable du traitement, sans que le responsable du traitement auquel les donn\u00e9es \u00e0 caract\u00e8re personnel ont \u00e9t\u00e9 fournies ne puisse \u00eatre emp\u00each\u00e9 de le faire, \u00e0 condition que le traitement soit fond\u00e9 sur le consentement conform\u00e9ment \u00e0 l\u2019article 6, paragraphe 1, point a), du r\u00e8glement g\u00e9n\u00e9ral sur la protection des donn\u00e9es ou \u00e0 l\u2019article 9, paragraphe 2, point a), du r\u00e8glement g\u00e9n\u00e9ral sur la protection des donn\u00e9es,  ou est fond\u00e9 sur un contrat en vertu de l\u2019article 6, paragraphe 1, point b), du RGPD et que le traitement est effectu\u00e9 par des moyens automatis\u00e9s, \u00e0 condition que le traitement ne soit pas n\u00e9cessaire \u00e0 l\u2019ex\u00e9cution d\u2019une mission d\u2019int\u00e9r\u00eat public ou \u00e0 l\u2019exercice de l\u2019autorit\u00e9 publique dont est investi le responsable du traitement.<\/li>\n\n\n\n<li>En outre, lorsqu\u2019elle exerce son droit \u00e0 la portabilit\u00e9 des donn\u00e9es conform\u00e9ment \u00e0 l\u2019article 20, paragraphe 1, du RGPD, la personne concern\u00e9e a le droit de transf\u00e9rer des donn\u00e9es \u00e0 caract\u00e8re personnel directement d\u2019un responsable du traitement \u00e0 un autre, \u00e0 condition que cela soit techniquement possible et ne porte pas atteinte aux droits et libert\u00e9s d\u2019autres personnes.<\/li>\n\n\n\n<li>Pour exercer le droit \u00e0 la portabilit\u00e9 des donn\u00e9es, la personne concern\u00e9e peut contacter \u00e0 tout moment l\u2019un de nos employ\u00e9s.<\/li>\n<\/ol>\n<\/li>\n<\/ol>\n\n<h4 class=\"wp-block-heading\">Droit d\u2019opposition<\/h4>\n\n<p>Toute personne concern\u00e9e a le droit, accord\u00e9 par le l\u00e9gislateur europ\u00e9en, de s\u2019opposer, \u00e0 tout moment, pour des raisons tenant \u00e0 sa situation particuli\u00e8re, au traitement des donn\u00e9es \u00e0 caract\u00e8re personnel la concernant qui est effectu\u00e9 sur la base de l\u2019article 6, paragraphe 1, point e) ou f), du RGPD. Cela s\u2019applique \u00e9galement au profilage bas\u00e9 sur ces dispositions. En cas d\u2019opposition, nous ne traiterons plus les donn\u00e9es \u00e0 caract\u00e8re personnel, sauf si nous pouvons d\u00e9montrer qu\u2019il existe des motifs l\u00e9gitimes imp\u00e9rieux pour le traitement qui pr\u00e9valent sur les int\u00e9r\u00eats, les droits et les libert\u00e9s de la personne concern\u00e9e, ou que le traitement sert \u00e0 faire valoir, exercer ou d\u00e9fendre des droits en justice. Si nous traitons des donn\u00e9es \u00e0 caract\u00e8re personnel \u00e0 des fins de marketing direct, la personne concern\u00e9e a le droit de s\u2019opposer \u00e0 tout moment au traitement des donn\u00e9es \u00e0 caract\u00e8re personnel la concernant \u00e0 des fins de publicit\u00e9. Cela s\u2019applique \u00e9galement au profilage dans la mesure o\u00f9 il est li\u00e9 \u00e0 ce marketing direct. Si la personne concern\u00e9e s\u2019oppose \u00e0 ce que nous traitions les donn\u00e9es \u00e0 des fins de marketing direct, nous ne traiterons plus les donn\u00e9es \u00e0 caract\u00e8re personnel \u00e0 ces fins. En outre, la personne concern\u00e9e a le droit de s\u2019opposer, pour des raisons tenant \u00e0 sa situation particuli\u00e8re, au traitement des donn\u00e9es \u00e0 caract\u00e8re personnel la concernant que nous effectuons \u00e0 des fins de recherche scientifique ou historique ou \u00e0 des fins statistiques conform\u00e9ment \u00e0 l\u2019article 89, paragraphe 1, du RGPD, sauf si ce traitement est n\u00e9cessaire \u00e0 l\u2019ex\u00e9cution d\u2019une mission d\u2019int\u00e9r\u00eat public.<\/p>\n\n<p>Pour exercer son droit d\u2019opposition, la personne concern\u00e9e peut s\u2019adresser \u00e0 tout employ\u00e9 de notre soci\u00e9t\u00e9. En outre, dans le cadre de l\u2019utilisation des services de la soci\u00e9t\u00e9 de l\u2019information et nonobstant la directive 2002\/58\/CE, la personne concern\u00e9e est libre d\u2019exercer son droit d\u2019opposition au moyen de proc\u00e9dures automatis\u00e9es utilisant des sp\u00e9cifications techniques.<\/p>\n\n<h4 class=\"wp-block-heading\">Prise de d\u00e9cision individuelle automatis\u00e9e, y compris le profilage :<\/h4>\n\n<p>Toute personne concern\u00e9e a le droit, accord\u00e9 par le l\u00e9gislateur europ\u00e9en, de ne pas faire l\u2019objet d\u2019une d\u00e9cision fond\u00e9e uniquement sur un traitement automatis\u00e9, y compris le profilage, qui produit des effets juridiques la concernant ou l\u2019affecte de mani\u00e8re significative de mani\u00e8re similaire, tant que la d\u00e9cision (1) n\u2019est pas n\u00e9cessaire \u00e0 la conclusion ou \u00e0 l\u2019ex\u00e9cution d\u2019un contrat entre la personne concern\u00e9e et le responsable du traitement, ou (2) ne le fait pas est autoris\u00e9 par le droit de l\u2019Union ou de l\u2019\u00c9tat membre auquel le responsable du traitement est soumis, ou est n\u00e9cessaire \u00e0 l\u2019ex\u00e9cution d\u2019un contrat entre la personne concern\u00e9e et le responsable du traitement, ou (2) n\u2019est pas autoris\u00e9 par le droit de l\u2019Union ou de l\u2019\u00c9tat membre auquel le responsable du traitement est soumis, qui pr\u00e9voit des mesures appropri\u00e9es pour sauvegarder les droits et libert\u00e9s et les int\u00e9r\u00eats l\u00e9gitimes des personnes concern\u00e9es. ou (3) n\u2019est pas fond\u00e9 sur le consentement explicite de la personne concern\u00e9e. Si la d\u00e9cision (1) est n\u00e9cessaire \u00e0 la conclusion ou \u00e0 l\u2019ex\u00e9cution d\u2019un contrat entre la personne concern\u00e9e et le responsable du traitement, ou (2) si elle est prise avec le consentement explicite de la personne concern\u00e9e, nous prendrons des mesures raisonnables pour sauvegarder les droits et libert\u00e9s et les int\u00e9r\u00eats l\u00e9gitimes de la personne concern\u00e9e, y compris au moins le droit d\u2019obtenir l\u2019intervention d\u2019une personne de la part du responsable du traitement,  d\u2019exprimer son propre point de vue et de contester la d\u00e9cision.<\/p>\n\n<p>Si la personne concern\u00e9e souhaite faire valoir des droits \u00e0 l\u2019\u00e9gard de d\u00e9cisions individuelles automatis\u00e9es, elle peut \u00e0 tout moment s\u2019adresser \u00e0 l\u2019un de nos collaborateurs.<\/p>\n\n<h4 class=\"wp-block-heading\">Droit de r\u00e9voquer le consentement en vertu de la loi sur la protection des donn\u00e9es<\/h4>\n\n<p>Toute personne concern\u00e9e a le droit, accord\u00e9 par le l\u00e9gislateur europ\u00e9en, de retirer son consentement au traitement de ses donn\u00e9es personnelles \u00e0 tout moment.<\/p>\n\n<p>Si la personne concern\u00e9e souhaite exercer son droit de retrait de son consentement, elle peut contacter \u00e0 tout moment l\u2019un de nos collaborateurs.<\/p>\n\n<h4 class=\"wp-block-heading\">Droit de demander l\u2019acc\u00e8s<\/h4>\n\n<p>Vous avez \u00e9galement le droit d\u2019acc\u00e9der aux informations que nous d\u00e9tenons \u00e0 votre sujet. Nous nous ferons un plaisir de vous fournir des informations sur vos donn\u00e9es personnelles que nous stockons ou traitons. Afin de prot\u00e9ger vos informations personnelles, nous suivons des proc\u00e9dures \u00e9tablies pour le stockage et le partage, ce qui signifie que nous exigeons une preuve d\u2019identit\u00e9 de votre part avant de partager ces informations. Vous pouvez exercer ce droit \u00e0 tout moment en nous contactant aux coordonn\u00e9es ci-dessus.<\/p>\n\n<h3 class=\"wp-block-heading\">Outils d\u2019analyse et outils tiers<\/h3>\n\n<p>Lorsque vous visitez ce site web, votre comportement de navigation peut \u00eatre \u00e9valu\u00e9 statistiquement. Cela se fait principalement avec ce que l\u2019on appelle des programmes d\u2019analyse.<br\/>Vous trouverez des informations d\u00e9taill\u00e9es sur ces programmes d\u2019analyse dans la politique de confidentialit\u00e9 suivante.<\/p>\n\n<h2 class=\"wp-block-heading\">2. Services d\u2019h\u00e9bergement et de distribution de contenu (CDN)<\/h2>\n\n<h3 class=\"wp-block-heading\">H\u00e9bergement externe<\/h3>\n\n<p>Ce site est h\u00e9berg\u00e9 par un prestataire externe. Les donn\u00e9es personnelles collect\u00e9es sur ce site web sont stock\u00e9es sur les serveurs de l\u2019h\u00e9bergeur. Il peut s\u2019agir, sans s\u2019y limiter, d\u2019adresses IP, de demandes de contact, de m\u00e9tadonn\u00e9es et de donn\u00e9es de communication, de donn\u00e9es contractuelles, de donn\u00e9es de contact, de noms, d\u2019acc\u00e8s au site Web et d\u2019autres donn\u00e9es g\u00e9n\u00e9r\u00e9es par le biais d\u2019un site Web.<br\/>L\u2019h\u00e9bergeur est utilis\u00e9 dans le but d\u2019ex\u00e9cuter le contrat avec nos clients potentiels et existants (art. 6, al. 1, let. b RGPD) et dans l\u2019int\u00e9r\u00eat d\u2019une mise \u00e0 disposition s\u00fbre, rapide et efficace de notre offre en ligne par un fournisseur professionnel (art. 6, al. 1, let. f RGPD).<br\/>Notre h\u00e9bergeur ne traitera vos donn\u00e9es que dans la mesure n\u00e9cessaire \u00e0 l\u2019ex\u00e9cution de ses obligations de performance et suivra nos instructions concernant ces donn\u00e9es.<br\/>Nous utilisons l\u2019h\u00e9bergeur suivant :<\/p>\n\n<p>IONOS SE<br\/>Elgendorfer Str. 57<br\/>D -56410 Montabaur<\/p>\n\n<h3 class=\"wp-block-heading\">Conclusion d\u2019un contrat pour le traitement des commandes<\/h3>\n\n<p>Afin de garantir un traitement conforme \u00e0 la protection des donn\u00e9es, nous avons conclu un contrat de traitement des commandes avec notre h\u00e9bergeur.<\/p>\n\n<h2 class=\"wp-block-heading\">3. Informations g\u00e9n\u00e9rales et informations obligatoires<\/h2>\n\n<h3 class=\"wp-block-heading\">Vie priv\u00e9e<\/h3>\n\n<p>Les exploitants de ces sites prennent tr\u00e8s au s\u00e9rieux la protection de vos donn\u00e9es personnelles. Nous traitons vos donn\u00e9es personnelles de mani\u00e8re confidentielle et conform\u00e9ment aux dispositions l\u00e9gales en mati\u00e8re de protection des donn\u00e9es et \u00e0 la pr\u00e9sente politique de confidentialit\u00e9.<br\/>Lorsque vous utilisez ce site web, diverses donn\u00e9es personnelles sont collect\u00e9es.<br\/>Les donn\u00e9es personnelles sont des donn\u00e9es qui peuvent \u00eatre utilis\u00e9es pour vous identifier personnellement. Cette politique de confidentialit\u00e9 explique quelles donn\u00e9es nous collectons et \u00e0 quelles fins nous les utilisons. Il explique \u00e9galement comment et dans quel but cela est fait.<br\/>Nous attirons votre attention sur le fait que la transmission de donn\u00e9es sur Internet (par exemple lors de la communication par e-mail) peut pr\u00e9senter des failles de s\u00e9curit\u00e9. Il n\u2019est pas possible de prot\u00e9ger compl\u00e8tement les donn\u00e9es contre l\u2019acc\u00e8s par des tiers.<\/p>\n\n<h3 class=\"wp-block-heading\">Note sur l\u2019organisme responsable<\/h3>\n\n<p>Le responsable du traitement des donn\u00e9es sur ce site web est :<br\/>edv &amp; cad group<br\/>Buchbichl 38<br\/>D-83737 Irschenberg<br\/>T\u00e9l\u00e9phone\u00a0: <a href=\"tel:00498025995969\">+49 (0) 8025 \/ 99 59 69<\/a><br\/>Courriel : <a href=\"mailto:info@edv-cad.de\">info@edv-cad.de<\/a><br\/>Le responsable du traitement est la personne physique ou morale qui, seule ou conjointement avec d\u2019autres, d\u00e9cide des finalit\u00e9s et des moyens du traitement des donn\u00e9es \u00e0 caract\u00e8re personnel (par exemple, noms, adresses e-mail, etc.).<\/p>\n\n<h3 class=\"wp-block-heading\">Dur\u00e9e de conservation<\/h3>\n\n<p>\u00c0 moins qu\u2019une p\u00e9riode de stockage plus sp\u00e9cifique ne soit sp\u00e9cifi\u00e9e dans la pr\u00e9sente politique de confidentialit\u00e9, vos donn\u00e9es personnelles resteront chez nous jusqu\u2019\u00e0 la finalit\u00e9 pour laquelle le traitement des donn\u00e9es cesse de s\u2019appliquer. Si vous faites une demande l\u00e9gitime de suppression ou si vous r\u00e9voquez votre consentement au traitement des donn\u00e9es, vos donn\u00e9es seront supprim\u00e9es, \u00e0 moins que nous n\u2019ayons d\u2019autres motifs l\u00e9galement autoris\u00e9s pour conserver vos donn\u00e9es personnelles (par exemple, des d\u00e9lais de conservation en vertu du droit fiscal ou commercial) ; Dans ce dernier cas, la suppression aura lieu apr\u00e8s que ces raisons auront cess\u00e9 d\u2019exister.<\/p>\n\n<h3 class=\"wp-block-heading\">Remarque sur le transfert de donn\u00e9es vers les \u00c9tats-Unis<\/h3>\n\n<p>Entre autres, des outils d\u2019entreprises bas\u00e9es aux \u00c9tats-Unis sont int\u00e9gr\u00e9s \u00e0 notre site web. Lorsque ces outils sont actifs, vos informations personnelles peuvent \u00eatre partag\u00e9es avec les serveurs am\u00e9ricains des soci\u00e9t\u00e9s respectives. Nous attirons votre attention sur le fait que les \u00c9tats-Unis ne sont pas un pays tiers s\u00fbr au sens de la l\u00e9gislation europ\u00e9enne sur la protection des donn\u00e9es. Les entreprises am\u00e9ricaines sont oblig\u00e9es de transmettre des donn\u00e9es personnelles aux autorit\u00e9s de s\u00e9curit\u00e9 sans que vous, en tant que personne concern\u00e9e, puissiez intenter une action en justice \u00e0 leur encontre.<br\/>Il n\u2019est donc pas exclu que les autorit\u00e9s am\u00e9ricaines (par exemple les services de renseignement) traitent, \u00e9valuent et stockent durablement vos donn\u00e9es sur des serveurs am\u00e9ricains \u00e0 des fins de surveillance. Nous n\u2019avons aucun contr\u00f4le sur ces activit\u00e9s de traitement.<\/p>\n\n<h3 class=\"wp-block-heading\">Retrait de votre consentement au traitement des donn\u00e9es<\/h3>\n\n<p>De nombreuses op\u00e9rations de traitement des donn\u00e9es ne sont possibles qu\u2019avec votre consentement explicite. Vous pouvez r\u00e9voquer votre consentement \u00e0 tout moment. La lic\u00e9it\u00e9 du traitement des donn\u00e9es effectu\u00e9 jusqu\u2019\u00e0 la r\u00e9vocation n\u2019est pas affect\u00e9e par la r\u00e9vocation.<\/p>\n\n<h3 class=\"wp-block-heading\">Droit de s\u2019opposer \u00e0 la collecte de donn\u00e9es dans des cas particuliers ainsi qu\u2019au marketing direct (art. 21 RGPD)<\/h3>\n\n<p>SI LE TRAITEMENT DES DONN\u00c9ES EST EFFECTU\u00c9 SUR LA BASE DE L\u2019ART. 6 AL. 1 LIT. E OU F RGPD, VOUS AVEZ LE DROIT DE VOUS OPPOSER \u00c0 TOUT MOMENT AU TRAITEMENT DE VOS DONN\u00c9ES \u00c0 CARACT\u00c8RE PERSONNEL POUR DES RAISONS TENANT \u00c0 VOTRE SITUATION PARTICULI\u00c8RE ; CELA S\u2019APPLIQUE \u00c9GALEMENT AU PROFILAGE BAS\u00c9 SUR CES DISPOSITIONS. LA BASE JURIDIQUE RESPECTIVE SUR LAQUELLE REPOSE LE TRAITEMENT SE TROUVE DANS LA PR\u00c9SENTE POLITIQUE DE CONFIDENTIALIT\u00c9. SI VOUS VOUS Y OPPOSEZ, NOUS NE TRAITERONS PLUS VOS DONN\u00c9ES PERSONNELLES CONCERN\u00c9ES, ELLES SERONT<br\/>\u00c0 MOINS QUE NOUS NE PUISSIONS PROUVER DES MOTIFS L\u00c9GITIMES IMP\u00c9RIEUX POUR LE TRAITEMENT QUI L\u2019EMPORTENT SUR VOS INT\u00c9R\u00caTS, DROITS ET LIBERT\u00c9S, OU QUE LE TRAITEMENT SERVE \u00c0 FAIRE VALOIR, EXERCER OU D\u00c9FENDRE DES DROITS EN JUSTICE (OPPOSITION CONFORM\u00c9MENT \u00c0 L\u2019ART. 21, AL. 1 DU RGPD).<br\/>SI VOS DONN\u00c9ES \u00c0 CARACT\u00c8RE PERSONNEL SONT TRAIT\u00c9ES \u00c0 DES FINS DE MARKETING DIRECT, VOUS AVEZ LE DROIT DE VOUS OPPOSER \u00c0 TOUT MOMENT AU TRAITEMENT DES DONN\u00c9ES \u00c0 CARACT\u00c8RE PERSONNEL VOUS CONCERNANT \u00c0 DES FINS DE PROSPECTION ; CELA S\u2019APPLIQUE \u00c9GALEMENT AU PROFILAGE, DANS LA MESURE O\u00d9 IL EST LI\u00c9 \u00c0 UNE TELLE PUBLICIT\u00c9 DIRECTE. SI VOUS VOUS Y OPPOSEZ, VOS DONN\u00c9ES PERSONNELLES NE SERONT PLUS UTILIS\u00c9ES \u00c0 DES FINS DE MARKETING DIRECT (OPPOSITION CONFORM\u00c9MENT \u00c0 L\u2019ART. 21 AL. 2 DU RGPD).<\/p>\n\n<h3 class=\"wp-block-heading\">Droit d\u2019introduire une r\u00e9clamation aupr\u00e8s de l\u2019autorit\u00e9 de contr\u00f4le comp\u00e9tente<\/h3>\n\n<p>En cas de violation du RGPD, les personnes concern\u00e9es ont le droit d\u2019introduire une r\u00e9clamation aupr\u00e8s d\u2019une autorit\u00e9 de contr\u00f4le, en particulier dans l\u2019\u00c9tat membre de leur r\u00e9sidence habituelle, de leur lieu de travail ou du lieu de l\u2019infraction pr\u00e9sum\u00e9e. Le droit de recours existe sans pr\u00e9judice d\u2019autres voies de recours administratives ou judiciaires.<br\/>Droit \u00e0 la portabilit\u00e9 des donn\u00e9es Vous avez le droit de faire remettre \u00e0 vous ou \u00e0 un tiers les donn\u00e9es que nous traitons automatiquement sur la base de votre consentement ou en ex\u00e9cution d\u2019un contrat dans un format courant et lisible par machine. Si vous demandez le transfert direct des donn\u00e9es \u00e0 un autre responsable du traitement, cela ne se fera que dans la mesure o\u00f9 cela est techniquement possible.<\/p>\n\n<h3 class=\"wp-block-heading\">Cryptage SSL ou TLS<\/h3>\n\n<p>Pour des raisons de s\u00e9curit\u00e9 et pour prot\u00e9ger la transmission de contenus confidentiels, tels que les commandes ou les demandes que vous nous envoyez en tant qu\u2019exploitant du site, ce site utilise le cryptage SSL ou TLS. Vous pouvez reconna\u00eetre une connexion crypt\u00e9e par le fait que la barre d\u2019adresse du navigateur passe de \u00ab http:\/\/ \u00bb \u00e0 \u00ab https:\/\/ \u00bb et par le symbole du cadenas dans la ligne de votre navigateur.<br\/>Si le cryptage SSL ou TLS est activ\u00e9, les donn\u00e9es que vous nous transmettez ne peuvent pas \u00eatre lues par des tiers.<\/p>\n\n<h3 class=\"wp-block-heading\">Information, suppression et rectification<\/h3>\n\n<p>Dans le cadre des dispositions l\u00e9gales applicables, vous avez le droit d\u2019obtenir \u00e0 tout moment des informations gratuites sur vos donn\u00e9es personnelles stock\u00e9es, leur origine et leurs destinataires ainsi que sur la finalit\u00e9 du traitement des donn\u00e9es et, le cas \u00e9ch\u00e9ant, un droit de rectification ou de suppression de ces donn\u00e9es. Vous pouvez nous contacter \u00e0 tout moment si vous avez d\u2019autres questions sur les donn\u00e9es personnelles.<\/p>\n\n<h3 class=\"wp-block-heading\">Droit \u00e0 la limitation du traitement<\/h3>\n\n<p>Vous avez le droit de demander la limitation du traitement de vos donn\u00e9es personnelles.<br\/>Vous pouvez nous contacter \u00e0 tout moment pour cela. Le droit \u00e0 la limitation du traitement existe dans les cas suivants :<\/p>\n\n<ul class=\"wp-block-list\">\n<li>Si vous contestez l\u2019exactitude de vos donn\u00e9es personnelles que nous d\u00e9tenons, nous avons g\u00e9n\u00e9ralement besoin de temps pour le v\u00e9rifier. Pendant la dur\u00e9e de l\u2019audit, vous avez le droit de demander la limitation du traitement de vos donn\u00e9es personnelles.<\/li>\n\n\n\n<li>Si le traitement de vos donn\u00e9es \u00e0 caract\u00e8re personnel \u00e9tait\/est ill\u00e9gal, vous pouvez demander la limitation du traitement des donn\u00e9es au lieu de leur suppression.<\/li>\n\n\n\n<li>Si nous n\u2019avons plus besoin de vos donn\u00e9es personnelles, mais que vous en avez besoin pour exercer, d\u00e9fendre ou faire valoir des droits en justice, vous avez le droit de demander la limitation du traitement de vos donn\u00e9es personnelles au lieu de leur suppression.<\/li>\n\n\n\n<li>Si vous faites opposition conform\u00e9ment \u00e0 l\u2019art. 21 al. 1 RGPD, un \u00e9quilibre doit \u00eatre trouv\u00e9 entre vos int\u00e9r\u00eats et les n\u00f4tres. Tant qu\u2019il n\u2019a pas encore \u00e9t\u00e9 d\u00e9termin\u00e9 quels int\u00e9r\u00eats pr\u00e9valent, vous avez le droit de demander la limitation du traitement de vos donn\u00e9es personnelles.<\/li>\n\n\n\n<li>Si vous avez limit\u00e9 le traitement de vos donn\u00e9es \u00e0 caract\u00e8re personnel, celles-ci ne peuvent \u00eatre trait\u00e9es \u2013 en dehors de leur stockage \u2013 qu\u2019avec votre consentement ou pour la constatation, l\u2019exercice ou la d\u00e9fense de droits en justice ou pour la protection des droits d\u2019une autre personne physique ou morale ou pour des raisons d\u2019int\u00e9r\u00eat public important de l\u2019Union europ\u00e9enne ou d\u2019un \u00c9tat membre.<\/li>\n<\/ul>\n\n<h2 class=\"wp-block-heading\">4. Collecte de donn\u00e9es sur ce site<\/h2>\n\n<h3 class=\"wp-block-heading\">Cookies<\/h3>\n\n<p>Notre site web utilise ce que l\u2019on appelle des \u00ab cookies \u00bb. Les cookies sont de petits fichiers texte et ne causent aucun dommage \u00e0 votre appareil. Ils sont stock\u00e9s soit temporairement pour la dur\u00e9e d\u2019une session (cookies de session), soit de mani\u00e8re permanente (cookies permanents) sur votre appareil. Les cookies de session sont automatiquement supprim\u00e9s \u00e0 la fin de votre visite. Les cookies permanents restent stock\u00e9s sur votre appareil jusqu\u2019\u00e0 ce que vous les supprimiez vous-m\u00eame ou jusqu\u2019\u00e0 ce que votre navigateur Web les supprime automatiquement.<br\/>Dans certains cas, des cookies de soci\u00e9t\u00e9s tierces peuvent \u00e9galement \u00eatre stock\u00e9s sur votre appareil lorsque vous acc\u00e9dez \u00e0 notre site Web (cookies tiers). Ceux-ci nous permettent ou vous permettent d\u2019utiliser certains services fournis par la soci\u00e9t\u00e9 tierce (par exemple, les cookies pour le traitement des services de paiement).<br\/>Les cookies ont diff\u00e9rentes fonctions. De nombreux cookies sont techniquement n\u00e9cessaires, car certaines fonctions du site web ne fonctionneraient pas sans eux (par exemple, la fonction panier d\u2019achat ou l\u2019affichage de vid\u00e9os). D\u2019autres cookies sont utilis\u00e9s pour \u00e9valuer le comportement de l\u2019utilisateur ou pour afficher de la publicit\u00e9.<br\/>Les cookies n\u00e9cessaires \u00e0 l\u2019ex\u00e9cution du processus de communication \u00e9lectronique (cookies n\u00e9cessaires) ou \u00e0 la fourniture de certaines fonctions que vous avez demand\u00e9es (cookies fonctionnels, par exemple pour la fonction de panier d\u2019achat) ou \u00e0 l\u2019optimisation du site web (par exemple, les cookies pour mesurer l\u2019audience du web) sont stock\u00e9s sur la base de l\u2019article 6, paragraphe 1. 1 lit. f RGPD, \u00e0 moins qu\u2019une autre base juridique ne soit sp\u00e9cifi\u00e9e. L\u2019exploitant du site web a un int\u00e9r\u00eat l\u00e9gitime \u00e0 stocker des cookies pour une fourniture de services techniquement exempte d\u2019erreurs et optimis\u00e9e. Si le consentement \u00e0 l\u2019enregistrement des cookies a \u00e9t\u00e9 demand\u00e9, l\u2019enregistrement des cookies en question est effectu\u00e9 exclusivement sur la base de ce consentement (art. 6, al. 1, let. a du RGPD) ; Le consentement peut \u00eatre r\u00e9voqu\u00e9 \u00e0 tout moment.<br\/>Vous pouvez configurer votre navigateur de mani\u00e8re \u00e0 \u00eatre inform\u00e9 de l\u2019installation des cookies et n\u2019autoriser les cookies que dans des cas individuels, exclure l\u2019acceptation des cookies dans certains cas ou en g\u00e9n\u00e9ral, et activer la suppression automatique des cookies lorsque vous fermez le navigateur. Si les cookies sont d\u00e9sactiv\u00e9s, la fonctionnalit\u00e9 de ce site Web peut \u00eatre limit\u00e9e. Si des cookies sont utilis\u00e9s par des soci\u00e9t\u00e9s tierces ou \u00e0 des fins d\u2019analyse, nous vous en informerons s\u00e9par\u00e9ment dans le cadre de la pr\u00e9sente politique de confidentialit\u00e9 et, si n\u00e9cessaire, nous vous demanderons votre consentement.<\/p>\n\n<p>Pour g\u00e9rer les cookies et les technologies similaires utilis\u00e9es (pixels de suivi, balises Web, etc.) et les consentements associ\u00e9s, nous utilisons l\u2019outil de consentement \u00ab Real Cookie Banner \u00bb. Pour plus d\u2019informations sur le fonctionnement de Real Cookie Banner, consultez <a href=\"https:\/\/devowl.io\/de\/wissensdatenbank\/real-cookie-banner-datenverarbeitung\/\" target=\"_blank\" rel=\"noopener nofollow\">https:\/\/devowl.io\/de\/rcb\/datenverarbeitung<\/a>.<\/p>\n\n<p>La fourniture de donn\u00e9es \u00e0 caract\u00e8re personnel n\u2019est ni contractuellement requise ni n\u00e9cessaire \u00e0 la conclusion d\u2019un contrat. Vous n\u2019\u00eates pas oblig\u00e9 de fournir les donn\u00e9es personnelles. Si vous ne fournissez pas les donn\u00e9es personnelles, nous ne serons pas en mesure de g\u00e9rer vos consentements.<\/p>\n\n<h3 class=\"wp-block-heading\">Param\u00e9trage des cookies<\/h3>\n<button  href=\"#consent-change\" role=\"button\" id=\"rcb-sc-link-change\" data-success-message=\"\" class=\"rcb-sc-link rcb-sc-link-change \">Privatsph\u00e4re-Einstellungen \u00e4ndern<\/button>\n<button  href=\"#consent-history\" role=\"button\" id=\"rcb-sc-link-history\" data-success-message=\"\" class=\"rcb-sc-link rcb-sc-link-history \">Historie der Privatsph\u00e4re-Einstellungen<\/button>\n<button  href=\"#consent-revoke\" role=\"button\" id=\"rcb-sc-link-revoke\" data-success-message=\"Du hast die Einwilligung f\u00fcr Services mit dessen Cookies und Verarbeitung personenbezogener Daten erfolgreich widerrufen. Die Seite wird jetzt neu geladen!\" class=\"rcb-sc-link rcb-sc-link-revoke \">Einwilligungen widerrufen<\/button>\n\n<h2 class=\"wp-block-heading\">5. M\u00e9dias sociaux<\/h2>\n\n<h3 class=\"wp-block-heading\">Plugins Facebook (bouton J\u2019aime et Partager)<\/h3>\n\n<p>Des plugins du r\u00e9seau social Facebook sont int\u00e9gr\u00e9s \u00e0 ce site web. Le fournisseur de ce service est Facebook Ireland Limited, 4 Grand Canal Square, Dublin 2, Irlande. Cependant, selon Facebook, les donn\u00e9es collect\u00e9es seront \u00e9galement transf\u00e9r\u00e9es aux \u00c9tats-Unis et dans d\u2019autres pays tiers.<br\/>Vous pouvez reconna\u00eetre les plugins Facebook par le logo Facebook ou le bouton \u00ab J\u2019aime \u00bb sur ce site Web. Vous trouverez un aper\u00e7u des plugins Facebook ici : <a href=\"https:\/\/developers.facebook.com\/docs\/plugins\/?locale=de_DE\" rel=\"nofollow noopener\" target=\"_blank\">https:\/\/developers.facebook.com\/docs\/plugins\/?locale=de_DE<\/a>.<br\/>Lorsque vous visitez ce site Web, le plugin \u00e9tablit une connexion directe entre votre navigateur et le serveur de Facebook.  Par cons\u00e9quent, Facebook re\u00e7oit l\u2019information que vous avez visit\u00e9 ce site Web avec votre adresse IP. Si vous cliquez sur le bouton \u00ab J\u2019aime \u00bb de Facebook alors que vous \u00eates connect\u00e9 \u00e0 votre compte Facebook, vous pouvez lier le contenu de ce site Web \u00e0 votre profil Facebook. Cela permet \u00e0 Facebook d\u2019attribuer votre visite sur ce site Web \u00e0 votre compte d\u2019utilisateur. Nous attirons votre attention sur le fait qu\u2019en tant que fournisseur des pages, nous n\u2019avons aucune connaissance du contenu des donn\u00e9es transmises ou de leur utilisation par Facebook. Vous trouverez de plus amples informations \u00e0 ce sujet dans la politique de confidentialit\u00e9 de Facebook \u00e0 l\u2019adresse <a href=\"https:\/\/de-de.facebook.com\/privacy\/explanation\" rel=\"nofollow noopener\" target=\"_blank\">suivante : https:\/\/de-de.facebook.com\/privacy\/explanation<\/a>.<br\/>Si vous ne souhaitez pas que Facebook puisse attribuer la visite de ce site Web \u00e0 votre compte d\u2019utilisateur Facebook, veuillez vous d\u00e9connecter de votre compte d\u2019utilisateur Facebook.<br\/>L\u2019utilisation des plugins Facebook est fond\u00e9e sur l\u2019article 6, paragraphe 1. 1 lit. f RGPD. L\u2019exploitant du site web a un int\u00e9r\u00eat l\u00e9gitime \u00e0 ce que la visibilit\u00e9 soit la plus large possible sur les r\u00e9seaux sociaux. Si un consentement correspondant a \u00e9t\u00e9 demand\u00e9, le traitement est effectu\u00e9 exclusivement sur la base de l\u2019art. 6 par. 1 lit. un RGPD ; Le consentement peut \u00eatre r\u00e9voqu\u00e9 \u00e0 tout moment.<br\/>Le transfert de donn\u00e9es vers les \u00c9tats-Unis est bas\u00e9 sur les clauses contractuelles types de la Commission europ\u00e9enne.<br\/>Vous trouverez plus de d\u00e9tails ici : <a href=\"https:\/\/de-de.facebook.com\/privacy\/explanation\" rel=\"nofollow noopener\" target=\"_blank\">https:\/\/www.facebook.com\/legal\/EU_data_transfer_addendum<\/a> et <a href=\"https:\/\/de-de.facebook.com\/help\/566994660333381\" rel=\"nofollow noopener\" target=\"_blank\">https:\/\/de-de.facebook.com\/help\/566994660333381<\/a>.<\/p>\n\n<h2 class=\"wp-block-heading\">6. Outils d\u2019analyse et de publicit\u00e9<\/h2>\n\n<h3 class=\"wp-block-heading\">Statistiques WordPress<\/h3>\n\n<p>Ce site Web utilise les \u00ab statistiques WordPress \u00bb pour \u00e9valuer statistiquement l\u2019acc\u00e8s des visiteurs. Le fournisseur est Automattic Inc., 60 29th Street #343, San Francisco, CA 94110-4929, \u00c9tats-Unis.<br\/>Les statistiques WordPress utilisent des technologies qui permettent de reconna\u00eetre l\u2019utilisateur dans le but d\u2019analyser le comportement de l\u2019utilisateur (par exemple, les cookies ou l\u2019empreinte digitale de l\u2019appareil). WordPress Statistics collecte, entre autres, les fichiers journaux (r\u00e9f\u00e9rent, adresse IP, navigateur, etc.), l\u2019origine des visiteurs du site web (pays, ville) et les actions qu\u2019ils ont effectu\u00e9es sur le site (par exemple, clics, vues, t\u00e9l\u00e9chargements). Les informations ainsi collect\u00e9es sur l\u2019utilisation de ce site web sont stock\u00e9es sur des serveurs aux \u00c9tats-Unis.<br\/>Votre adresse IP sera anonymis\u00e9e apr\u00e8s le traitement et avant le stockage.<br\/>L\u2019utilisation de cet outil d\u2019analyse est fond\u00e9e sur l\u2019art. 6, par. 1 lit. f RGPD. L\u2019exploitant du site web a un int\u00e9r\u00eat l\u00e9gitime \u00e0 l\u2019analyse anonymis\u00e9e du comportement des utilisateurs afin d\u2019optimiser \u00e0 la fois son site web et sa publicit\u00e9. Si un consentement correspondant a \u00e9t\u00e9 demand\u00e9 (par exemple, le consentement \u00e0 l\u2019enregistrement de cookies), le traitement est effectu\u00e9 exclusivement sur la base de l\u2019art. 6 par. 1 lit. un RGPD ; Le consentement peut \u00eatre r\u00e9voqu\u00e9 \u00e0 tout moment.<\/p>\n\n<h2 class=\"wp-block-heading\">7. Newsletter<\/h2>\n\n<h3 class=\"wp-block-heading\">Donn\u00e9es de la newsletter<\/h3>\n\n<p>Si vous souhaitez recevoir la newsletter propos\u00e9e sur le site web, nous avons besoin d\u2019une adresse e-mail de votre part ainsi que d\u2019informations nous permettant de v\u00e9rifier que vous \u00eates bien le propri\u00e9taire de l\u2019adresse e-mail fournie et que vous acceptez de recevoir la newsletter. D\u2019autres donn\u00e9es ne sont pas collect\u00e9es ou ne le sont que sur une base volontaire. Nous utilisons ces donn\u00e9es exclusivement pour l\u2019envoi des informations demand\u00e9es et ne les transmettons pas \u00e0 des tiers.<br\/>Le traitement des donn\u00e9es saisies dans le formulaire d\u2019inscription \u00e0 la newsletter est effectu\u00e9 exclusivement sur la base de votre consentement (art. 6, al. 1, let. a RGPD). Vous pouvez r\u00e9voquer \u00e0 tout moment votre consentement \u00e0 l\u2019enregistrement de vos donn\u00e9es, de votre adresse e-mail et de leur utilisation pour l\u2019envoi de la newsletter, par exemple via le lien \u00ab se d\u00e9sabonner \u00bb dans la newsletter. La lic\u00e9it\u00e9 des traitements de donn\u00e9es qui ont d\u00e9j\u00e0 eu lieu n\u2019est pas affect\u00e9e par la r\u00e9vocation.<br\/>Les donn\u00e9es que vous avez d\u00e9pos\u00e9es chez nous dans le but de vous abonner \u00e0 la newsletter seront stock\u00e9es par nous ou par le prestataire de services de newsletter jusqu\u2019\u00e0 ce que vous vous d\u00e9sabonniez de la newsletter et seront supprim\u00e9es de la liste de diffusion de la newsletter apr\u00e8s votre d\u00e9sabonnement de la newsletter ou apr\u00e8s que la finalit\u00e9 a cess\u00e9 d\u2019exister. Nous nous r\u00e9servons le droit d\u2019utiliser \u00e0 notre discr\u00e9tion les adresses e-mail de notre liste de diffusion de la newsletter dans le cadre de notre int\u00e9r\u00eat l\u00e9gitime conform\u00e9ment \u00e0 l\u2019art. 6 par. 1 lit. f RGPD.<br\/>Apr\u00e8s votre d\u00e9sabonnement de la liste de diffusion de la newsletter, votre adresse e-mail peut \u00eatre stock\u00e9e dans une liste noire par nous ou par le fournisseur de services de newsletter afin d\u2019emp\u00eacher de futurs envois.\nLes donn\u00e9es de la liste noire ne seront utilis\u00e9es qu\u2019\u00e0 cette fin et ne seront pas fusionn\u00e9es avec d\u2019autres donn\u00e9es.<br\/>Cela sert \u00e0 la fois votre int\u00e9r\u00eat et notre int\u00e9r\u00eat \u00e0 respecter les exigences l\u00e9gales lors de l\u2019envoi de newsletters (int\u00e9r\u00eat l\u00e9gitime au sens de l\u2019article 6, paragraphe 1, point f du RGPD).  Le stockage dans la liste noire n\u2019est pas limit\u00e9 dans le temps. Vous pouvez vous opposer au stockage si vos int\u00e9r\u00eats l\u2019emportent sur notre int\u00e9r\u00eat l\u00e9gitime.<\/p>\n\n<h2 class=\"wp-block-heading\">8. Plugins et outils<\/h2>\n\n<h3 class=\"wp-block-heading\">YouTube avec une confidentialit\u00e9 renforc\u00e9e<\/h3>\n\n<p>Ce site Web int\u00e8gre des vid\u00e9os de YouTube. L\u2019exploitant des pages est Google Ireland Limited (\u00ab Google \u00bb), Gordon House, Barrow Street, Dublin 4, Irlande.<br\/>Nous utilisons YouTube en mode de confidentialit\u00e9 \u00e9tendue. Selon YouTube, ce mode signifie que YouTube ne stocke aucune information sur les visiteurs de ce site Web avant qu\u2019ils ne regardent la vid\u00e9o. D\u2019autre part, le transfert de donn\u00e9es aux partenaires de YouTube n\u2019est pas n\u00e9cessairement exclu par le mode de protection des donn\u00e9es \u00e9tendu. Voici comment YouTube se connecte au r\u00e9seau Google DoubleClick, que vous regardiez une vid\u00e9o.<br\/>D\u00e8s que vous d\u00e9marrez une vid\u00e9o YouTube sur ce site Web, celle-ci se connecte aux serveurs de YouTube.\nLe serveur YouTube est inform\u00e9 des pages que vous avez visit\u00e9es.<br\/>Si vous \u00eates connect\u00e9 \u00e0 votre compte YouTube, vous permettez \u00e0 YouTube d\u2019attribuer votre comportement de navigation directement \u00e0 votre profil personnel.\nVous pouvez \u00e9viter cela en vous d\u00e9connectant de votre compte YouTube.<br\/>En outre, apr\u00e8s le d\u00e9marrage d\u2019une vid\u00e9o, YouTube peut stocker divers cookies sur votre appareil ou utiliser des technologies de reconnaissance comparables (par exemple, l\u2019empreinte digitale de l\u2019appareil).   De cette mani\u00e8re, YouTube peut obtenir des informations sur les visiteurs de ce site Web. Ces informations sont utilis\u00e9es, entre autres, pour recueillir des statistiques vid\u00e9o, am\u00e9liorer l\u2019exp\u00e9rience utilisateur et pr\u00e9venir les tentatives de fraude.<br\/>Si n\u00e9cessaire, d\u2019autres op\u00e9rations de traitement des donn\u00e9es peuvent \u00eatre d\u00e9clench\u00e9es apr\u00e8s le d\u00e9but d\u2019une vid\u00e9o YouTube, sur lesquelles nous n\u2019avons aucune influence.<br\/>YouTube est utilis\u00e9 dans l\u2019int\u00e9r\u00eat d\u2019une pr\u00e9sentation attrayante de nos offres en ligne.<br\/>Il s\u2019agit d\u2019un int\u00e9r\u00eat l\u00e9gitime au sens de l\u2019article 6, paragraphe 1, par. 1 lit. f RGPD. Si un consentement correspondant a \u00e9t\u00e9 demand\u00e9, le traitement est effectu\u00e9 exclusivement sur la base de l\u2019art. 6 par. 1 lit. un RGPD ; Le consentement peut \u00eatre r\u00e9voqu\u00e9 \u00e0 tout moment.<br\/>Pour plus d\u2019informations sur la confidentialit\u00e9 chez YouTube, veuillez consulter leur politique de confidentialit\u00e9 \u00e0 <a href=\"https:\/\/policies.google.com\/privacy?hl=de\" rel=\"nofollow noopener\" target=\"_blank\">l\u2019adresse suivante : https:\/\/policies.google.com\/privacy?hl=de<\/a>.<\/p>\n\n<h3 class=\"wp-block-heading\">Google Maps<\/h3>\n\n<p>Ce site utilise le service de cartographie Google Maps. Le fournisseur est Google Ireland Limited (\u00ab Google \u00bb), Gordon House, Barrow Street, Dublin 4, Irlande.<br\/>Afin d\u2019utiliser les fonctions de Google Maps, il est n\u00e9cessaire de stocker votre adresse IP. Ces informations sont g\u00e9n\u00e9ralement transmises \u00e0 un serveur de Google aux \u00c9tats-Unis et y sont stock\u00e9es. Le fournisseur de ce site n\u2019a aucune influence sur ce transfert de donn\u00e9es.<br\/>L\u2019utilisation de Google Maps a pour but d\u2019avoir une pr\u00e9sentation attrayante de nos offres en ligne et de faciliter la recherche des lieux que nous indiquons sur le site web. Il s\u2019agit d\u2019un int\u00e9r\u00eat l\u00e9gitime au sens de l\u2019art. 6 par. 1 lit. f RGPD. Si un consentement correspondant a \u00e9t\u00e9 demand\u00e9, le traitement est effectu\u00e9 exclusivement sur la base de l\u2019art. 6 par. 1 lit. un RGPD ; Le consentement peut \u00eatre r\u00e9voqu\u00e9 \u00e0 tout moment.<br\/>Le transfert de donn\u00e9es vers les \u00c9tats-Unis est bas\u00e9 sur les clauses contractuelles types de la Commission europ\u00e9enne.<br\/>Vous trouverez plus de d\u00e9tails ici : <a href=\"https:\/\/privacy.google.com\/businesses\/gdprcontrollerterms\/\" rel=\"nofollow noopener\" target=\"_blank\">https:\/\/privacy.google.com\/businesses\/gdprcontrollerterms\/<\/a> et <a href=\"https:\/\/privacy.google.com\/businesses\/gdprcontrollerterms\/sccs\/\" rel=\"nofollow noopener\" target=\"_blank\">https:\/\/privacy.google.com\/businesses\/gdprcontrollerterms\/sccs\/<\/a>.<br\/>Vous trouverez de plus amples informations sur le traitement des donn\u00e9es des utilisateurs dans la politique de confidentialit\u00e9 de Google : <a href=\"https:\/\/policies.google.com\/privacy?hl=de\" rel=\"nofollow noopener\" target=\"_blank\">https:\/\/policies.google.com\/privacy?hl=de<\/a>.<\/p>\n\n<h3 class=\"wp-block-heading\">Google reCaptcha (en anglais seulement)<\/h3>\n\n<p>Nous utilisons \u00ab reCaptcha \u00bb sur ce site Web. Le fournisseur est Intuition Machines, Inc., Intuition Machines, Inc. 350 Alabama St, San Francisco, CA 94110, \u00c9tats-Unis. Avec reCaptcha, il est possible de v\u00e9rifier si la saisie de donn\u00e9es sur ce site web (par exemple dans un formulaire de contact) est effectu\u00e9e par un humain ou par un programme automatis\u00e9. \u00c0 cette fin, reCaptcha analyse le comportement du visiteur du site web sur la base de diverses caract\u00e9ristiques. Cette analyse commence automatiquement d\u00e8s que le visiteur du site web entre sur le site web. \u00c0 des fins d\u2019analyse, reCaptcha \u00e9value diff\u00e9rentes informations (par exemple, l\u2019adresse IP, la dur\u00e9e du s\u00e9jour du visiteur du site Web sur le site Web ou les mouvements de souris effectu\u00e9s par l\u2019utilisateur). Les donn\u00e9es recueillies au cours de l\u2019analyse seront transmises \u00e0 Intuition Machines, Inc. Les analyses reCaptcha s\u2019ex\u00e9cutent enti\u00e8rement en arri\u00e8re-plan. Les visiteurs du site Web ne sont pas inform\u00e9s qu\u2019une analyse est en cours. Le stockage et l\u2019analyse des donn\u00e9es sont effectu\u00e9s sur la base de l\u2019article 6, paragraphe 1, point f) du RGPD. L\u2019exploitant du site web a un int\u00e9r\u00eat l\u00e9gitime \u00e0 prot\u00e9ger ses offres web contre l\u2019espionnage automatis\u00e9 abusif et contre le SPAM. Si un consentement correspondant a \u00e9t\u00e9 demand\u00e9, le traitement est effectu\u00e9 exclusivement sur la base de l\u2019article 6, paragraphe 1, point a) du RGPD ; Le consentement peut \u00eatre r\u00e9voqu\u00e9 \u00e0 tout moment. Pour plus d\u2019informations sur reCaptcha, veuillez vous r\u00e9f\u00e9rer \u00e0 la politique de confidentialit\u00e9 de reCaptcha et aux conditions d\u2019utilisation de reCaptcha aux liens suivants :  <a href=\"https:\/\/policies.google.com\/privacy\" target=\"_blank\" rel=\"noreferrer noopener nofollow\">https:\/\/policies.google.com\/privacy<\/a> et <a href=\"https:\/\/www.google.com\/recaptcha\/about\" target=\"_blank\" rel=\"noreferrer noopener nofollow\">https:\/\/www.google.com\/recaptcha\/about<\/a><\/p>\n\n<h3 class=\"wp-block-heading\">hCaptcha<\/h3>\n\n<p>Nous utilisons \u00ab\u00a0hCaptcha\u00a0\u00bb sur ce site web. Le fournisseur est Intuition Machines, Inc., Intuition Machines, Inc. 350 Alabama St, San Francisco, CA 94110, \u00c9tats-Unis. L\u2019objectif de hCaptcha est de v\u00e9rifier si la saisie de donn\u00e9es sur ce site web (par exemple dans un formulaire de contact) est effectu\u00e9e par un humain ou par un programme automatis\u00e9. Pour ce faire, hCaptcha analyse le comportement du visiteur du site web sur la base de diverses caract\u00e9ristiques. Cette analyse commence automatiquement d\u00e8s que le visiteur du site web entre sur le site web. \u00c0 des fins d\u2019analyse, hCaptcha \u00e9value diff\u00e9rentes informations (par exemple, l\u2019adresse IP, la dur\u00e9e du s\u00e9jour du visiteur du site web sur le site web ou les mouvements de souris effectu\u00e9s par l\u2019utilisateur). Les donn\u00e9es collect\u00e9es au cours de l\u2019analyse seront transmises \u00e0 Intuition Machines, Inc. Les analyses hCaptcha s\u2019ex\u00e9cutent enti\u00e8rement en arri\u00e8re-plan. Les visiteurs du site Web ne sont pas inform\u00e9s qu\u2019une analyse est en cours. Le stockage et l\u2019analyse des donn\u00e9es sont effectu\u00e9s sur la base de l\u2019article 6, paragraphe 1, point f) du RGPD. L\u2019exploitant du site web a un int\u00e9r\u00eat l\u00e9gitime \u00e0 prot\u00e9ger ses offres web contre l\u2019espionnage automatis\u00e9 abusif et contre le SPAM. Si un consentement correspondant a \u00e9t\u00e9 demand\u00e9, le traitement est effectu\u00e9 exclusivement sur la base de l\u2019article 6, paragraphe 1, point a) du RGPD ; Le consentement peut \u00eatre r\u00e9voqu\u00e9 \u00e0 tout moment. Pour plus d\u2019informations sur hCaptcha, veuillez vous r\u00e9f\u00e9rer \u00e0 la politique de confidentialit\u00e9 de hCaptcha et aux conditions d\u2019utilisation de hCaptcha aux liens suivants :  <a href=\"https:\/\/www.hcaptcha.com\/privacy\" target=\"_blank\" rel=\"noopener nofollow\">https:\/\/www.hcaptcha.com\/privacy<\/a> et <a href=\"https:\/\/www.hcaptcha.com\/terms\" target=\"_blank\" rel=\"noopener nofollow\">https:\/\/www.hcaptcha.com\/terms<\/a><\/p>\n\n<h2 class=\"wp-block-heading\">9. Protection de la vie priv\u00e9e des enfants<\/h2>\n\n<p>La protection de la vie priv\u00e9e des enfants et des jeunes est particuli\u00e8rement importante. Par cons\u00e9quent, les personnes de moins de 18 ans ne peuvent utiliser nos services que sous la surveillance de leurs parents, et les parents seront tenus responsables en cas de pr\u00e9judice subi par nous. Si nous apprenons que nous avons recueilli des informations personnelles aupr\u00e8s d\u2019un enfant de moins de 18 ans qui n\u2019a pas \u00e9t\u00e9 autoris\u00e9 \u00e0 le faire par ses parents, nous supprimerons ces informations d\u00e8s que possible. Si vous pensez que nous pouvons d\u00e9tenir des informations provenant d\u2019un enfant de moins de 18 ans ou le concernant, veuillez nous contacter.<\/p>\n\n<h2 class=\"wp-block-heading\">10. Fusions et acquisitions<\/h2>\n\n<p>Dans l\u2019\u00e9ventualit\u00e9 d\u2019une fusion ou d\u2019une acquisition, nous nous r\u00e9servons le droit de transf\u00e9rer toute information que nous d\u00e9tenons, y compris les informations personnelles, \u00e0 la nouvelle entit\u00e9 ou \u00e0 l\u2019entit\u00e9 \u00e9mergente. Tout changement dans les politiques et le statut de la plateforme vous sera communiqu\u00e9 par e-mail.<\/p>\n\n<h2 class=\"wp-block-heading\">11. Liens vers des plateformes tierces<\/h2>\n\n<p>Notre plateforme contient des liens vers d\u2019autres plateformes. Le fait que nous \u00e9tablissions un lien vers une plateforme n\u2019implique pas que nous sommes affili\u00e9s, approuvons ou repr\u00e9sentons ce tiers. Nous n\u2019exer\u00e7ons aucun contr\u00f4le sur les plateformes tierces. Ces autres plateformes peuvent placer leurs propres cookies ou autres fichiers sur votre ordinateur, collecter des donn\u00e9es ou vous demander des informations personnellement identifiables. D\u2019autres sites Web suivent des r\u00e8gles diff\u00e9rentes concernant l\u2019utilisation ou la divulgation des renseignements personnels que vous leur soumettez. Nous vous encourageons \u00e0 lire les politiques de confidentialit\u00e9 ou les d\u00e9clarations des autres plateformes que vous visitez.<\/p>\n\n<h2 class=\"wp-block-heading\">12. Hame\u00e7onnage ou faux e-mails<\/h2>\n\n<p>Si vous recevez un courriel non sollicit\u00e9, qui semble provenir de nous ou de l\u2019un de nos membres, vous demandant de fournir des renseignements personnels (p. ex. Votre carte de cr\u00e9dit, votre nom d\u2019utilisateur ou votre mot de passe) ou v\u00e9rifiez ou confirmez votre compte ou d\u2019autres informations personnelles en cliquant sur un lien, ou si l\u2019on vous demande de partager vos informations personnelles avec un autre utilisateur, alors cet e-mail a probablement \u00e9t\u00e9 envoy\u00e9 par quelqu\u2019un qui tente d\u2019obtenir vos informations ill\u00e9galement, ce qui est parfois appel\u00e9 \u00ab hame\u00e7onnage \u00bb ou \u00ab usurpation d\u2019identit\u00e9 \u00bb. Nous ne demandons pas ce genre d\u2019informations dans un e-mail. Ne fournissez pas l\u2019information et ne cliquez pas sur le lien. Veuillez nous contacter en utilisant les coordonn\u00e9es fournies sur la plateforme si vous recevez un tel e-mail.<\/p>\n\n<h2 class=\"wp-block-heading\">13. Modifications de notre politique de confidentialit\u00e9<\/h2>\n\n<p>Nous pouvons mettre \u00e0 jour cette politique de confidentialit\u00e9 et les proc\u00e9dures de s\u00e9curit\u00e9 de l\u2019information de temps \u00e0 autre. Si ces proc\u00e9dures de confidentialit\u00e9 et\/ou de s\u00e9curit\u00e9 de l\u2019information changent de mani\u00e8re importante \u00e0 tout moment \u00e0 l\u2019avenir, nous publierons les nouvelles modifications bien en vue sur la Plateforme pour vous en informer et vous donner la possibilit\u00e9 de vous d\u00e9sinscrire conform\u00e9ment aux dispositions ci-dessus.<\/p>\n\n<p>L\u2019utilisation continue de notre Plateforme et de notre Service apr\u00e8s la publication de ces modifications signifie que vous reconnaissez ces modifications et acceptez d\u2019\u00eatre li\u00e9 par les conditions g\u00e9n\u00e9rales de ces modifications.<\/p>\n\n<h2 class=\"wp-block-heading\">14. Violation de la politique de confidentialit\u00e9<\/h2>\n\n<p>Nous nous r\u00e9servons le droit de fermer ou de suspendre des comptes ou de supprimer certains contenus des profils ou des zones publiques de cette plateforme s\u2019il s\u2019av\u00e8re que ledit compte ou contenu enfreint notre politique de confidentialit\u00e9. Nous vous demandons sinc\u00e8rement de respecter la vie priv\u00e9e et la confidentialit\u00e9 des autres. La juridiction comp\u00e9tente en cas de violation ou de litige est r\u00e9gie par les conditions d\u2019utilisation de la plateforme.<\/p>\n","protected":false},"excerpt":{"rendered":"<p>1. Protection des donn\u00e9es en un coup d\u2019oeil Informations g\u00e9n\u00e9rales Les informations suivantes donnent un aper\u00e7u simple de ce qu\u2019il advient de vos donn\u00e9es personnelles lorsque vous visitez ce site Web. Les donn\u00e9es personnelles sont toutes les donn\u00e9es qui peuvent \u00eatre utilis\u00e9es pour vous identifier personnellement. Vous trouverez des informations d\u00e9taill\u00e9es sur le th\u00e8me de [&hellip;]<\/p>\n","protected":false},"author":1,"featured_media":0,"parent":10673,"menu_order":0,"comment_status":"closed","ping_status":"open","template":"","meta":{"footnotes":""},"class_list":["post-1870","page","type-page","status-publish","hentry"],"_links":{"self":[{"href":"https:\/\/mregio.de\/fr\/wp-json\/wp\/v2\/pages\/1870","targetHints":{"allow":["GET"]}}],"collection":[{"href":"https:\/\/mregio.de\/fr\/wp-json\/wp\/v2\/pages"}],"about":[{"href":"https:\/\/mregio.de\/fr\/wp-json\/wp\/v2\/types\/page"}],"author":[{"embeddable":true,"href":"https:\/\/mregio.de\/fr\/wp-json\/wp\/v2\/users\/1"}],"replies":[{"embeddable":true,"href":"https:\/\/mregio.de\/fr\/wp-json\/wp\/v2\/comments?post=1870"}],"version-history":[{"count":2,"href":"https:\/\/mregio.de\/fr\/wp-json\/wp\/v2\/pages\/1870\/revisions"}],"predecessor-version":[{"id":10704,"href":"https:\/\/mregio.de\/fr\/wp-json\/wp\/v2\/pages\/1870\/revisions\/10704"}],"up":[{"embeddable":true,"href":"https:\/\/mregio.de\/fr\/wp-json\/wp\/v2\/pages\/10673"}],"wp:attachment":[{"href":"https:\/\/mregio.de\/fr\/wp-json\/wp\/v2\/media?parent=1870"}],"curies":[{"name":"wp","href":"https:\/\/api.w.org\/{rel}","templated":true}]}}